{"id":2696,"date":"2025-12-04T10:16:42","date_gmt":"2025-12-04T09:16:42","guid":{"rendered":"https:\/\/www.landae.fr\/servicios-landae\/"},"modified":"2025-12-04T10:16:42","modified_gmt":"2025-12-04T09:16:42","slug":"servicios-landae","status":"publish","type":"page","link":"https:\/\/www.landae.fr\/es\/servicios-landae\/","title":{"rendered":"Servicios LANDAE"},"content":{"rendered":"\n<div class=\"wp-block-columns alignwide is-layout-flex wp-container-core-columns-is-layout-28f84493 wp-block-columns-is-layout-flex\">\n<div class=\"wp-block-column is-layout-flow wp-block-column-is-layout-flow\" style=\"flex-basis:66.66%\">\n<h2 class=\"wp-block-heading\">Todos los servicios que necesitas para una <mark style=\"background-color:rgba(0, 0, 0, 0)\" class=\"has-inline-color has-theme-500-color\">estancia c\u00f3moda y sin estr\u00e9s<\/mark><\/h2>\n<\/div>\n\n\n\n<div class=\"wp-block-column is-layout-flow wp-block-column-is-layout-flow\" style=\"flex-basis:33.33%\"><\/div>\n<\/div>\n\n\n\n<div class=\"wp-block-columns alignwide is-layout-flex wp-container-core-columns-is-layout-28f84493 wp-block-columns-is-layout-flex\">\n<div class=\"wp-block-column is-layout-flow wp-block-column-is-layout-flow\"><\/div>\n\n\n\n<div class=\"wp-block-column is-layout-flow wp-block-column-is-layout-flow\">\n<p>Aqu\u00ed podr\u00e1s beneficiarte de una serie de servicios dise\u00f1ados para facilitarte el d\u00eda a d\u00eda y hacer que tu estancia sea a\u00fan m\u00e1s agradable. Restaurantes, un minimercado, aseos, una zona de informaci\u00f3n tur\u00edstica: todo lo que necesitas para una estancia c\u00f3moda, pr\u00e1ctica y relajante. <\/p>\n<\/div>\n<\/div>\n\n\n\n<div style=\"height:100px\" aria-hidden=\"true\" class=\"wp-block-spacer is-style-spacer-m\"><\/div>\n\n\n\n<section class=\"wp-block-group alignfull is-style-default has-theme-100-background-color has-background has-global-padding is-layout-constrained wp-block-group-is-layout-constrained\">\n<div class=\"wp-block-columns alignwide are-vertically-aligned-center is-style-alignfull-right is-layout-flex wp-container-core-columns-is-layout-28f84493 wp-block-columns-is-layout-flex\">\n<div class=\"wp-block-column is-vertically-aligned-center has-false-white-background-color has-background is-layout-flow wp-block-column-is-layout-flow\" style=\"flex-basis:50%\">\n<h2 class=\"wp-block-heading\">LANDAE <mark style=\"background-color:rgba(0, 0, 0, 0)\" class=\"has-inline-color has-theme-500-color\">Resto<\/mark><\/h2>\n\n\n\n<p>Disfruta de un momento de relax en el Restaurante.<\/p>\n\n\n\n<p>Ven a disfrutar de la cocina local gourmet en un ambiente relajado.<\/p>\n\n\n\n<p>Platos tradicionales, helados, c\u00f3cteles, comidas tem\u00e1ticas para todos:<\/p>\n\n\n\n<ul class=\"wp-block-list\">\n<li>pollo frito para llevar<\/li>\n\n\n\n<li>la tabla de tapas<\/li>\n\n\n\n<li>pizza entregada en tu parcela<\/li>\n<\/ul>\n\n\n\n<p>Hay para todos los gustos.<\/p>\n\n\n\n<p>LANDAE Resto es tambi\u00e9n el coraz\u00f3n del camping, para nuestros c\u00f3cteles y veladas festivas.<\/p>\n\n\n\n<p>Desde el desayuno hasta la cena, todos se re\u00fanen en LANDAE Resto.<\/p>\n<\/div>\n\n\n\n<div class=\"wp-block-column is-vertically-aligned-center is-style-default is-layout-flow wp-block-column-is-layout-flow\" style=\"flex-basis:50%\">\n<figure class=\"wp-block-gallery has-nested-images columns-1 is-style-swiper-slider has-arrows wp-block-gallery-1 is-layout-flex wp-block-gallery-is-layout-flex\">\n<figure class=\"wp-block-image size-full\"><img alt=\"\" loading=\"lazy\" decoding=\"async\" width=\"1920\" height=\"1277\" data-id=\"1410\" src=\"https:\/\/www.landae.fr\/wp-content\/uploads\/2025\/12\/auberge_du_grand_megnos-9531-yohan_espiaube_original.webp\" alt=\"\" class=\"wp-image-1410\" srcset=\"https:\/\/www.landae.fr\/wp-content\/uploads\/2025\/12\/auberge_du_grand_megnos-9531-yohan_espiaube_original.webp 1920w, https:\/\/www.landae.fr\/wp-content\/uploads\/2025\/12\/auberge_du_grand_megnos-9531-yohan_espiaube_original-800x532.webp 800w, https:\/\/www.landae.fr\/wp-content\/uploads\/2025\/12\/auberge_du_grand_megnos-9531-yohan_espiaube_original-1400x931.webp 1400w, https:\/\/www.landae.fr\/wp-content\/uploads\/2025\/12\/auberge_du_grand_megnos-9531-yohan_espiaube_original-300x200.webp 300w, https:\/\/www.landae.fr\/wp-content\/uploads\/2025\/12\/auberge_du_grand_megnos-9531-yohan_espiaube_original-768x511.webp 768w, https:\/\/www.landae.fr\/wp-content\/uploads\/2025\/12\/auberge_du_grand_megnos-9531-yohan_espiaube_original-1536x1022.webp 1536w\" sizes=\"auto, (max-width: 1920px) 100vw, 1920px\" \/><\/figure>\n\n\n\n<figure class=\"wp-block-image size-full\"><img alt=\"\" loading=\"lazy\" decoding=\"async\" width=\"1920\" height=\"1277\" data-id=\"1921\" src=\"https:\/\/www.landae.fr\/wp-content\/uploads\/2025\/12\/degustation_chateau_tauziet-8045-yohan_espiaube_original-1.webp\" alt=\"\" class=\"wp-image-1921\" srcset=\"https:\/\/www.landae.fr\/wp-content\/uploads\/2025\/12\/degustation_chateau_tauziet-8045-yohan_espiaube_original-1.webp 1920w, https:\/\/www.landae.fr\/wp-content\/uploads\/2025\/12\/degustation_chateau_tauziet-8045-yohan_espiaube_original-1-800x532.webp 800w, https:\/\/www.landae.fr\/wp-content\/uploads\/2025\/12\/degustation_chateau_tauziet-8045-yohan_espiaube_original-1-1400x931.webp 1400w, https:\/\/www.landae.fr\/wp-content\/uploads\/2025\/12\/degustation_chateau_tauziet-8045-yohan_espiaube_original-1-300x200.webp 300w, https:\/\/www.landae.fr\/wp-content\/uploads\/2025\/12\/degustation_chateau_tauziet-8045-yohan_espiaube_original-1-768x511.webp 768w, https:\/\/www.landae.fr\/wp-content\/uploads\/2025\/12\/degustation_chateau_tauziet-8045-yohan_espiaube_original-1-1536x1022.webp 1536w\" sizes=\"auto, (max-width: 1920px) 100vw, 1920px\" \/><\/figure>\n\n\n\n<figure class=\"wp-block-image size-full\"><img alt=\"\" loading=\"lazy\" decoding=\"async\" width=\"1920\" height=\"1191\" data-id=\"1402\" src=\"https:\/\/www.landae.fr\/wp-content\/uploads\/2025\/12\/asperges.webp\" alt=\"\" class=\"wp-image-1402\" srcset=\"https:\/\/www.landae.fr\/wp-content\/uploads\/2025\/12\/asperges.webp 1920w, https:\/\/www.landae.fr\/wp-content\/uploads\/2025\/12\/asperges-800x496.webp 800w, https:\/\/www.landae.fr\/wp-content\/uploads\/2025\/12\/asperges-1400x868.webp 1400w, https:\/\/www.landae.fr\/wp-content\/uploads\/2025\/12\/asperges-300x186.webp 300w, https:\/\/www.landae.fr\/wp-content\/uploads\/2025\/12\/asperges-768x476.webp 768w, https:\/\/www.landae.fr\/wp-content\/uploads\/2025\/12\/asperges-1536x953.webp 1536w\" sizes=\"auto, (max-width: 1920px) 100vw, 1920px\" \/><\/figure>\n<\/figure>\n<\/div>\n<\/div>\n<\/section>\n\n\n\n<section class=\"wp-block-group alignfull has-theme-500-background-color has-background has-global-padding is-layout-constrained wp-block-group-is-layout-constrained\">\n<div class=\"wp-block-columns alignwide are-vertically-aligned-center is-style-alignfull-left is-layout-flex wp-container-core-columns-is-layout-28f84493 wp-block-columns-is-layout-flex\">\n<div class=\"wp-block-column is-vertically-aligned-center is-layout-flow wp-block-column-is-layout-flow\" style=\"flex-basis:50%\">\n<figure class=\"wp-block-gallery has-nested-images columns-1 is-style-swiper-slider has-arrows wp-block-gallery-2 is-layout-flex wp-block-gallery-is-layout-flex\">\n<figure class=\"wp-block-image size-full\"><img alt=\"\" loading=\"lazy\" decoding=\"async\" width=\"800\" height=\"507\" data-id=\"1523\" src=\"https:\/\/www.landae.fr\/wp-content\/uploads\/2025\/12\/800x600_woman-holding-basket-vegetables-430651.jpg\" alt=\"\" class=\"wp-image-1523\" srcset=\"https:\/\/www.landae.fr\/wp-content\/uploads\/2025\/12\/800x600_woman-holding-basket-vegetables-430651.jpg 800w, https:\/\/www.landae.fr\/wp-content\/uploads\/2025\/12\/800x600_woman-holding-basket-vegetables-430651-300x190.jpg 300w, https:\/\/www.landae.fr\/wp-content\/uploads\/2025\/12\/800x600_woman-holding-basket-vegetables-430651-768x487.jpg 768w\" sizes=\"auto, (max-width: 800px) 100vw, 800px\" \/><\/figure>\n\n\n\n<figure class=\"wp-block-image size-large\"><img alt=\"\" loading=\"lazy\" decoding=\"async\" width=\"933\" height=\"1400\" data-id=\"1912\" src=\"https:\/\/www.landae.fr\/wp-content\/uploads\/2025\/12\/baguettes-au-marche-en-france-933x1400.jpg\" alt=\"\" class=\"wp-image-1912\"><\/figure>\n<\/figure>\n<\/div>\n\n\n\n<div class=\"wp-block-column is-vertically-aligned-center has-false-black-color has-false-white-background-color has-text-color has-background has-link-color wp-elements-49d1f5a9afc783f8ceca1d27f0f7dd73 is-layout-flow wp-block-column-is-layout-flow\" style=\"flex-basis:50%\">\n<h2 class=\"wp-block-heading\"><mark style=\"background-color:rgba(0, 0, 0, 0)\" class=\"has-inline-color has-theme-500-color\">Mercado<\/mark> LANDAE<\/h2>\n\n\n\n<p>LANDAE March\u00e9, \u00a1tu minimercado en el coraz\u00f3n del camping!<\/p>\n\n\n\n<p>A un tiro de piedra de tu parcela, es el lugar perfecto para unas vacaciones relajantes.<\/p>\n\n\n\n<p>Encontrar\u00e1s pan, boller\u00eda, productos frescos y productos locales, todos ellos esenciales para unas buenas vacaciones.<\/p>\n\n\n\n<p>Todo lo que necesitas para un buen aperitivo o un delicioso picnic.<\/p>\n\n\n\n<p>Para unas vacaciones ecorresponsables, \u00a1piensa en tu bolsa reutilizable!<\/p>\n<\/div>\n<\/div>\n<\/section>\n\n\n\n<section class=\"wp-block-group alignfull is-style-default has-global-padding is-layout-constrained wp-block-group-is-layout-constrained\">\n<div class=\"wp-block-columns alignwide are-vertically-aligned-center is-style-alignfull-right is-layout-flex wp-container-core-columns-is-layout-28f84493 wp-block-columns-is-layout-flex\">\n<div class=\"wp-block-column is-vertically-aligned-center has-white-0-color has-theme-700-background-color has-text-color has-background has-link-color wp-elements-571fff15a870f18cbb826e3a760fa2e9 is-layout-flow wp-block-column-is-layout-flow\" style=\"flex-basis:50%\">\n<h2 class=\"wp-block-heading\">LANDAE <mark style=\"background-color:rgba(0, 0, 0, 0)\" class=\"has-inline-color has-theme-500-color\">Sanitario<\/mark><\/h2>\n\n\n\n<p>Para garantizar el bienestar de nuestros campistas, el camping dispone de un bloque sanitario con duchas de agua caliente, lavabos e inodoros.<\/p>\n\n\n\n<p>Los m\u00e1s peque\u00f1os tienen su propia zona con ba\u00f1era para beb\u00e9s y cambiador.<\/p>\n\n\n\n<p>LANDAE Sanitaire est\u00e1 equipado con lavadoras y secadoras.<\/p>\n\n\n\n<p>Tambi\u00e9n hay plancha y tabla de planchar.<\/p>\n<\/div>\n\n\n\n<div class=\"wp-block-column is-vertically-aligned-center is-style-default is-layout-flow wp-block-column-is-layout-flow\" style=\"flex-basis:50%\">\n<figure class=\"wp-block-gallery has-nested-images columns-1 is-style-swiper-slider has-arrows wp-block-gallery-3 is-layout-flex wp-block-gallery-is-layout-flex\">\n<figure class=\"wp-block-image size-full\"><img alt=\"\" loading=\"lazy\" decoding=\"async\" width=\"1707\" height=\"2560\" data-id=\"1705\" src=\"https:\/\/www.landae.fr\/wp-content\/uploads\/2025\/12\/pomme-de-douche-avec-eau-chaude-scaled.jpg\" alt=\"\" class=\"wp-image-1705\" srcset=\"https:\/\/www.landae.fr\/wp-content\/uploads\/2025\/12\/pomme-de-douche-avec-eau-chaude-scaled.jpg 1707w, https:\/\/www.landae.fr\/wp-content\/uploads\/2025\/12\/pomme-de-douche-avec-eau-chaude-400x600.jpg 400w, https:\/\/www.landae.fr\/wp-content\/uploads\/2025\/12\/pomme-de-douche-avec-eau-chaude-933x1400.jpg 933w, https:\/\/www.landae.fr\/wp-content\/uploads\/2025\/12\/pomme-de-douche-avec-eau-chaude-200x300.jpg 200w, https:\/\/www.landae.fr\/wp-content\/uploads\/2025\/12\/pomme-de-douche-avec-eau-chaude-768x1152.jpg 768w, https:\/\/www.landae.fr\/wp-content\/uploads\/2025\/12\/pomme-de-douche-avec-eau-chaude-1024x1536.jpg 1024w, https:\/\/www.landae.fr\/wp-content\/uploads\/2025\/12\/pomme-de-douche-avec-eau-chaude-1365x2048.jpg 1365w\" sizes=\"auto, (max-width: 1707px) 100vw, 1707px\" \/><\/figure>\n\n\n\n<figure class=\"wp-block-image size-full\"><img alt=\"\" loading=\"lazy\" decoding=\"async\" width=\"2560\" height=\"1707\" data-id=\"1709\" src=\"https:\/\/www.landae.fr\/wp-content\/uploads\/2025\/12\/processus-de-lavage-des-vetements-scaled.jpg\" alt=\"\" class=\"wp-image-1709\" srcset=\"https:\/\/www.landae.fr\/wp-content\/uploads\/2025\/12\/processus-de-lavage-des-vetements-scaled.jpg 2560w, https:\/\/www.landae.fr\/wp-content\/uploads\/2025\/12\/processus-de-lavage-des-vetements-800x533.jpg 800w, https:\/\/www.landae.fr\/wp-content\/uploads\/2025\/12\/processus-de-lavage-des-vetements-1400x933.jpg 1400w, https:\/\/www.landae.fr\/wp-content\/uploads\/2025\/12\/processus-de-lavage-des-vetements-300x200.jpg 300w, https:\/\/www.landae.fr\/wp-content\/uploads\/2025\/12\/processus-de-lavage-des-vetements-768x512.jpg 768w, https:\/\/www.landae.fr\/wp-content\/uploads\/2025\/12\/processus-de-lavage-des-vetements-1536x1024.jpg 1536w, https:\/\/www.landae.fr\/wp-content\/uploads\/2025\/12\/processus-de-lavage-des-vetements-2048x1365.jpg 2048w\" sizes=\"auto, (max-width: 2560px) 100vw, 2560px\" \/><\/figure>\n<\/figure>\n<\/div>\n<\/div>\n<\/section>\n\n\n\n<section class=\"wp-block-group alignfull has-global-padding is-layout-constrained wp-block-group-is-layout-constrained\">\n<div class=\"wp-block-columns alignwide are-vertically-aligned-center is-style-alignfull-left is-layout-flex wp-container-core-columns-is-layout-28f84493 wp-block-columns-is-layout-flex\">\n<div class=\"wp-block-column is-vertically-aligned-center is-layout-flow wp-block-column-is-layout-flow\" style=\"flex-basis:50%\">\n<figure class=\"wp-block-gallery has-nested-images columns-1 is-style-swiper-slider has-arrows wp-block-gallery-4 is-layout-flex wp-block-gallery-is-layout-flex\">\n<figure class=\"wp-block-image size-large\"><img alt=\"\" loading=\"lazy\" decoding=\"async\" width=\"935\" height=\"1400\" data-id=\"1929\" src=\"https:\/\/www.landae.fr\/wp-content\/uploads\/2025\/12\/Camping_landae_ondres_ocean_01-935x1400.jpg\" alt=\"\" class=\"wp-image-1929\" srcset=\"https:\/\/www.landae.fr\/wp-content\/uploads\/2025\/12\/Camping_landae_ondres_ocean_01-935x1400.jpg 935w, https:\/\/www.landae.fr\/wp-content\/uploads\/2025\/12\/Camping_landae_ondres_ocean_01-401x600.jpg 401w, https:\/\/www.landae.fr\/wp-content\/uploads\/2025\/12\/Camping_landae_ondres_ocean_01-200x300.jpg 200w, https:\/\/www.landae.fr\/wp-content\/uploads\/2025\/12\/Camping_landae_ondres_ocean_01-768x1150.jpg 768w, https:\/\/www.landae.fr\/wp-content\/uploads\/2025\/12\/Camping_landae_ondres_ocean_01-1026x1536.jpg 1026w, https:\/\/www.landae.fr\/wp-content\/uploads\/2025\/12\/Camping_landae_ondres_ocean_01.jpg 1336w\" sizes=\"auto, (max-width: 935px) 100vw, 935px\" \/><\/figure>\n\n\n\n<figure class=\"wp-block-image size-full\"><img loading=\"lazy\" decoding=\"async\" width=\"1200\" height=\"900\" data-id=\"1060\" src=\"https:\/\/www.landae.fr\/wp-content\/uploads\/2025\/12\/Saint-Jean-Pied-de-Port.jpg\" alt=\"Saint-Jean-Pied-de-Port\" class=\"wp-image-1060\" srcset=\"https:\/\/www.landae.fr\/wp-content\/uploads\/2025\/12\/Saint-Jean-Pied-de-Port.jpg 1200w, https:\/\/www.landae.fr\/wp-content\/uploads\/2025\/12\/Saint-Jean-Pied-de-Port-800x600.jpg 800w, https:\/\/www.landae.fr\/wp-content\/uploads\/2025\/12\/Saint-Jean-Pied-de-Port-300x225.jpg 300w, https:\/\/www.landae.fr\/wp-content\/uploads\/2025\/12\/Saint-Jean-Pied-de-Port-768x576.jpg 768w\" sizes=\"auto, (max-width: 1200px) 100vw, 1200px\" \/><\/figure>\n\n\n\n<figure class=\"wp-block-image size-large\"><img alt=\"\" loading=\"lazy\" decoding=\"async\" width=\"1400\" height=\"933\" data-id=\"1548\" src=\"https:\/\/www.landae.fr\/wp-content\/uploads\/2025\/12\/surf-coucher-de-soleil--1400x933.jpg\" alt=\"\" class=\"wp-image-1548\" srcset=\"https:\/\/www.landae.fr\/wp-content\/uploads\/2025\/12\/surf-coucher-de-soleil--1400x933.jpg 1400w, https:\/\/www.landae.fr\/wp-content\/uploads\/2025\/12\/surf-coucher-de-soleil--800x533.jpg 800w, https:\/\/www.landae.fr\/wp-content\/uploads\/2025\/12\/surf-coucher-de-soleil--300x200.jpg 300w, https:\/\/www.landae.fr\/wp-content\/uploads\/2025\/12\/surf-coucher-de-soleil--768x512.jpg 768w, https:\/\/www.landae.fr\/wp-content\/uploads\/2025\/12\/surf-coucher-de-soleil--1536x1023.jpg 1536w, https:\/\/www.landae.fr\/wp-content\/uploads\/2025\/12\/surf-coucher-de-soleil-.jpg 1600w\" sizes=\"auto, (max-width: 1400px) 100vw, 1400px\" \/><\/figure>\n<\/figure>\n<\/div>\n\n\n\n<div class=\"wp-block-column is-vertically-aligned-center has-false-black-color has-theme-100-background-color has-text-color has-background has-link-color wp-elements-6013736a64d5ec481b712d29b3ee7811 is-layout-flow wp-block-column-is-layout-flow\" style=\"flex-basis:50%\">\n<h2 class=\"wp-block-heading\"><mark style=\"background-color:rgba(0, 0, 0, 0)\" class=\"has-inline-color has-theme-500-color\">Oficina<\/mark> LANDAE<\/h2>\n\n\n\n<p>Aprovecha tu estancia en LANDAE para descubrir las Landas y el Pa\u00eds Vasco. Su c\u00e9ntrica situaci\u00f3n a las afueras de Bayona lo convierte en el lugar ideal para visitar los alrededores en bicicleta por la <a href=\"https:\/\/www.lavelodyssee.com\/itineraire\/capbreton-bayonne\">V\u00e9lodyss\u00e9e<\/a>. <\/p>\n\n\n\n<p>Nuestro equipo de la Oficina LANDAE estar\u00e1 encantado de darte toda la informaci\u00f3n que necesites para explorar la riqueza de la regi\u00f3n, desde la costa de las Landas hasta la costa vasca.<\/p>\n\n\n\n<p>Si buscas actividades deportivas, surf, ciclismo, descubrimientos culturales de San Juan de Luz a Soustons, pasando por Biarritz y Hossegor, o rincones naturales escondidos alrededor de Dax o Espelette, estaremos encantados de guiarte.<\/p>\n<\/div>\n<\/div>\n<\/section>\n\n\n\n<div class=\"wp-block-group alignfull has-transparent-to-terra-gradient-background has-background has-global-padding is-layout-constrained wp-block-group-is-layout-constrained\">\n<h2 class=\"wp-block-heading alignwide has-text-align-center\">Descubre nuestros alojamientos<\/h2>\n\n\n\n<div style=\"height:100px\" aria-hidden=\"true\" class=\"wp-block-spacer is-style-spacer-m\"><\/div>\n\n\n\n<div class=\"wp-block-group alignwide is-swiper-3-cols display-more no-loop is-style-swiper-slider is-style-alignfull-right has-arrows is-layout-grid wp-container-core-group-is-layout-988b637e wp-block-group-is-layout-grid\">\n<div class=\"wp-block-media-text is-stacked-on-mobile is-style-mobile linked has-theme-100-background-color has-background\"><figure class=\"wp-block-media-text__media\"><a href=\"https:\/\/www.landae.fr\/es\/alojamiento-landae\/casas-moviles-landae\/casa-movil-sylva\/\"><img alt=\"\" loading=\"lazy\" decoding=\"async\" width=\"1200\" height=\"900\" src=\"https:\/\/www.landae.fr\/wp-content\/uploads\/2025\/12\/804_2CH_CJ_HD.jpg-1200px.jpg\" alt=\"\" class=\"wp-image-2155 size-full\" srcset=\"https:\/\/www.landae.fr\/wp-content\/uploads\/2025\/12\/804_2CH_CJ_HD.jpg-1200px.jpg 1200w, https:\/\/www.landae.fr\/wp-content\/uploads\/2025\/12\/804_2CH_CJ_HD.jpg-1200px-800x600.jpg 800w, https:\/\/www.landae.fr\/wp-content\/uploads\/2025\/12\/804_2CH_CJ_HD.jpg-1200px-300x225.jpg 300w, https:\/\/www.landae.fr\/wp-content\/uploads\/2025\/12\/804_2CH_CJ_HD.jpg-1200px-768x576.jpg 768w\" sizes=\"auto, (max-width: 1200px) 100vw, 1200px\" \/><\/a><\/figure><div class=\"wp-block-media-text__content\">\n<p class=\"is-style-tag has-theme-100-color has-theme-700-background-color has-text-color has-background has-link-color has-s-font-size wp-elements-88a58406fda720a675a267401d5f78f8\" style=\"font-style:normal;font-weight:700;text-transform:uppercase\">PREMIUM<\/p>\n\n\n\n<h3 class=\"wp-block-heading\"><a href=\"https:\/\/www.landae.fr\/es\/alojamiento-landae\/casas-moviles-landae\/casa-movil-sylva\/\" data-type=\"page\" data-id=\"1035\">Casa m\u00f3vil SYLVA<\/a><\/h3>\n\n\n\n<p class=\"has-s-font-size\">Un entorno natural e instalaciones modernas para unas vacaciones relajantes en el coraz\u00f3n del bosque de las Landas.  <\/p>\n\n\n\n<p class=\"has-s-font-size\"><img alt=\"\" decoding=\"async\" class=\"wp-image-400\" style=\"width: NaNpx;\" src=\"https:\/\/www.landae.fr\/wp-content\/uploads\/2025\/12\/people.svg\" alt=\"\"><strong>Para hasta 4 personas<\/strong><\/p>\n\n\n\n<div class=\"wp-block-buttons is-layout-flex wp-block-buttons-is-layout-flex\">\n<div class=\"wp-block-button\"><a class=\"wp-block-button__link has-false-black-color has-false-white-background-color has-text-color has-background has-link-color wp-element-button\" href=\"https:\/\/www.landae.fr\/es\/alojamiento-landae\/casas-moviles-landae\/casa-movil-sylva\/\">Descubre y reserva<\/a><\/div>\n<\/div>\n<\/div><\/div>\n\n\n\n<div class=\"wp-block-media-text is-stacked-on-mobile is-style-mobile linked has-theme-100-background-color has-background\"><figure class=\"wp-block-media-text__media\"><a href=\"https:\/\/www.landae.fr\/es\/alojamiento-landae\/casas-moviles-landae\/casa-movil-mata\/\"><img loading=\"lazy\" decoding=\"async\" width=\"1400\" height=\"933\" src=\"https:\/\/www.landae.fr\/wp-content\/uploads\/2025\/12\/landae-ivanrodeorodriguez-56-1400x933.jpg\" alt=\"casa m\u00f3vil MATA landae\" class=\"wp-image-1351 size-full\" srcset=\"https:\/\/www.landae.fr\/wp-content\/uploads\/2025\/12\/landae-ivanrodeorodriguez-56-1400x933.jpg 1400w, https:\/\/www.landae.fr\/wp-content\/uploads\/2025\/12\/landae-ivanrodeorodriguez-56-800x533.jpg 800w, https:\/\/www.landae.fr\/wp-content\/uploads\/2025\/12\/landae-ivanrodeorodriguez-56-300x200.jpg 300w, https:\/\/www.landae.fr\/wp-content\/uploads\/2025\/12\/landae-ivanrodeorodriguez-56-768x512.jpg 768w, https:\/\/www.landae.fr\/wp-content\/uploads\/2025\/12\/landae-ivanrodeorodriguez-56-1536x1024.jpg 1536w, https:\/\/www.landae.fr\/wp-content\/uploads\/2025\/12\/landae-ivanrodeorodriguez-56-2048x1365.jpg 2048w\" sizes=\"auto, (max-width: 1400px) 100vw, 1400px\" \/><\/a><\/figure><div class=\"wp-block-media-text__content\">\n<h3 class=\"wp-block-heading\"><a href=\"https:\/\/www.landae.fr\/es\/alojamiento-landae\/casas-moviles-landae\/casa-movil-mata\/\" data-type=\"page\" data-id=\"963\">Casa m\u00f3vil MATA<\/a><\/h3>\n\n\n\n<p class=\"has-s-font-size\">Un capullo moderno con una distribuci\u00f3n optimizada para aprovechar al m\u00e1ximo las m\u00faltiples ventajas de la costa de las Landas.<\/p>\n\n\n\n<p class=\"has-s-font-size\"><img alt=\"\" decoding=\"async\" class=\"wp-image-400\" style=\"width: NaNpx;\" src=\"https:\/\/www.landae.fr\/wp-content\/uploads\/2025\/12\/people.svg\" alt=\"\"><strong>Para hasta 4 personas<\/strong><\/p>\n\n\n\n<div class=\"wp-block-buttons is-layout-flex wp-block-buttons-is-layout-flex\">\n<div class=\"wp-block-button\"><a class=\"wp-block-button__link has-false-black-color has-false-white-background-color has-text-color has-background has-link-color wp-element-button\" href=\"https:\/\/www.landae.fr\/es\/alojamiento-landae\/casas-moviles-landae\/casa-movil-mata\/\">Descubre y reserva<\/a><\/div>\n<\/div>\n<\/div><\/div>\n\n\n\n<div class=\"wp-block-media-text is-stacked-on-mobile is-style-mobile linked has-theme-100-background-color has-background\"><figure class=\"wp-block-media-text__media\"><a href=\"https:\/\/www.landae.fr\/es\/alojamiento-landae\/landae-inusual\/insolite-tyra\/\"><img alt=\"\" loading=\"lazy\" decoding=\"async\" width=\"1400\" height=\"785\" src=\"https:\/\/www.landae.fr\/wp-content\/uploads\/2025\/12\/karlotte-2025-HD-1400x785.jpg\" alt=\"\" class=\"wp-image-2046 size-full\" srcset=\"https:\/\/www.landae.fr\/wp-content\/uploads\/2025\/12\/karlotte-2025-HD-1400x785.jpg 1400w, https:\/\/www.landae.fr\/wp-content\/uploads\/2025\/12\/karlotte-2025-HD-800x448.jpg 800w, https:\/\/www.landae.fr\/wp-content\/uploads\/2025\/12\/karlotte-2025-HD-300x168.jpg 300w, https:\/\/www.landae.fr\/wp-content\/uploads\/2025\/12\/karlotte-2025-HD-768x430.jpg 768w, https:\/\/www.landae.fr\/wp-content\/uploads\/2025\/12\/karlotte-2025-HD-1536x861.jpg 1536w, https:\/\/www.landae.fr\/wp-content\/uploads\/2025\/12\/karlotte-2025-HD-2048x1148.jpg 2048w\" sizes=\"auto, (max-width: 1400px) 100vw, 1400px\" \/><\/a><\/figure><div class=\"wp-block-media-text__content\">\n<p class=\"is-style-tag has-theme-100-background-color has-background has-s-font-size\" style=\"font-style:normal;font-weight:700;text-transform:uppercase\">INSOLITO<\/p>\n\n\n\n<h3 class=\"wp-block-heading\"><a href=\"https:\/\/www.landae.fr\/es\/alojamiento-landae\/landae-inusual\/insolite-tyra\/\" data-type=\"page\" data-id=\"2027\">Insolite TYRA<\/a><\/h3>\n\n\n\n<p class=\"has-s-font-size\">Un espacio original abierto a la naturaleza para unas vacaciones ins\u00f3litas. \u00a1Un alojamiento \u00fanico en las Landas! <\/p>\n\n\n\n<p class=\"has-s-font-size\"><img alt=\"\" decoding=\"async\" class=\"wp-image-400\" style=\"width: NaNpx;\" src=\"https:\/\/www.landae.fr\/wp-content\/uploads\/2025\/12\/people.svg\" alt=\"\"><strong>Para hasta 4 personas<\/strong><\/p>\n\n\n\n<div class=\"wp-block-buttons is-layout-flex wp-block-buttons-is-layout-flex\">\n<div class=\"wp-block-button\"><a class=\"wp-block-button__link has-false-black-color has-false-white-background-color has-text-color has-background has-link-color wp-element-button\" href=\"https:\/\/www.landae.fr\/es\/alojamiento-landae\/landae-inusual\/insolite-tyra\/\">Descubre y reserva<\/a><\/div>\n<\/div>\n<\/div><\/div>\n\n\n\n<div class=\"wp-block-media-text is-stacked-on-mobile is-style-mobile linked has-theme-100-background-color has-background\"><figure class=\"wp-block-media-text__media\"><a href=\"https:\/\/www.landae.fr\/es\/alojamiento-landae\/casas-moviles-landae\/casa-movil-amazonia\/\"><img alt=\"\" loading=\"lazy\" decoding=\"async\" width=\"1160\" height=\"870\" src=\"https:\/\/www.landae.fr\/wp-content\/uploads\/2025\/12\/1_cottage_4p_2_ch_1sdb_4f_ext-1.jpg\" alt=\"\" class=\"wp-image-2071 size-full\" srcset=\"https:\/\/www.landae.fr\/wp-content\/uploads\/2025\/12\/1_cottage_4p_2_ch_1sdb_4f_ext-1.jpg 1160w, https:\/\/www.landae.fr\/wp-content\/uploads\/2025\/12\/1_cottage_4p_2_ch_1sdb_4f_ext-1-800x600.jpg 800w, https:\/\/www.landae.fr\/wp-content\/uploads\/2025\/12\/1_cottage_4p_2_ch_1sdb_4f_ext-1-300x225.jpg 300w, https:\/\/www.landae.fr\/wp-content\/uploads\/2025\/12\/1_cottage_4p_2_ch_1sdb_4f_ext-1-768x576.jpg 768w\" sizes=\"auto, (max-width: 1160px) 100vw, 1160px\" \/><\/a><\/figure><div class=\"wp-block-media-text__content\">\n<p class=\"is-style-tag has-theme-100-color has-theme-700-background-color has-text-color has-background has-link-color has-s-font-size wp-elements-88a58406fda720a675a267401d5f78f8\" style=\"font-style:normal;font-weight:700;text-transform:uppercase\">PREMIUM<\/p>\n\n\n\n<h3 class=\"wp-block-heading\"><a href=\"https:\/\/www.landae.fr\/es\/alojamiento-landae\/casas-moviles-landae\/casa-movil-amazonia\/\" data-type=\"page\" data-id=\"1046\">Casa m\u00f3vil AMAZONIA<\/a><\/h3>\n\n\n\n<p class=\"has-s-font-size\">Una caba\u00f1a premium con comodidades modernas para unas vacaciones en armon\u00eda con la naturaleza a la sombra de los pinos.<\/p>\n\n\n\n<p class=\"has-s-font-size\"><img alt=\"\" decoding=\"async\" class=\"wp-image-400\" style=\"width: NaNpx;\" src=\"https:\/\/www.landae.fr\/wp-content\/uploads\/2025\/12\/people.svg\" alt=\"\"><strong>Para hasta 4 personas<\/strong><\/p>\n\n\n\n<div class=\"wp-block-buttons is-layout-flex wp-block-buttons-is-layout-flex\">\n<div class=\"wp-block-button\"><a class=\"wp-block-button__link has-false-black-color has-false-white-background-color has-text-color has-background has-link-color wp-element-button\" href=\"https:\/\/www.landae.fr\/es\/alojamiento-landae\/casas-moviles-landae\/casa-movil-amazonia\/\">Descubre y reserva<\/a><\/div>\n<\/div>\n<\/div><\/div>\n\n\n\n<div class=\"wp-block-media-text is-stacked-on-mobile is-style-mobile linked has-theme-100-background-color has-background\"><figure class=\"wp-block-media-text__media\"><a href=\"https:\/\/www.landae.fr\/es\/alojamiento-landae\/casas-moviles-landae\/casa-movil-landae-tribu\/\"><img alt=\"\" loading=\"lazy\" decoding=\"async\" width=\"1400\" height=\"1022\" src=\"https:\/\/www.landae.fr\/wp-content\/uploads\/2025\/12\/gande-terrasse-ivanrodeorodriguez-3-scaled-e1765984133219-1400x1022.jpg\" alt=\"\" class=\"wp-image-2130 size-full\" srcset=\"https:\/\/www.landae.fr\/wp-content\/uploads\/2025\/12\/gande-terrasse-ivanrodeorodriguez-3-scaled-e1765984133219-1400x1022.jpg 1400w, https:\/\/www.landae.fr\/wp-content\/uploads\/2025\/12\/gande-terrasse-ivanrodeorodriguez-3-scaled-e1765984133219-800x584.jpg 800w, https:\/\/www.landae.fr\/wp-content\/uploads\/2025\/12\/gande-terrasse-ivanrodeorodriguez-3-scaled-e1765984133219-300x219.jpg 300w, https:\/\/www.landae.fr\/wp-content\/uploads\/2025\/12\/gande-terrasse-ivanrodeorodriguez-3-scaled-e1765984133219-768x560.jpg 768w, https:\/\/www.landae.fr\/wp-content\/uploads\/2025\/12\/gande-terrasse-ivanrodeorodriguez-3-scaled-e1765984133219-1536x1121.jpg 1536w, https:\/\/www.landae.fr\/wp-content\/uploads\/2025\/12\/gande-terrasse-ivanrodeorodriguez-3-scaled-e1765984133219.jpg 2035w\" sizes=\"auto, (max-width: 1400px) 100vw, 1400px\" \/><\/a><\/figure><div class=\"wp-block-media-text__content\">\n<p class=\"is-style-tag has-theme-500-background-color has-background has-s-font-size\" style=\"font-style:normal;font-weight:700;text-transform:uppercase\">XXL<\/p>\n\n\n\n<h3 class=\"wp-block-heading\"><a href=\"https:\/\/www.landae.fr\/ta-maison-de-vacances\/cottage-floresta\/\" data-type=\"page\" data-id=\"185\">Casa m\u00f3vil LANDAE TRIBU<\/a><\/h3>\n\n\n\n<p class=\"has-s-font-size\">Un alojamiento XXL con una gran terraza y dos alojamientos combinados para familias numerosas o grupos de amigos.<\/p>\n\n\n\n<p class=\"has-s-font-size\"><img alt=\"\" decoding=\"async\" class=\"wp-image-400\" style=\"width: NaNpx;\" src=\"https:\/\/www.landae.fr\/wp-content\/uploads\/2025\/12\/people.svg\" alt=\"\"><strong>Para hasta 10 personas<\/strong><\/p>\n\n\n\n<div class=\"wp-block-buttons is-layout-flex wp-block-buttons-is-layout-flex\">\n<div class=\"wp-block-button\"><a class=\"wp-block-button__link has-false-black-color has-false-white-background-color has-text-color has-background has-link-color wp-element-button\" href=\"https:\/\/www.landae.fr\/es\/alojamiento-landae\/casas-moviles-landae\/casa-movil-landae-tribu\/\">Descubre y reserva<\/a><\/div>\n<\/div>\n<\/div><\/div>\n\n\n\n<div class=\"wp-block-media-text is-stacked-on-mobile is-style-mobile linked has-theme-100-background-color has-background\"><figure class=\"wp-block-media-text__media\"><a href=\"https:\/\/www.landae.fr\/es\/alojamiento-landae\/casas-moviles-landae\/casa-movil-sequoia\/\"><img alt=\"\" loading=\"lazy\" decoding=\"async\" width=\"1200\" height=\"800\" src=\"https:\/\/www.landae.fr\/wp-content\/uploads\/2025\/12\/landae-ivanrodeorodriguez-10.jpg\" alt=\"\" class=\"wp-image-1136 size-full\" srcset=\"https:\/\/www.landae.fr\/wp-content\/uploads\/2025\/12\/landae-ivanrodeorodriguez-10.jpg 1200w, https:\/\/www.landae.fr\/wp-content\/uploads\/2025\/12\/landae-ivanrodeorodriguez-10-800x533.jpg 800w, https:\/\/www.landae.fr\/wp-content\/uploads\/2025\/12\/landae-ivanrodeorodriguez-10-300x200.jpg 300w, https:\/\/www.landae.fr\/wp-content\/uploads\/2025\/12\/landae-ivanrodeorodriguez-10-768x512.jpg 768w\" sizes=\"auto, (max-width: 1200px) 100vw, 1200px\" \/><\/a><\/figure><div class=\"wp-block-media-text__content\">\n<h3 class=\"wp-block-heading\"><a href=\"https:\/\/www.landae.fr\/ta-maison-de-vacances\/cottage-floresta\/\" data-type=\"page\" data-id=\"185\">Casa m\u00f3vil SEQUOIA<\/a><\/h3>\n\n\n\n<p class=\"has-s-font-size\">Una casa elegante donde interior y exterior se unen para aprovechar al m\u00e1ximo los d\u00edas al aire libre.<\/p>\n\n\n\n<p class=\"has-s-font-size\"><img alt=\"\" decoding=\"async\" class=\"wp-image-400\" style=\"width: NaNpx;\" src=\"https:\/\/www.landae.fr\/wp-content\/uploads\/2025\/12\/people.svg\" alt=\"\"><strong>Para hasta 4 personas<\/strong><\/p>\n\n\n\n<div class=\"wp-block-buttons is-layout-flex wp-block-buttons-is-layout-flex\">\n<div class=\"wp-block-button\"><a class=\"wp-block-button__link has-false-black-color has-false-white-background-color has-text-color has-background has-link-color wp-element-button\" href=\"https:\/\/www.landae.fr\/es\/alojamiento-landae\/casas-moviles-landae\/casa-movil-sequoia\/\">Descubre y reserva<\/a><\/div>\n<\/div>\n<\/div><\/div>\n\n\n\n<div class=\"wp-block-media-text is-stacked-on-mobile is-style-mobile linked has-theme-100-background-color has-background\"><figure class=\"wp-block-media-text__media\"><a href=\"https:\/\/www.landae.fr\/es\/alojamiento-landae\/landae-inusual\/sylodge\/\"><img alt=\"H\u00e9bergement insolite Sylodge LANDAE ensemble\" loading=\"lazy\" decoding=\"async\" width=\"1400\" height=\"934\" src=\"https:\/\/www.landae.fr\/wp-content\/uploads\/2025\/12\/landae-ivanrodeorodriguez-83-1-1400x934.jpg\" alt=\"\" class=\"wp-image-2331 size-full\" srcset=\"https:\/\/www.landae.fr\/wp-content\/uploads\/2025\/12\/landae-ivanrodeorodriguez-83-1-1400x934.jpg 1400w, https:\/\/www.landae.fr\/wp-content\/uploads\/2025\/12\/landae-ivanrodeorodriguez-83-1-800x533.jpg 800w, https:\/\/www.landae.fr\/wp-content\/uploads\/2025\/12\/landae-ivanrodeorodriguez-83-1-300x200.jpg 300w, https:\/\/www.landae.fr\/wp-content\/uploads\/2025\/12\/landae-ivanrodeorodriguez-83-1-768x512.jpg 768w, https:\/\/www.landae.fr\/wp-content\/uploads\/2025\/12\/landae-ivanrodeorodriguez-83-1-1536x1024.jpg 1536w, https:\/\/www.landae.fr\/wp-content\/uploads\/2025\/12\/landae-ivanrodeorodriguez-83-1-2048x1366.jpg 2048w\" sizes=\"auto, (max-width: 1400px) 100vw, 1400px\" \/><\/a><\/figure><div class=\"wp-block-media-text__content\">\n<p class=\"is-style-tag has-theme-100-background-color has-background has-s-font-size\" style=\"font-style:normal;font-weight:700;text-transform:uppercase\">INSOLITO<\/p>\n\n\n\n<h3 class=\"wp-block-heading\"><a href=\"https:\/\/www.landae.fr\/es\/alojamiento-landae\/landae-inusual\/sylodge\/\" data-type=\"page\" data-id=\"2027\">SYLODGE<\/a><\/h3>\n\n\n\n<p class=\"has-s-font-size\">Alojamiento de lona con todas las comodidades esenciales para una experiencia rejuvenecedora al aire libre.<\/p>\n\n\n\n<p class=\"has-s-font-size\"><img alt=\"\" decoding=\"async\" class=\"wp-image-400\" style=\"width: NaNpx;\" src=\"https:\/\/www.landae.fr\/wp-content\/uploads\/2025\/12\/people.svg\" alt=\"\"><strong>Para hasta 5 personas<\/strong><\/p>\n\n\n\n<div class=\"wp-block-buttons is-layout-flex wp-block-buttons-is-layout-flex\">\n<div class=\"wp-block-button\"><a class=\"wp-block-button__link has-false-black-color has-false-white-background-color has-text-color has-background has-link-color wp-element-button\" href=\"https:\/\/www.landae.fr\/es\/alojamiento-landae\/landae-inusual\/sylodge\/\">Descubre y reserva<\/a><\/div>\n<\/div>\n<\/div><\/div>\n\n\n\n<div class=\"wp-block-media-text is-stacked-on-mobile is-style-mobile linked has-theme-100-background-color has-background\"><figure class=\"wp-block-media-text__media\"><a href=\"https:\/\/www.landae.fr\/hebergements-landae\/mobil-home-taiga\/\"><img loading=\"lazy\" decoding=\"async\" width=\"1400\" height=\"933\" src=\"https:\/\/www.landae.fr\/wp-content\/uploads\/2025\/12\/landae-ivanrodeorodriguez-35-1400x933.jpg\" alt=\"casa m\u00f3vil TAIGA\" class=\"wp-image-1320 size-full\" srcset=\"https:\/\/www.landae.fr\/wp-content\/uploads\/2025\/12\/landae-ivanrodeorodriguez-35-1400x933.jpg 1400w, https:\/\/www.landae.fr\/wp-content\/uploads\/2025\/12\/landae-ivanrodeorodriguez-35-800x533.jpg 800w, https:\/\/www.landae.fr\/wp-content\/uploads\/2025\/12\/landae-ivanrodeorodriguez-35-300x200.jpg 300w, https:\/\/www.landae.fr\/wp-content\/uploads\/2025\/12\/landae-ivanrodeorodriguez-35-768x512.jpg 768w, https:\/\/www.landae.fr\/wp-content\/uploads\/2025\/12\/landae-ivanrodeorodriguez-35-1536x1024.jpg 1536w, https:\/\/www.landae.fr\/wp-content\/uploads\/2025\/12\/landae-ivanrodeorodriguez-35-2048x1365.jpg 2048w\" sizes=\"auto, (max-width: 1400px) 100vw, 1400px\" \/><\/a><\/figure><div class=\"wp-block-media-text__content\">\n<h3 class=\"wp-block-heading\"><a href=\"https:\/\/www.landae.fr\/ta-maison-de-vacances\/mobil-home-taiga\/\" data-type=\"page\" data-id=\"185\">Casa m\u00f3vil<\/a><br><a href=\"https:\/\/www.landae.fr\/ta-maison-de-vacances\/mobil-home-taiga\/\" data-type=\"page\" data-id=\"185\">TAIGA<\/a><\/h3>\n\n\n\n<p class=\"has-s-font-size\"><a href=\"https:\/\/www.landae.fr\/hebergements-landae\/mobil-home-taiga\/\">Alojamiento familiar con comodidades modernas para unas vacaciones en armon\u00eda con la naturaleza, a la sombra de los pinos.<\/a><\/p>\n\n\n\n<p><img alt=\"\" decoding=\"async\" class=\"wp-image-400\" style=\"width: NaNpx;\" src=\"https:\/\/www.landae.fr\/wp-content\/uploads\/2025\/12\/people.svg\" alt=\"\"><strong>Para hasta 6 personas<\/strong><\/p>\n\n\n\n<div class=\"wp-block-buttons is-layout-flex wp-block-buttons-is-layout-flex\">\n<div class=\"wp-block-button\"><a class=\"wp-block-button__link has-false-black-color has-false-white-background-color has-text-color has-background has-link-color wp-element-button\" href=\"https:\/\/www.landae.fr\/hebergements-landae\/mobil-home-taiga\/\">Descubre y reserva<\/a><\/div>\n<\/div>\n<\/div><\/div>\n\n\n\n<div class=\"wp-block-media-text is-stacked-on-mobile is-style-mobile linked has-theme-100-background-color has-background\"><figure class=\"wp-block-media-text__media\"><a href=\"https:\/\/www.landae.fr\/es\/alojamiento-landae\/lugares-landae\/\"><img alt=\"\" loading=\"lazy\" decoding=\"async\" width=\"1400\" height=\"1392\" src=\"https:\/\/www.landae.fr\/wp-content\/uploads\/2025\/12\/jeune-mand-cueillant-des-branches-et-les-assemblant-il-prepare-un-tas-de-bois-de-chauffage-pour-le-feu-de-camp-la-nuit-et-une-jolie-amie-assise-devant-la-tente-de-camping-1400x1392.jpg\" alt=\"\" class=\"wp-image-1812 size-full\" srcset=\"https:\/\/www.landae.fr\/wp-content\/uploads\/2025\/12\/jeune-mand-cueillant-des-branches-et-les-assemblant-il-prepare-un-tas-de-bois-de-chauffage-pour-le-feu-de-camp-la-nuit-et-une-jolie-amie-assise-devant-la-tente-de-camping-1400x1392.jpg 1400w, https:\/\/www.landae.fr\/wp-content\/uploads\/2025\/12\/jeune-mand-cueillant-des-branches-et-les-assemblant-il-prepare-un-tas-de-bois-de-chauffage-pour-le-feu-de-camp-la-nuit-et-une-jolie-amie-assise-devant-la-tente-de-camping-603x600.jpg 603w, https:\/\/www.landae.fr\/wp-content\/uploads\/2025\/12\/jeune-mand-cueillant-des-branches-et-les-assemblant-il-prepare-un-tas-de-bois-de-chauffage-pour-le-feu-de-camp-la-nuit-et-une-jolie-amie-assise-devant-la-tente-de-camping-300x298.jpg 300w, https:\/\/www.landae.fr\/wp-content\/uploads\/2025\/12\/jeune-mand-cueillant-des-branches-et-les-assemblant-il-prepare-un-tas-de-bois-de-chauffage-pour-le-feu-de-camp-la-nuit-et-une-jolie-amie-assise-devant-la-tente-de-camping-768x764.jpg 768w, https:\/\/www.landae.fr\/wp-content\/uploads\/2025\/12\/jeune-mand-cueillant-des-branches-et-les-assemblant-il-prepare-un-tas-de-bois-de-chauffage-pour-le-feu-de-camp-la-nuit-et-une-jolie-amie-assise-devant-la-tente-de-camping-1536x1528.jpg 1536w, https:\/\/www.landae.fr\/wp-content\/uploads\/2025\/12\/jeune-mand-cueillant-des-branches-et-les-assemblant-il-prepare-un-tas-de-bois-de-chauffage-pour-le-feu-de-camp-la-nuit-et-une-jolie-amie-assise-devant-la-tente-de-camping-2048x2037.jpg 2048w\" sizes=\"auto, (max-width: 1400px) 100vw, 1400px\" \/><\/a><\/figure><div class=\"wp-block-media-text__content\">\n<h3 class=\"wp-block-heading\"><a href=\"https:\/\/www.landae.fr\/es\/alojamiento-landae\/lugares-landae\/\" data-type=\"page\" data-id=\"185\">Localizaciones<\/a><\/h3>\n\n\n\n<p class=\"has-s-font-size\">A la sombra de los pinos, elige la libertad del aire libre, en versi\u00f3n cl\u00e1sica o premium para un confort a\u00fan mayor.<\/p>\n\n\n\n<p><img alt=\"\" decoding=\"async\" class=\"wp-image-400\" style=\"width: NaNpx;\" src=\"https:\/\/www.landae.fr\/wp-content\/uploads\/2025\/12\/people.svg\" alt=\"\"><strong>Para hasta 4 personas<\/strong><\/p>\n\n\n\n<div class=\"wp-block-buttons is-layout-flex wp-block-buttons-is-layout-flex\">\n<div class=\"wp-block-button\"><a class=\"wp-block-button__link has-false-black-color has-false-white-background-color has-text-color has-background has-link-color wp-element-button\" href=\"https:\/\/www.landae.fr\/es\/alojamiento-landae\/lugares-landae\/\">Descubre y reserva<\/a><\/div>\n<\/div>\n<\/div><\/div>\n\n\n\n<div class=\"wp-block-media-text is-stacked-on-mobile is-style-mobile linked has-theme-100-background-color has-background wp-container-content-2155ee95\"><figure class=\"wp-block-media-text__media\"><a href=\"https:\/\/www.landae.fr\/es\/alojamiento-landae\/casas-moviles-landae\/casa-movil-caledonia\/\"><img loading=\"lazy\" decoding=\"async\" width=\"1400\" height=\"933\" src=\"https:\/\/www.landae.fr\/wp-content\/uploads\/2025\/12\/landae-ivanrodeorodriguez-41-1400x933.jpg\" alt=\"LANDAE mobil home caledonia\" class=\"wp-image-1378 size-large\" srcset=\"https:\/\/www.landae.fr\/wp-content\/uploads\/2025\/12\/landae-ivanrodeorodriguez-41-1400x933.jpg 1400w, https:\/\/www.landae.fr\/wp-content\/uploads\/2025\/12\/landae-ivanrodeorodriguez-41-800x533.jpg 800w, https:\/\/www.landae.fr\/wp-content\/uploads\/2025\/12\/landae-ivanrodeorodriguez-41-300x200.jpg 300w, https:\/\/www.landae.fr\/wp-content\/uploads\/2025\/12\/landae-ivanrodeorodriguez-41-768x512.jpg 768w, https:\/\/www.landae.fr\/wp-content\/uploads\/2025\/12\/landae-ivanrodeorodriguez-41-1536x1024.jpg 1536w, https:\/\/www.landae.fr\/wp-content\/uploads\/2025\/12\/landae-ivanrodeorodriguez-41-2048x1365.jpg 2048w\" sizes=\"auto, (max-width: 1400px) 100vw, 1400px\" \/><\/a><\/figure><div class=\"wp-block-media-text__content\">\n<h3 class=\"wp-block-heading\"><a href=\"https:\/\/www.landae.fr\/es\/alojamiento-landae\/casas-moviles-landae\/casa-movil-caledonia\/\" data-type=\"page\" data-id=\"185\">Casa m\u00f3vil CALEDONIA<\/a><\/h3>\n\n\n\n<p class=\"has-s-font-size\">Un espacio interior que se abre a una terraza sombreada para una estancia confortable cerca del oc\u00e9ano.<\/p>\n\n\n\n<p><img alt=\"\" decoding=\"async\" class=\"wp-image-400\" style=\"width: NaNpx;\" src=\"https:\/\/www.landae.fr\/wp-content\/uploads\/2025\/12\/people.svg\" alt=\"\"><strong>Para hasta 4 personas<\/strong><\/p>\n\n\n\n<div class=\"wp-block-buttons is-layout-flex wp-block-buttons-is-layout-flex\">\n<div class=\"wp-block-button\"><a class=\"wp-block-button__link has-false-black-color has-false-white-background-color has-text-color has-background has-link-color wp-element-button\" href=\"https:\/\/www.landae.fr\/es\/alojamiento-landae\/casas-moviles-landae\/casa-movil-caledonia\/\">Descubre y reserva<\/a><\/div>\n<\/div>\n<\/div><\/div>\n\n\n\n<div class=\"wp-block-media-text is-stacked-on-mobile is-style-mobile linked has-theme-100-background-color has-background\"><figure class=\"wp-block-media-text__media\"><a href=\"https:\/\/www.landae.fr\/es\/alojamiento-landae\/casas-moviles-landae\/casa-movil-cedria\/\"><img alt=\"\" loading=\"lazy\" decoding=\"async\" width=\"1400\" height=\"933\" src=\"https:\/\/www.landae.fr\/wp-content\/uploads\/2025\/12\/landae-ivanrodeorodriguez-25-1400x933.jpg\" alt=\"\" class=\"wp-image-1179 size-full\" srcset=\"https:\/\/www.landae.fr\/wp-content\/uploads\/2025\/12\/landae-ivanrodeorodriguez-25-1400x933.jpg 1400w, https:\/\/www.landae.fr\/wp-content\/uploads\/2025\/12\/landae-ivanrodeorodriguez-25-800x533.jpg 800w, https:\/\/www.landae.fr\/wp-content\/uploads\/2025\/12\/landae-ivanrodeorodriguez-25-300x200.jpg 300w, https:\/\/www.landae.fr\/wp-content\/uploads\/2025\/12\/landae-ivanrodeorodriguez-25-768x512.jpg 768w, https:\/\/www.landae.fr\/wp-content\/uploads\/2025\/12\/landae-ivanrodeorodriguez-25-1536x1024.jpg 1536w, https:\/\/www.landae.fr\/wp-content\/uploads\/2025\/12\/landae-ivanrodeorodriguez-25-2048x1365.jpg 2048w\" sizes=\"auto, (max-width: 1400px) 100vw, 1400px\" \/><\/a><\/figure><div class=\"wp-block-media-text__content\">\n<h3 class=\"wp-block-heading\"><a href=\"https:\/\/www.landae.fr\/es\/alojamiento-landae\/casas-moviles-landae\/casa-movil-cedria\/\" data-type=\"page\" data-id=\"185\">Casa m\u00f3vil CEDRIA<\/a><\/h3>\n\n\n\n<p class=\"has-s-font-size\">Un remanso de paz contempor\u00e1neo enclavado en el pinar, ideal para una c\u00f3moda estancia en familia o con amigos.<\/p>\n\n\n\n<p><img alt=\"\" decoding=\"async\" class=\"wp-image-400\" style=\"width: NaNpx;\" src=\"https:\/\/www.landae.fr\/wp-content\/uploads\/2025\/12\/people.svg\" alt=\"\"><strong>Para hasta 4 personas<\/strong><\/p>\n\n\n\n<div class=\"wp-block-buttons is-layout-flex wp-block-buttons-is-layout-flex\">\n<div class=\"wp-block-button\"><a class=\"wp-block-button__link has-false-black-color has-false-white-background-color has-text-color has-background has-link-color wp-element-button\" href=\"https:\/\/www.landae.fr\/es\/alojamiento-landae\/casas-moviles-landae\/casa-movil-cedria\/\">Descubre y reserva<\/a><\/div>\n<\/div>\n<\/div><\/div>\n\n\n\n<div class=\"wp-block-media-text is-stacked-on-mobile is-style-mobile linked has-theme-100-background-color has-background\"><figure class=\"wp-block-media-text__media\"><a href=\"https:\/\/www.landae.fr\/es\/alojamiento-landae\/casas-rurales-landae\/\"><img loading=\"lazy\" decoding=\"async\" width=\"1400\" height=\"1027\" src=\"https:\/\/www.landae.fr\/wp-content\/uploads\/2025\/12\/chalet-dune-landae-1400x1027.jpg\" alt=\"chalet duna landae\" class=\"wp-image-1888 size-full\" srcset=\"https:\/\/www.landae.fr\/wp-content\/uploads\/2025\/12\/chalet-dune-landae-1400x1027.jpg 1400w, https:\/\/www.landae.fr\/wp-content\/uploads\/2025\/12\/chalet-dune-landae-800x587.jpg 800w, https:\/\/www.landae.fr\/wp-content\/uploads\/2025\/12\/chalet-dune-landae-300x220.jpg 300w, https:\/\/www.landae.fr\/wp-content\/uploads\/2025\/12\/chalet-dune-landae-768x564.jpg 768w, https:\/\/www.landae.fr\/wp-content\/uploads\/2025\/12\/chalet-dune-landae-1536x1127.jpg 1536w, https:\/\/www.landae.fr\/wp-content\/uploads\/2025\/12\/chalet-dune-landae-2048x1503.jpg 2048w\" sizes=\"auto, (max-width: 1400px) 100vw, 1400px\" \/><\/a><\/figure><div class=\"wp-block-media-text__content\">\n<h3 class=\"wp-block-heading\"><a href=\"https:\/\/www.landae.fr\/es\/alojamiento-landae\/casas-rurales-landae\/\" data-type=\"page\" data-id=\"185\">Los chal\u00e9s<\/a><\/h3>\n\n\n\n<p class=\"has-s-font-size\">Un verdadero hogar fuera de casa, c\u00e1lido y funcional, perfecto para cada momento de tus vacaciones.<\/p>\n\n\n\n<p class=\"has-s-font-size\"><img alt=\"\" decoding=\"async\" class=\"wp-image-400\" style=\"width: NaNpx;\" src=\"https:\/\/www.landae.fr\/wp-content\/uploads\/2025\/12\/people.svg\" alt=\"\"><strong>Para hasta 5 personas<\/strong><\/p>\n\n\n\n<div class=\"wp-block-buttons is-layout-flex wp-block-buttons-is-layout-flex\">\n<div class=\"wp-block-button\"><a class=\"wp-block-button__link has-false-black-color has-false-white-background-color has-text-color has-background has-link-color wp-element-button\">Descubre y reserva<\/a><\/div>\n<\/div>\n<\/div><\/div>\n\n\n\n<div class=\"wp-block-media-text is-stacked-on-mobile is-style-mobile linked has-theme-100-background-color has-background\"><figure class=\"wp-block-media-text__media\"><a href=\"https:\/\/www.landae.fr\/es\/alojamiento-landae\/casas-moviles-landae\/mobil-home-valoria-pmr\/\"><img alt=\"\" loading=\"lazy\" decoding=\"async\" width=\"976\" height=\"654\" src=\"https:\/\/www.landae.fr\/wp-content\/uploads\/2025\/12\/Extlife9178copie.jpg-1200px-e1766054246423.jpg\" alt=\"\" class=\"wp-image-2248 size-full\" srcset=\"https:\/\/www.landae.fr\/wp-content\/uploads\/2025\/12\/Extlife9178copie.jpg-1200px-e1766054246423.jpg 976w, https:\/\/www.landae.fr\/wp-content\/uploads\/2025\/12\/Extlife9178copie.jpg-1200px-e1766054246423-800x536.jpg 800w, https:\/\/www.landae.fr\/wp-content\/uploads\/2025\/12\/Extlife9178copie.jpg-1200px-e1766054246423-300x201.jpg 300w, https:\/\/www.landae.fr\/wp-content\/uploads\/2025\/12\/Extlife9178copie.jpg-1200px-e1766054246423-768x515.jpg 768w\" sizes=\"auto, (max-width: 976px) 100vw, 976px\" \/><\/a><\/figure><div class=\"wp-block-media-text__content\">\n<p class=\"is-style-tag has-theme-300-background-color has-background has-s-font-size\" style=\"font-style:normal;font-weight:700;text-transform:uppercase\"><img alt=\"\" decoding=\"async\" class=\"wp-image-2751\" style=\"width: NaNpx;\" src=\"https:\/\/www.landae.fr\/wp-content\/uploads\/2025\/12\/PMR-noir.svg\" alt=\"\">PMR<\/p>\n\n\n\n<h3 class=\"wp-block-heading\"><a href=\"https:\/\/www.landae.fr\/es\/alojamiento-landae\/casas-moviles-landae\/mobil-home-valoria-pmr\/\">Mobil home VALORIA PMR<\/a><\/h3>\n\n\n\n<p class=\"has-s-font-size\">Alojamiento adaptado para personas con movilidad reducida, para que puedas disfrutar de la naturaleza en un entorno c\u00f3modo y tranquilo.<\/p>\n\n\n\n<p><img alt=\"\" decoding=\"async\" class=\"wp-image-400\" style=\"width: NaNpx;\" src=\"https:\/\/www.landae.fr\/wp-content\/uploads\/2025\/12\/people.svg\" alt=\"\"><strong>Para hasta 4 personas<\/strong><\/p>\n\n\n\n<div class=\"wp-block-buttons is-layout-flex wp-block-buttons-is-layout-flex\">\n<div class=\"wp-block-button\"><a class=\"wp-block-button__link has-false-black-color has-false-white-background-color has-text-color has-background has-link-color wp-element-button\" href=\"https:\/\/www.landae.fr\/es\/alojamiento-landae\/casas-moviles-landae\/mobil-home-valoria-pmr\/\">Descubre y reserva<\/a><\/div>\n<\/div>\n<\/div><\/div>\n<\/div>\n<\/div>\n","protected":false},"excerpt":{"rendered":"<p>Todos los servicios que necesitas para una estancia c\u00f3moda y sin estr\u00e9s Aqu\u00ed podr\u00e1s beneficiarte de una serie de servicios dise\u00f1ados para facilitarte el d\u00eda a d\u00eda y hacer que tu estancia sea a\u00fan m\u00e1s agradable. Restaurantes, un minimercado, aseos, una zona de informaci\u00f3n tur\u00edstica: todo lo que necesitas para una estancia c\u00f3moda, pr\u00e1ctica y [&hellip;]<\/p>\n","protected":false},"author":1,"featured_media":1393,"parent":0,"menu_order":0,"comment_status":"closed","ping_status":"closed","template":"","meta":{"_acf_changed":false,"_seopress_robots_primary_cat":"","_seopress_titles_title":"","_seopress_titles_desc":"","_seopress_robots_index":"","footnotes":""},"class_list":["post-2696","page","type-page","status-publish","has-post-thumbnail"],"acf":[],"_links":{"self":[{"href":"https:\/\/www.landae.fr\/es\/wp-json\/wp\/v2\/pages\/2696","targetHints":{"allow":["GET"]}}],"collection":[{"href":"https:\/\/www.landae.fr\/es\/wp-json\/wp\/v2\/pages"}],"about":[{"href":"https:\/\/www.landae.fr\/es\/wp-json\/wp\/v2\/types\/page"}],"author":[{"embeddable":true,"href":"https:\/\/www.landae.fr\/es\/wp-json\/wp\/v2\/users\/1"}],"replies":[{"embeddable":true,"href":"https:\/\/www.landae.fr\/es\/wp-json\/wp\/v2\/comments?post=2696"}],"version-history":[{"count":0,"href":"https:\/\/www.landae.fr\/es\/wp-json\/wp\/v2\/pages\/2696\/revisions"}],"wp:featuredmedia":[{"embeddable":true,"href":"https:\/\/www.landae.fr\/es\/wp-json\/wp\/v2\/media\/1393"}],"wp:attachment":[{"href":"https:\/\/www.landae.fr\/es\/wp-json\/wp\/v2\/media?parent=2696"}],"curies":[{"name":"wp","href":"https:\/\/api.w.org\/{rel}","templated":true}]}}