{"id":2643,"date":"2025-12-12T16:40:15","date_gmt":"2025-12-12T15:40:15","guid":{"rendered":"https:\/\/www.landae.fr\/casa-movil-landae-tribu\/"},"modified":"2026-01-05T10:50:06","modified_gmt":"2026-01-05T09:50:06","slug":"casa-movil-landae-tribu","status":"publish","type":"page","link":"https:\/\/www.landae.fr\/es\/alojamiento-landae\/casas-moviles-landae\/casa-movil-landae-tribu\/","title":{"rendered":"Casa m\u00f3vil LANDAE TRIBU"},"content":{"rendered":"\n<div class=\"wp-block-columns alignwide is-layout-flex wp-container-core-columns-is-layout-28f84493 wp-block-columns-is-layout-flex\">\n<div class=\"wp-block-column is-layout-flow wp-block-column-is-layout-flow\" style=\"flex-basis:66.66%\">\n<h2 class=\"wp-block-heading\">Elige el<mark style=\"background-color:rgba(0, 0, 0, 0)\" class=\"has-inline-color has-theme-500-color\">alojamiento que m\u00e1s te convenga<\/mark><\/h2>\n<\/div>\n\n\n\n<div class=\"wp-block-column is-layout-flow wp-block-column-is-layout-flow\" style=\"flex-basis:33.33%\"><\/div>\n<\/div>\n\n\n\n<div class=\"wp-block-columns alignwide is-layout-flex wp-container-core-columns-is-layout-28f84493 wp-block-columns-is-layout-flex\">\n<div class=\"wp-block-column is-layout-flow wp-block-column-is-layout-flow\"><\/div>\n\n\n\n<div class=\"wp-block-column is-layout-flow wp-block-column-is-layout-flow\">\n<p>La <strong>casa m\u00f3vil LANDAE TRIBU<\/strong> te conquistar\u00e1 por su entorno buc\u00f3lico. Sus amplios interiores y su gran terraza compartida frente al bosque pueden alojar hasta 10 personas. Es ideal para una familia numerosa o un grupo de amigos. Con sus dos unidades de alojamiento separadas, cada uno puede disfrutar de su propia intimidad, mientras se re\u00fane alrededor de la mesa en la gran terraza con vistas al bosque.   <\/p>\n\n\n\n<p><\/p>\n<\/div>\n<\/div>\n\n\n\n<div style=\"height:100px\" aria-hidden=\"true\" class=\"wp-block-spacer is-style-spacer-m\"><\/div>\n\n\n\n<figure class=\"wp-block-gallery alignfull has-nested-images columns-3 is-style-swiper-slider display-more is-swiper-auto is-swiper-auto-0 speed-6500 wp-block-gallery-1 is-layout-flex wp-block-gallery-is-layout-flex\">\n<figure class=\"wp-block-image size-large\"><img alt=\"\" loading=\"lazy\" decoding=\"async\" width=\"1400\" height=\"933\" data-id=\"1256\" src=\"https:\/\/www.landae.fr\/wp-content\/uploads\/2025\/12\/landae-ivanrodeorodriguez-29-1400x933.jpg\" alt=\"\" class=\"wp-image-1256\" srcset=\"https:\/\/www.landae.fr\/wp-content\/uploads\/2025\/12\/landae-ivanrodeorodriguez-29-1400x933.jpg 1400w, https:\/\/www.landae.fr\/wp-content\/uploads\/2025\/12\/landae-ivanrodeorodriguez-29-800x533.jpg 800w, https:\/\/www.landae.fr\/wp-content\/uploads\/2025\/12\/landae-ivanrodeorodriguez-29-300x200.jpg 300w, https:\/\/www.landae.fr\/wp-content\/uploads\/2025\/12\/landae-ivanrodeorodriguez-29-768x512.jpg 768w, https:\/\/www.landae.fr\/wp-content\/uploads\/2025\/12\/landae-ivanrodeorodriguez-29-1536x1024.jpg 1536w, https:\/\/www.landae.fr\/wp-content\/uploads\/2025\/12\/landae-ivanrodeorodriguez-29-2048x1365.jpg 2048w\" sizes=\"auto, (max-width: 1400px) 100vw, 1400px\" \/><\/figure>\n\n\n\n<figure class=\"wp-block-image size-large\"><img alt=\"\" loading=\"lazy\" decoding=\"async\" width=\"1400\" height=\"933\" data-id=\"1260\" src=\"https:\/\/www.landae.fr\/wp-content\/uploads\/2025\/12\/landae-ivanrodeorodriguez-30-1400x933.jpg\" alt=\"\" class=\"wp-image-1260\" srcset=\"https:\/\/www.landae.fr\/wp-content\/uploads\/2025\/12\/landae-ivanrodeorodriguez-30-1400x933.jpg 1400w, https:\/\/www.landae.fr\/wp-content\/uploads\/2025\/12\/landae-ivanrodeorodriguez-30-800x533.jpg 800w, https:\/\/www.landae.fr\/wp-content\/uploads\/2025\/12\/landae-ivanrodeorodriguez-30-300x200.jpg 300w, https:\/\/www.landae.fr\/wp-content\/uploads\/2025\/12\/landae-ivanrodeorodriguez-30-768x512.jpg 768w, https:\/\/www.landae.fr\/wp-content\/uploads\/2025\/12\/landae-ivanrodeorodriguez-30-1536x1024.jpg 1536w, https:\/\/www.landae.fr\/wp-content\/uploads\/2025\/12\/landae-ivanrodeorodriguez-30-2048x1366.jpg 2048w\" sizes=\"auto, (max-width: 1400px) 100vw, 1400px\" \/><\/figure>\n\n\n\n<figure class=\"wp-block-image size-large\"><img alt=\"\" loading=\"lazy\" decoding=\"async\" width=\"1400\" height=\"934\" data-id=\"1264\" src=\"https:\/\/www.landae.fr\/wp-content\/uploads\/2025\/12\/landae-ivanrodeorodriguez-27-1400x934.jpg\" alt=\"\" class=\"wp-image-1264\" srcset=\"https:\/\/www.landae.fr\/wp-content\/uploads\/2025\/12\/landae-ivanrodeorodriguez-27-1400x934.jpg 1400w, https:\/\/www.landae.fr\/wp-content\/uploads\/2025\/12\/landae-ivanrodeorodriguez-27-800x534.jpg 800w, https:\/\/www.landae.fr\/wp-content\/uploads\/2025\/12\/landae-ivanrodeorodriguez-27-300x200.jpg 300w, https:\/\/www.landae.fr\/wp-content\/uploads\/2025\/12\/landae-ivanrodeorodriguez-27-768x512.jpg 768w, https:\/\/www.landae.fr\/wp-content\/uploads\/2025\/12\/landae-ivanrodeorodriguez-27-1536x1024.jpg 1536w, https:\/\/www.landae.fr\/wp-content\/uploads\/2025\/12\/landae-ivanrodeorodriguez-27-2048x1366.jpg 2048w\" sizes=\"auto, (max-width: 1400px) 100vw, 1400px\" \/><\/figure>\n\n\n\n<figure class=\"wp-block-image size-large\"><img alt=\"\" loading=\"lazy\" decoding=\"async\" width=\"1400\" height=\"933\" data-id=\"1268\" src=\"https:\/\/www.landae.fr\/wp-content\/uploads\/2025\/12\/landae-ivanrodeorodriguez-69-1-1400x933.jpg\" alt=\"\" class=\"wp-image-1268\" srcset=\"https:\/\/www.landae.fr\/wp-content\/uploads\/2025\/12\/landae-ivanrodeorodriguez-69-1-1400x933.jpg 1400w, https:\/\/www.landae.fr\/wp-content\/uploads\/2025\/12\/landae-ivanrodeorodriguez-69-1-800x533.jpg 800w, https:\/\/www.landae.fr\/wp-content\/uploads\/2025\/12\/landae-ivanrodeorodriguez-69-1-300x200.jpg 300w, https:\/\/www.landae.fr\/wp-content\/uploads\/2025\/12\/landae-ivanrodeorodriguez-69-1-768x512.jpg 768w, https:\/\/www.landae.fr\/wp-content\/uploads\/2025\/12\/landae-ivanrodeorodriguez-69-1-1536x1024.jpg 1536w, https:\/\/www.landae.fr\/wp-content\/uploads\/2025\/12\/landae-ivanrodeorodriguez-69-1-2048x1365.jpg 2048w\" sizes=\"auto, (max-width: 1400px) 100vw, 1400px\" \/><\/figure>\n\n\n\n<figure class=\"wp-block-image size-large\"><img alt=\"\" loading=\"lazy\" decoding=\"async\" width=\"933\" height=\"1400\" data-id=\"1276\" src=\"https:\/\/www.landae.fr\/wp-content\/uploads\/2025\/12\/landae-ivanrodeorodriguez-71-2-933x1400.jpg\" alt=\"\" class=\"wp-image-1276\" srcset=\"https:\/\/www.landae.fr\/wp-content\/uploads\/2025\/12\/landae-ivanrodeorodriguez-71-2-933x1400.jpg 933w, https:\/\/www.landae.fr\/wp-content\/uploads\/2025\/12\/landae-ivanrodeorodriguez-71-2-400x600.jpg 400w, https:\/\/www.landae.fr\/wp-content\/uploads\/2025\/12\/landae-ivanrodeorodriguez-71-2-200x300.jpg 200w, https:\/\/www.landae.fr\/wp-content\/uploads\/2025\/12\/landae-ivanrodeorodriguez-71-2-768x1152.jpg 768w, https:\/\/www.landae.fr\/wp-content\/uploads\/2025\/12\/landae-ivanrodeorodriguez-71-2-1024x1536.jpg 1024w, https:\/\/www.landae.fr\/wp-content\/uploads\/2025\/12\/landae-ivanrodeorodriguez-71-2-1365x2048.jpg 1365w, https:\/\/www.landae.fr\/wp-content\/uploads\/2025\/12\/landae-ivanrodeorodriguez-71-2-scaled.jpg 1707w\" sizes=\"auto, (max-width: 933px) 100vw, 933px\" \/><\/figure>\n\n\n\n<figure class=\"wp-block-image size-large\"><img alt=\"\" loading=\"lazy\" decoding=\"async\" width=\"933\" height=\"1400\" data-id=\"1272\" src=\"https:\/\/www.landae.fr\/wp-content\/uploads\/2025\/12\/landae-ivanrodeorodriguez-67-933x1400.jpg\" alt=\"\" class=\"wp-image-1272\" srcset=\"https:\/\/www.landae.fr\/wp-content\/uploads\/2025\/12\/landae-ivanrodeorodriguez-67-933x1400.jpg 933w, https:\/\/www.landae.fr\/wp-content\/uploads\/2025\/12\/landae-ivanrodeorodriguez-67-400x600.jpg 400w, https:\/\/www.landae.fr\/wp-content\/uploads\/2025\/12\/landae-ivanrodeorodriguez-67-200x300.jpg 200w, https:\/\/www.landae.fr\/wp-content\/uploads\/2025\/12\/landae-ivanrodeorodriguez-67-768x1152.jpg 768w, https:\/\/www.landae.fr\/wp-content\/uploads\/2025\/12\/landae-ivanrodeorodriguez-67-1024x1536.jpg 1024w, https:\/\/www.landae.fr\/wp-content\/uploads\/2025\/12\/landae-ivanrodeorodriguez-67-1365x2048.jpg 1365w, https:\/\/www.landae.fr\/wp-content\/uploads\/2025\/12\/landae-ivanrodeorodriguez-67-scaled.jpg 1707w\" sizes=\"auto, (max-width: 933px) 100vw, 933px\" \/><\/figure>\n<\/figure>\n\n\n\n<div style=\"height:100px\" aria-hidden=\"true\" class=\"wp-block-spacer is-style-spacer-m\"><\/div>\n\n\n\n<div class=\"wp-block-group alignfull has-false-white-color has-theme-700-background-color has-text-color has-background has-link-color wp-elements-0ccd6cc0bcd6ad0f9f5d38527f9bf1c5 has-global-padding is-layout-constrained wp-block-group-is-layout-constrained\">\n<div class=\"wp-block-columns alignwide is-layout-flex wp-container-core-columns-is-layout-28f84493 wp-block-columns-is-layout-flex\">\n<div class=\"wp-block-column is-layout-flow wp-block-column-is-layout-flow\" style=\"flex-basis:100%\">\n<div class=\"wp-block-columns is-layout-flex wp-container-core-columns-is-layout-28f84493 wp-block-columns-is-layout-flex\">\n<div class=\"wp-block-column is-layout-flow wp-block-column-is-layout-flow\" style=\"flex-basis:100%\">\n<div class=\"wp-block-group is-layout-grid wp-container-core-group-is-layout-acc8bb78 wp-block-group-is-layout-grid\">\n<figure class=\"wp-block-image size-full\"><img decoding=\"async\" src=\"https:\/\/www.landae.fr\/wp-content\/uploads\/2025\/12\/People-icons-1.svg\" alt=\"6 personas\" class=\"wp-image-857\"\/><figcaption class=\"wp-element-caption\">10 personas<\/figcaption><\/figure>\n\n\n\n<figure class=\"wp-block-image size-full\"><img decoding=\"async\" src=\"https:\/\/www.landae.fr\/wp-content\/uploads\/2025\/12\/area-1.svg\" alt=\"\u00c1rea\" class=\"wp-image-826\"\/><figcaption class=\"wp-element-caption\">62 m\u00b2<\/figcaption><\/figure>\n\n\n\n<figure class=\"wp-block-image size-full wp-container-content-e269605d\"><img decoding=\"async\" src=\"https:\/\/www.landae.fr\/wp-content\/uploads\/2025\/12\/Double-Bed.svg\" alt=\"Habitaciones\" class=\"wp-image-725\" style=\"object-fit:cover\"\/><figcaption class=\"wp-element-caption\">5 habitaciones<\/figcaption><\/figure>\n<\/div>\n<\/div>\n<\/div>\n<\/div>\n<\/div>\n<\/div>\n\n\n\n<div class=\"wp-block-group alignfull is-style-bg-rounded has-false-black-color has-theme-700-background-color has-text-color has-background has-link-color wp-elements-96f04c55373bd28ce97292921053db92 has-global-padding is-layout-constrained wp-block-group-is-layout-constrained\">\n<h2 class=\"wp-block-heading has-text-align-center\">Equipo<\/h2>\n\n\n\n<div class=\"wp-block-columns alignwide is-layout-flex wp-container-core-columns-is-layout-28f84493 wp-block-columns-is-layout-flex\">\n<div class=\"wp-block-column is-layout-flow wp-block-column-is-layout-flow\">\n<h3 class=\"wp-block-heading\">Composici\u00f3n<\/h3>\n\n\n\n<ul class=\"wp-block-list\">\n<li>2 unidades de alojamiento independientes<\/li>\n\n\n\n<li>Superficie total: 62 m\u00b2.<\/li>\n\n\n\n<li>Dormitorios: 5<\/li>\n\n\n\n<li>N\u00famero de plazas: 10<\/li>\n\n\n\n<li>Ba\u00f1os : 2<\/li>\n\n\n\n<li>Aseos separados: 2<\/li>\n\n\n\n<li>Gran terraza semicubierta<\/li>\n\n\n\n<li>Alojamiento para no fumadores<\/li>\n\n\n\n<li>Calefacci\u00f3n <\/li>\n<\/ul>\n<\/div>\n\n\n\n<div class=\"wp-block-column is-layout-flow wp-block-column-is-layout-flow\">\n<h3 class=\"wp-block-heading\">Habitaciones<\/h3>\n\n\n\n<ul class=\"wp-block-list\">\n<li>2 habitaciones: 1 cama doble 140x190cm<\/li>\n\n\n\n<li>3 habitaciones: 2 camas individuales 80x190cm<\/li>\n\n\n\n<li>Edredones y almohadas incluidos<\/li>\n<\/ul>\n\n\n\n<h3 class=\"wp-block-heading\">Cocina americana \/ sala de estar<\/h3>\n\n\n\n<ul class=\"wp-block-list\">\n<li>Placas de gas<\/li>\n\n\n\n<li>Microondas<\/li>\n\n\n\n<li>Frigor\u00edfico \/ Congelador<\/li>\n\n\n\n<li>Vajilla y utensilios de cocina<\/li>\n\n\n\n<li>Cafetera el\u00e9ctrica<\/li>\n\n\n\n<li>Lavavajillas<\/li>\n<\/ul>\n<\/div>\n\n\n\n<div class=\"wp-block-column is-layout-flow wp-block-column-is-layout-flow\">\n<h3 class=\"wp-block-heading\">Cuarto de ba\u00f1o<\/h3>\n\n\n\n<ul class=\"wp-block-list\">\n<li>Ducha<\/li>\n<\/ul>\n\n\n\n<h3 class=\"wp-block-heading\">Exterior<\/h3>\n\n\n\n<p><\/p>\n\n\n\n<ul class=\"wp-block-list\">\n<li>Muebles de jard\u00edn<\/li>\n\n\n\n<li>Camilla<\/li>\n\n\n\n<li>1 plaza de aparcamiento<\/li>\n<\/ul>\n<\/div>\n<\/div>\n<\/div>\n\n\n\n<div style=\"height:100px\" aria-hidden=\"true\" class=\"wp-block-spacer is-style-spacer-m\"><\/div>\n\n\n\n<div class=\"wp-block-group alignfull has-theme-100-background-color has-background has-global-padding is-layout-constrained wp-block-group-is-layout-constrained\">\n<div class=\"wp-block-columns alignwide are-vertically-aligned-top is-layout-flex wp-container-core-columns-is-layout-28f84493 wp-block-columns-is-layout-flex\">\n<div class=\"wp-block-column is-vertically-aligned-top is-style-sticky is-layout-flow wp-block-column-is-layout-flow\" style=\"flex-basis:40%\">\n<h2 class=\"wp-block-heading\">Servicios<\/h2>\n<\/div>\n\n\n\n<div class=\"wp-block-column is-vertically-aligned-top is-layout-flow wp-block-column-is-layout-flow\" style=\"flex-basis:60%\">\n<h3 class=\"wp-block-heading\">Incluye<\/h3>\n\n\n\n<ul class=\"wp-block-list\">\n<li>Wifi<\/li>\n\n\n\n<li>TV<\/li>\n<\/ul>\n\n\n\n<h3 class=\"wp-block-heading\">Suplemento<\/h3>\n\n\n\n<ul class=\"wp-block-list\">\n<li><strong>Ropa de cama y toallas<\/strong><\/li>\n\n\n\n<li><strong>Kit de beb\u00e9  <\/strong>\n<ul class=\"wp-block-list\">\n<li>Ba\u00f1era para beb\u00e9s, cuna (sin colch\u00f3n), trona: 5 \u20ac\/kit diario &#8211; 30 \u20ac\/kit semanal<\/li>\n<\/ul>\n<\/li>\n\n\n\n<li><strong>Animales<\/strong>\n<ul class=\"wp-block-list\">\n<li>1 mascota por parcela (perro o gato)<\/li>\n\n\n\n<li>Precio: 8 euros\/d\u00eda<\/li>\n\n\n\n<li>No se admiten perros de las categor\u00edas 1 y 2, certificado de vacunaci\u00f3n al d\u00eda.<\/li>\n<\/ul>\n<\/li>\n\n\n\n<li><strong>Paquete de limpieza<\/strong> <strong>fin de estancia<\/strong> \n<ul class=\"wp-block-list\">\n<li>90\u20ac\/alquiler<\/li>\n<\/ul>\n<\/li>\n<\/ul>\n<\/div>\n<\/div>\n<\/div>\n\n\n\n<h2 class=\"wp-block-heading alignwide has-text-align-center\">Informaci\u00f3n<\/h2>\n\n\n\n<div class=\"wp-block-columns alignwide is-layout-flex wp-container-core-columns-is-layout-28f84493 wp-block-columns-is-layout-flex\">\n<div class=\"wp-block-column is-layout-flow wp-block-column-is-layout-flow\">\n<p><strong>Horario de llegada\/salida<\/strong><\/p>\n\n\n\n<ul class=\"wp-block-list\">\n<li>Hora de llegada: 16:00<\/li>\n\n\n\n<li>Hora de salida: 10 a.m.<\/li>\n<\/ul>\n\n\n\n<div style=\"height:56px\" aria-hidden=\"true\" class=\"wp-block-spacer\"><\/div>\n\n\n\n<p><strong>M\u00e1s informaci\u00f3n<\/strong><\/p>\n\n\n\n<ul class=\"wp-block-list\">\n<li>Paquete de limpieza de final de estancia: 90 \u20ac \/ alquiler<\/li>\n<\/ul>\n<\/div>\n\n\n\n<div class=\"wp-block-column is-layout-flow wp-block-column-is-layout-flow\">\n<p><strong>Dep\u00f3sito<\/strong><\/p>\n\n\n\n<ul class=\"wp-block-list\">\n<li>Alquiler: 300<\/li>\n\n\n\n<li>Tareas dom\u00e9sticas no realizadas: 90<\/li>\n\n\n\n<li>Garant\u00eda por huella bancaria<\/li>\n<\/ul>\n\n\n\n<p><strong>Tasa tur\u00edstica  <\/strong><\/p>\n\n\n\n<ul class=\"wp-block-list\">\n<li>0,86\/por persona mayor de 18 a\u00f1os<\/li>\n<\/ul>\n<\/div>\n<\/div>\n\n\n\n<p class=\"has-text-align-center has-s-font-size\">* Las fotos, la composici\u00f3n y las dimensiones de los alojamientos pueden variar de un inmueble a otro. Se dan a t\u00edtulo de ejemplo y no son contractuales. <\/p>\n\n\n\n<div class=\"wp-block-buttons is-content-justification-center is-layout-flex wp-container-core-buttons-is-layout-a89b3969 wp-block-buttons-is-layout-flex\">\n<div class=\"wp-block-button\"><a class=\"wp-block-button__link has-text-align-center wp-element-button\">I LIBRO<\/a><\/div>\n<\/div>\n\n\n\n<div class=\"wp-block-group alignfull has-transparent-to-terra-gradient-background has-background has-global-padding is-layout-constrained wp-block-group-is-layout-constrained\">\n<h2 class=\"wp-block-heading alignwide has-text-align-center\">Descubre nuestros alojamientos<\/h2>\n\n\n\n<div style=\"height:100px\" aria-hidden=\"true\" class=\"wp-block-spacer is-style-spacer-m\"><\/div>\n\n\n\n<div class=\"wp-block-group alignwide is-swiper-3-cols display-more no-loop is-style-swiper-slider is-style-alignfull-right has-arrows is-layout-grid wp-container-core-group-is-layout-988b637e wp-block-group-is-layout-grid\">\n<div class=\"wp-block-media-text is-stacked-on-mobile is-style-mobile linked has-theme-100-background-color has-background\"><figure class=\"wp-block-media-text__media\"><a href=\"https:\/\/www.landae.fr\/es\/alojamiento-landae\/casas-moviles-landae\/casa-movil-sylva\/\"><img alt=\"\" loading=\"lazy\" decoding=\"async\" width=\"1200\" height=\"900\" src=\"https:\/\/www.landae.fr\/wp-content\/uploads\/2025\/12\/804_2CH_CJ_HD.jpg-1200px.jpg\" alt=\"\" class=\"wp-image-2155 size-full\" srcset=\"https:\/\/www.landae.fr\/wp-content\/uploads\/2025\/12\/804_2CH_CJ_HD.jpg-1200px.jpg 1200w, https:\/\/www.landae.fr\/wp-content\/uploads\/2025\/12\/804_2CH_CJ_HD.jpg-1200px-800x600.jpg 800w, https:\/\/www.landae.fr\/wp-content\/uploads\/2025\/12\/804_2CH_CJ_HD.jpg-1200px-300x225.jpg 300w, https:\/\/www.landae.fr\/wp-content\/uploads\/2025\/12\/804_2CH_CJ_HD.jpg-1200px-768x576.jpg 768w\" sizes=\"auto, (max-width: 1200px) 100vw, 1200px\" \/><\/a><\/figure><div class=\"wp-block-media-text__content\">\n<p class=\"is-style-tag has-theme-100-color has-theme-700-background-color has-text-color has-background has-link-color has-s-font-size wp-elements-88a58406fda720a675a267401d5f78f8\" style=\"font-style:normal;font-weight:700;text-transform:uppercase\">PREMIUM<\/p>\n\n\n\n<h3 class=\"wp-block-heading\"><a href=\"https:\/\/www.landae.fr\/es\/alojamiento-landae\/casas-moviles-landae\/casa-movil-sylva\/\" data-type=\"page\" data-id=\"1035\">Casa m\u00f3vil SYLVA<\/a><\/h3>\n\n\n\n<p class=\"has-s-font-size\">Un entorno natural e instalaciones modernas para unas vacaciones relajantes en el coraz\u00f3n del bosque de las Landas.  <\/p>\n\n\n\n<p class=\"has-s-font-size\"><img alt=\"\" decoding=\"async\" class=\"wp-image-400\" style=\"width: NaNpx;\" src=\"https:\/\/www.landae.fr\/wp-content\/uploads\/2025\/12\/people.svg\" alt=\"\"><strong>Para hasta 4 personas<\/strong><\/p>\n\n\n\n<div class=\"wp-block-buttons is-layout-flex wp-block-buttons-is-layout-flex\">\n<div class=\"wp-block-button\"><a class=\"wp-block-button__link has-false-black-color has-false-white-background-color has-text-color has-background has-link-color wp-element-button\" href=\"https:\/\/www.landae.fr\/es\/alojamiento-landae\/casas-moviles-landae\/casa-movil-sylva\/\">Descubre y reserva<\/a><\/div>\n<\/div>\n<\/div><\/div>\n\n\n\n<div class=\"wp-block-media-text is-stacked-on-mobile is-style-mobile linked has-theme-100-background-color has-background\"><figure class=\"wp-block-media-text__media\"><a href=\"https:\/\/www.landae.fr\/es\/alojamiento-landae\/casas-moviles-landae\/casa-movil-mata\/\"><img loading=\"lazy\" decoding=\"async\" width=\"1400\" height=\"933\" src=\"https:\/\/www.landae.fr\/wp-content\/uploads\/2025\/12\/landae-ivanrodeorodriguez-56-1400x933.jpg\" alt=\"casa m\u00f3vil MATA landae\" class=\"wp-image-1351 size-full\" srcset=\"https:\/\/www.landae.fr\/wp-content\/uploads\/2025\/12\/landae-ivanrodeorodriguez-56-1400x933.jpg 1400w, https:\/\/www.landae.fr\/wp-content\/uploads\/2025\/12\/landae-ivanrodeorodriguez-56-800x533.jpg 800w, https:\/\/www.landae.fr\/wp-content\/uploads\/2025\/12\/landae-ivanrodeorodriguez-56-300x200.jpg 300w, https:\/\/www.landae.fr\/wp-content\/uploads\/2025\/12\/landae-ivanrodeorodriguez-56-768x512.jpg 768w, https:\/\/www.landae.fr\/wp-content\/uploads\/2025\/12\/landae-ivanrodeorodriguez-56-1536x1024.jpg 1536w, https:\/\/www.landae.fr\/wp-content\/uploads\/2025\/12\/landae-ivanrodeorodriguez-56-2048x1365.jpg 2048w\" sizes=\"auto, (max-width: 1400px) 100vw, 1400px\" \/><\/a><\/figure><div class=\"wp-block-media-text__content\">\n<h3 class=\"wp-block-heading\"><a href=\"https:\/\/www.landae.fr\/es\/alojamiento-landae\/casas-moviles-landae\/casa-movil-mata\/\" data-type=\"page\" data-id=\"963\">Casa m\u00f3vil MATA<\/a><\/h3>\n\n\n\n<p class=\"has-s-font-size\">Un capullo moderno con una distribuci\u00f3n optimizada para aprovechar al m\u00e1ximo las m\u00faltiples ventajas de la costa de las Landas.<\/p>\n\n\n\n<p class=\"has-s-font-size\"><img alt=\"\" decoding=\"async\" class=\"wp-image-400\" style=\"width: NaNpx;\" src=\"https:\/\/www.landae.fr\/wp-content\/uploads\/2025\/12\/people.svg\" alt=\"\"><strong>Para hasta 4 personas<\/strong><\/p>\n\n\n\n<div class=\"wp-block-buttons is-layout-flex wp-block-buttons-is-layout-flex\">\n<div class=\"wp-block-button\"><a class=\"wp-block-button__link has-false-black-color has-false-white-background-color has-text-color has-background has-link-color wp-element-button\" href=\"https:\/\/www.landae.fr\/es\/alojamiento-landae\/casas-moviles-landae\/casa-movil-mata\/\">Descubre y reserva<\/a><\/div>\n<\/div>\n<\/div><\/div>\n\n\n\n<div class=\"wp-block-media-text is-stacked-on-mobile is-style-mobile linked has-theme-100-background-color has-background\"><figure class=\"wp-block-media-text__media\"><a href=\"https:\/\/www.landae.fr\/es\/alojamiento-landae\/landae-inusual\/insolite-tyra\/\"><img alt=\"\" loading=\"lazy\" decoding=\"async\" width=\"1400\" height=\"785\" src=\"https:\/\/www.landae.fr\/wp-content\/uploads\/2025\/12\/karlotte-2025-HD-1400x785.jpg\" alt=\"\" class=\"wp-image-2046 size-full\" srcset=\"https:\/\/www.landae.fr\/wp-content\/uploads\/2025\/12\/karlotte-2025-HD-1400x785.jpg 1400w, https:\/\/www.landae.fr\/wp-content\/uploads\/2025\/12\/karlotte-2025-HD-800x448.jpg 800w, https:\/\/www.landae.fr\/wp-content\/uploads\/2025\/12\/karlotte-2025-HD-300x168.jpg 300w, https:\/\/www.landae.fr\/wp-content\/uploads\/2025\/12\/karlotte-2025-HD-768x430.jpg 768w, https:\/\/www.landae.fr\/wp-content\/uploads\/2025\/12\/karlotte-2025-HD-1536x861.jpg 1536w, https:\/\/www.landae.fr\/wp-content\/uploads\/2025\/12\/karlotte-2025-HD-2048x1148.jpg 2048w\" sizes=\"auto, (max-width: 1400px) 100vw, 1400px\" \/><\/a><\/figure><div class=\"wp-block-media-text__content\">\n<p class=\"is-style-tag has-theme-100-background-color has-background has-s-font-size\" style=\"font-style:normal;font-weight:700;text-transform:uppercase\">INSOLITO<\/p>\n\n\n\n<h3 class=\"wp-block-heading\"><a href=\"https:\/\/www.landae.fr\/es\/alojamiento-landae\/landae-inusual\/insolite-tyra\/\" data-type=\"page\" data-id=\"2027\">Insolite TYRA<\/a><\/h3>\n\n\n\n<p class=\"has-s-font-size\">Un espacio original abierto a la naturaleza para unas vacaciones ins\u00f3litas. \u00a1Un alojamiento \u00fanico en las Landas! <\/p>\n\n\n\n<p class=\"has-s-font-size\"><img alt=\"\" decoding=\"async\" class=\"wp-image-400\" style=\"width: NaNpx;\" src=\"https:\/\/www.landae.fr\/wp-content\/uploads\/2025\/12\/people.svg\" alt=\"\"><strong>Para hasta 4 personas<\/strong><\/p>\n\n\n\n<div class=\"wp-block-buttons is-layout-flex wp-block-buttons-is-layout-flex\">\n<div class=\"wp-block-button\"><a class=\"wp-block-button__link has-false-black-color has-false-white-background-color has-text-color has-background has-link-color wp-element-button\" href=\"https:\/\/www.landae.fr\/es\/alojamiento-landae\/landae-inusual\/insolite-tyra\/\">Descubre y reserva<\/a><\/div>\n<\/div>\n<\/div><\/div>\n\n\n\n<div class=\"wp-block-media-text is-stacked-on-mobile is-style-mobile linked has-theme-100-background-color has-background\"><figure class=\"wp-block-media-text__media\"><a href=\"https:\/\/www.landae.fr\/es\/alojamiento-landae\/casas-moviles-landae\/casa-movil-amazonia\/\"><img alt=\"\" loading=\"lazy\" decoding=\"async\" width=\"1160\" height=\"870\" src=\"https:\/\/www.landae.fr\/wp-content\/uploads\/2025\/12\/1_cottage_4p_2_ch_1sdb_4f_ext-1.jpg\" alt=\"\" class=\"wp-image-2071 size-full\" srcset=\"https:\/\/www.landae.fr\/wp-content\/uploads\/2025\/12\/1_cottage_4p_2_ch_1sdb_4f_ext-1.jpg 1160w, https:\/\/www.landae.fr\/wp-content\/uploads\/2025\/12\/1_cottage_4p_2_ch_1sdb_4f_ext-1-800x600.jpg 800w, https:\/\/www.landae.fr\/wp-content\/uploads\/2025\/12\/1_cottage_4p_2_ch_1sdb_4f_ext-1-300x225.jpg 300w, https:\/\/www.landae.fr\/wp-content\/uploads\/2025\/12\/1_cottage_4p_2_ch_1sdb_4f_ext-1-768x576.jpg 768w\" sizes=\"auto, (max-width: 1160px) 100vw, 1160px\" \/><\/a><\/figure><div class=\"wp-block-media-text__content\">\n<p class=\"is-style-tag has-theme-100-color has-theme-700-background-color has-text-color has-background has-link-color has-s-font-size wp-elements-88a58406fda720a675a267401d5f78f8\" style=\"font-style:normal;font-weight:700;text-transform:uppercase\">PREMIUM<\/p>\n\n\n\n<h3 class=\"wp-block-heading\"><a href=\"https:\/\/www.landae.fr\/es\/alojamiento-landae\/casas-moviles-landae\/casa-movil-amazonia\/\" data-type=\"page\" data-id=\"1046\">Casa m\u00f3vil AMAZONIA<\/a><\/h3>\n\n\n\n<p class=\"has-s-font-size\">Una caba\u00f1a premium con comodidades modernas para unas vacaciones en armon\u00eda con la naturaleza a la sombra de los pinos.<\/p>\n\n\n\n<p class=\"has-s-font-size\"><img alt=\"\" decoding=\"async\" class=\"wp-image-400\" style=\"width: NaNpx;\" src=\"https:\/\/www.landae.fr\/wp-content\/uploads\/2025\/12\/people.svg\" alt=\"\"><strong>Para hasta 4 personas<\/strong><\/p>\n\n\n\n<div class=\"wp-block-buttons is-layout-flex wp-block-buttons-is-layout-flex\">\n<div class=\"wp-block-button\"><a class=\"wp-block-button__link has-false-black-color has-false-white-background-color has-text-color has-background has-link-color wp-element-button\" href=\"https:\/\/www.landae.fr\/es\/alojamiento-landae\/casas-moviles-landae\/casa-movil-amazonia\/\">Descubre y reserva<\/a><\/div>\n<\/div>\n<\/div><\/div>\n\n\n\n<div class=\"wp-block-media-text is-stacked-on-mobile is-style-mobile linked has-theme-100-background-color has-background\"><figure class=\"wp-block-media-text__media\"><a href=\"https:\/\/www.landae.fr\/es\/alojamiento-landae\/casas-moviles-landae\/casa-movil-landae-tribu\/\"><img alt=\"\" loading=\"lazy\" decoding=\"async\" width=\"1400\" height=\"1022\" src=\"https:\/\/www.landae.fr\/wp-content\/uploads\/2025\/12\/gande-terrasse-ivanrodeorodriguez-3-scaled-e1765984133219-1400x1022.jpg\" alt=\"\" class=\"wp-image-2130 size-full\" srcset=\"https:\/\/www.landae.fr\/wp-content\/uploads\/2025\/12\/gande-terrasse-ivanrodeorodriguez-3-scaled-e1765984133219-1400x1022.jpg 1400w, https:\/\/www.landae.fr\/wp-content\/uploads\/2025\/12\/gande-terrasse-ivanrodeorodriguez-3-scaled-e1765984133219-800x584.jpg 800w, https:\/\/www.landae.fr\/wp-content\/uploads\/2025\/12\/gande-terrasse-ivanrodeorodriguez-3-scaled-e1765984133219-300x219.jpg 300w, https:\/\/www.landae.fr\/wp-content\/uploads\/2025\/12\/gande-terrasse-ivanrodeorodriguez-3-scaled-e1765984133219-768x560.jpg 768w, https:\/\/www.landae.fr\/wp-content\/uploads\/2025\/12\/gande-terrasse-ivanrodeorodriguez-3-scaled-e1765984133219-1536x1121.jpg 1536w, https:\/\/www.landae.fr\/wp-content\/uploads\/2025\/12\/gande-terrasse-ivanrodeorodriguez-3-scaled-e1765984133219.jpg 2035w\" sizes=\"auto, (max-width: 1400px) 100vw, 1400px\" \/><\/a><\/figure><div class=\"wp-block-media-text__content\">\n<p class=\"is-style-tag has-theme-500-background-color has-background has-s-font-size\" style=\"font-style:normal;font-weight:700;text-transform:uppercase\">XXL<\/p>\n\n\n\n<h3 class=\"wp-block-heading\"><a href=\"https:\/\/www.landae.fr\/ta-maison-de-vacances\/cottage-floresta\/\" data-type=\"page\" data-id=\"185\">Casa m\u00f3vil LANDAE TRIBU<\/a><\/h3>\n\n\n\n<p class=\"has-s-font-size\">Un alojamiento XXL con una gran terraza y dos alojamientos combinados para familias numerosas o grupos de amigos.<\/p>\n\n\n\n<p class=\"has-s-font-size\"><img alt=\"\" decoding=\"async\" class=\"wp-image-400\" style=\"width: NaNpx;\" src=\"https:\/\/www.landae.fr\/wp-content\/uploads\/2025\/12\/people.svg\" alt=\"\"><strong>Para hasta 10 personas<\/strong><\/p>\n\n\n\n<div class=\"wp-block-buttons is-layout-flex wp-block-buttons-is-layout-flex\">\n<div class=\"wp-block-button\"><a class=\"wp-block-button__link has-false-black-color has-false-white-background-color has-text-color has-background has-link-color wp-element-button\" href=\"https:\/\/www.landae.fr\/es\/alojamiento-landae\/casas-moviles-landae\/casa-movil-landae-tribu\/\">Descubre y reserva<\/a><\/div>\n<\/div>\n<\/div><\/div>\n\n\n\n<div class=\"wp-block-media-text is-stacked-on-mobile is-style-mobile linked has-theme-100-background-color has-background\"><figure class=\"wp-block-media-text__media\"><a href=\"https:\/\/www.landae.fr\/es\/alojamiento-landae\/casas-moviles-landae\/casa-movil-sequoia\/\"><img alt=\"\" loading=\"lazy\" decoding=\"async\" width=\"1200\" height=\"800\" src=\"https:\/\/www.landae.fr\/wp-content\/uploads\/2025\/12\/landae-ivanrodeorodriguez-10.jpg\" alt=\"\" class=\"wp-image-1136 size-full\" srcset=\"https:\/\/www.landae.fr\/wp-content\/uploads\/2025\/12\/landae-ivanrodeorodriguez-10.jpg 1200w, https:\/\/www.landae.fr\/wp-content\/uploads\/2025\/12\/landae-ivanrodeorodriguez-10-800x533.jpg 800w, https:\/\/www.landae.fr\/wp-content\/uploads\/2025\/12\/landae-ivanrodeorodriguez-10-300x200.jpg 300w, https:\/\/www.landae.fr\/wp-content\/uploads\/2025\/12\/landae-ivanrodeorodriguez-10-768x512.jpg 768w\" sizes=\"auto, (max-width: 1200px) 100vw, 1200px\" \/><\/a><\/figure><div class=\"wp-block-media-text__content\">\n<h3 class=\"wp-block-heading\"><a href=\"https:\/\/www.landae.fr\/ta-maison-de-vacances\/cottage-floresta\/\" data-type=\"page\" data-id=\"185\">Casa m\u00f3vil SEQUOIA<\/a><\/h3>\n\n\n\n<p class=\"has-s-font-size\">Una casa elegante donde interior y exterior se unen para aprovechar al m\u00e1ximo los d\u00edas al aire libre.<\/p>\n\n\n\n<p class=\"has-s-font-size\"><img alt=\"\" decoding=\"async\" class=\"wp-image-400\" style=\"width: NaNpx;\" src=\"https:\/\/www.landae.fr\/wp-content\/uploads\/2025\/12\/people.svg\" alt=\"\"><strong>Para hasta 4 personas<\/strong><\/p>\n\n\n\n<div class=\"wp-block-buttons is-layout-flex wp-block-buttons-is-layout-flex\">\n<div class=\"wp-block-button\"><a class=\"wp-block-button__link has-false-black-color has-false-white-background-color has-text-color has-background has-link-color wp-element-button\" href=\"https:\/\/www.landae.fr\/es\/alojamiento-landae\/casas-moviles-landae\/casa-movil-sequoia\/\">Descubre y reserva<\/a><\/div>\n<\/div>\n<\/div><\/div>\n\n\n\n<div class=\"wp-block-media-text is-stacked-on-mobile is-style-mobile linked has-theme-100-background-color has-background\"><figure class=\"wp-block-media-text__media\"><a href=\"https:\/\/www.landae.fr\/es\/alojamiento-landae\/landae-inusual\/sylodge\/\"><img alt=\"H\u00e9bergement insolite Sylodge LANDAE ensemble\" loading=\"lazy\" decoding=\"async\" width=\"1400\" height=\"934\" src=\"https:\/\/www.landae.fr\/wp-content\/uploads\/2025\/12\/landae-ivanrodeorodriguez-83-1-1400x934.jpg\" alt=\"\" class=\"wp-image-2331 size-full\" srcset=\"https:\/\/www.landae.fr\/wp-content\/uploads\/2025\/12\/landae-ivanrodeorodriguez-83-1-1400x934.jpg 1400w, https:\/\/www.landae.fr\/wp-content\/uploads\/2025\/12\/landae-ivanrodeorodriguez-83-1-800x533.jpg 800w, https:\/\/www.landae.fr\/wp-content\/uploads\/2025\/12\/landae-ivanrodeorodriguez-83-1-300x200.jpg 300w, https:\/\/www.landae.fr\/wp-content\/uploads\/2025\/12\/landae-ivanrodeorodriguez-83-1-768x512.jpg 768w, https:\/\/www.landae.fr\/wp-content\/uploads\/2025\/12\/landae-ivanrodeorodriguez-83-1-1536x1024.jpg 1536w, https:\/\/www.landae.fr\/wp-content\/uploads\/2025\/12\/landae-ivanrodeorodriguez-83-1-2048x1366.jpg 2048w\" sizes=\"auto, (max-width: 1400px) 100vw, 1400px\" \/><\/a><\/figure><div class=\"wp-block-media-text__content\">\n<p class=\"is-style-tag has-theme-100-background-color has-background has-s-font-size\" style=\"font-style:normal;font-weight:700;text-transform:uppercase\">INSOLITO<\/p>\n\n\n\n<h3 class=\"wp-block-heading\"><a href=\"https:\/\/www.landae.fr\/es\/alojamiento-landae\/landae-inusual\/sylodge\/\" data-type=\"page\" data-id=\"2027\">SYLODGE<\/a><\/h3>\n\n\n\n<p class=\"has-s-font-size\">Alojamiento de lona con todas las comodidades esenciales para una experiencia rejuvenecedora al aire libre.<\/p>\n\n\n\n<p class=\"has-s-font-size\"><img alt=\"\" decoding=\"async\" class=\"wp-image-400\" style=\"width: NaNpx;\" src=\"https:\/\/www.landae.fr\/wp-content\/uploads\/2025\/12\/people.svg\" alt=\"\"><strong>Para hasta 5 personas<\/strong><\/p>\n\n\n\n<div class=\"wp-block-buttons is-layout-flex wp-block-buttons-is-layout-flex\">\n<div class=\"wp-block-button\"><a class=\"wp-block-button__link has-false-black-color has-false-white-background-color has-text-color has-background has-link-color wp-element-button\" href=\"https:\/\/www.landae.fr\/es\/alojamiento-landae\/landae-inusual\/sylodge\/\">Descubre y reserva<\/a><\/div>\n<\/div>\n<\/div><\/div>\n\n\n\n<div class=\"wp-block-media-text is-stacked-on-mobile is-style-mobile linked has-theme-100-background-color has-background\"><figure class=\"wp-block-media-text__media\"><a href=\"https:\/\/www.landae.fr\/hebergements-landae\/mobil-home-taiga\/\"><img loading=\"lazy\" decoding=\"async\" width=\"1400\" height=\"933\" src=\"https:\/\/www.landae.fr\/wp-content\/uploads\/2025\/12\/landae-ivanrodeorodriguez-35-1400x933.jpg\" alt=\"casa m\u00f3vil TAIGA\" class=\"wp-image-1320 size-full\" srcset=\"https:\/\/www.landae.fr\/wp-content\/uploads\/2025\/12\/landae-ivanrodeorodriguez-35-1400x933.jpg 1400w, https:\/\/www.landae.fr\/wp-content\/uploads\/2025\/12\/landae-ivanrodeorodriguez-35-800x533.jpg 800w, https:\/\/www.landae.fr\/wp-content\/uploads\/2025\/12\/landae-ivanrodeorodriguez-35-300x200.jpg 300w, https:\/\/www.landae.fr\/wp-content\/uploads\/2025\/12\/landae-ivanrodeorodriguez-35-768x512.jpg 768w, https:\/\/www.landae.fr\/wp-content\/uploads\/2025\/12\/landae-ivanrodeorodriguez-35-1536x1024.jpg 1536w, https:\/\/www.landae.fr\/wp-content\/uploads\/2025\/12\/landae-ivanrodeorodriguez-35-2048x1365.jpg 2048w\" sizes=\"auto, (max-width: 1400px) 100vw, 1400px\" \/><\/a><\/figure><div class=\"wp-block-media-text__content\">\n<h3 class=\"wp-block-heading\"><a href=\"https:\/\/www.landae.fr\/ta-maison-de-vacances\/mobil-home-taiga\/\" data-type=\"page\" data-id=\"185\">Casa m\u00f3vil<\/a><br><a href=\"https:\/\/www.landae.fr\/ta-maison-de-vacances\/mobil-home-taiga\/\" data-type=\"page\" data-id=\"185\">TAIGA<\/a><\/h3>\n\n\n\n<p class=\"has-s-font-size\"><a href=\"https:\/\/www.landae.fr\/hebergements-landae\/mobil-home-taiga\/\">Alojamiento familiar con comodidades modernas para unas vacaciones en armon\u00eda con la naturaleza, a la sombra de los pinos.<\/a><\/p>\n\n\n\n<p><img alt=\"\" decoding=\"async\" class=\"wp-image-400\" style=\"width: NaNpx;\" src=\"https:\/\/www.landae.fr\/wp-content\/uploads\/2025\/12\/people.svg\" alt=\"\"><strong>Para hasta 6 personas<\/strong><\/p>\n\n\n\n<div class=\"wp-block-buttons is-layout-flex wp-block-buttons-is-layout-flex\">\n<div class=\"wp-block-button\"><a class=\"wp-block-button__link has-false-black-color has-false-white-background-color has-text-color has-background has-link-color wp-element-button\" href=\"https:\/\/www.landae.fr\/hebergements-landae\/mobil-home-taiga\/\">Descubre y reserva<\/a><\/div>\n<\/div>\n<\/div><\/div>\n\n\n\n<div class=\"wp-block-media-text is-stacked-on-mobile is-style-mobile linked has-theme-100-background-color has-background\"><figure class=\"wp-block-media-text__media\"><a href=\"https:\/\/www.landae.fr\/es\/alojamiento-landae\/lugares-landae\/\"><img alt=\"\" loading=\"lazy\" decoding=\"async\" width=\"1400\" height=\"1392\" src=\"https:\/\/www.landae.fr\/wp-content\/uploads\/2025\/12\/jeune-mand-cueillant-des-branches-et-les-assemblant-il-prepare-un-tas-de-bois-de-chauffage-pour-le-feu-de-camp-la-nuit-et-une-jolie-amie-assise-devant-la-tente-de-camping-1400x1392.jpg\" alt=\"\" class=\"wp-image-1812 size-full\" srcset=\"https:\/\/www.landae.fr\/wp-content\/uploads\/2025\/12\/jeune-mand-cueillant-des-branches-et-les-assemblant-il-prepare-un-tas-de-bois-de-chauffage-pour-le-feu-de-camp-la-nuit-et-une-jolie-amie-assise-devant-la-tente-de-camping-1400x1392.jpg 1400w, https:\/\/www.landae.fr\/wp-content\/uploads\/2025\/12\/jeune-mand-cueillant-des-branches-et-les-assemblant-il-prepare-un-tas-de-bois-de-chauffage-pour-le-feu-de-camp-la-nuit-et-une-jolie-amie-assise-devant-la-tente-de-camping-603x600.jpg 603w, https:\/\/www.landae.fr\/wp-content\/uploads\/2025\/12\/jeune-mand-cueillant-des-branches-et-les-assemblant-il-prepare-un-tas-de-bois-de-chauffage-pour-le-feu-de-camp-la-nuit-et-une-jolie-amie-assise-devant-la-tente-de-camping-300x298.jpg 300w, https:\/\/www.landae.fr\/wp-content\/uploads\/2025\/12\/jeune-mand-cueillant-des-branches-et-les-assemblant-il-prepare-un-tas-de-bois-de-chauffage-pour-le-feu-de-camp-la-nuit-et-une-jolie-amie-assise-devant-la-tente-de-camping-768x764.jpg 768w, https:\/\/www.landae.fr\/wp-content\/uploads\/2025\/12\/jeune-mand-cueillant-des-branches-et-les-assemblant-il-prepare-un-tas-de-bois-de-chauffage-pour-le-feu-de-camp-la-nuit-et-une-jolie-amie-assise-devant-la-tente-de-camping-1536x1528.jpg 1536w, https:\/\/www.landae.fr\/wp-content\/uploads\/2025\/12\/jeune-mand-cueillant-des-branches-et-les-assemblant-il-prepare-un-tas-de-bois-de-chauffage-pour-le-feu-de-camp-la-nuit-et-une-jolie-amie-assise-devant-la-tente-de-camping-2048x2037.jpg 2048w\" sizes=\"auto, (max-width: 1400px) 100vw, 1400px\" \/><\/a><\/figure><div class=\"wp-block-media-text__content\">\n<h3 class=\"wp-block-heading\"><a href=\"https:\/\/www.landae.fr\/es\/alojamiento-landae\/lugares-landae\/\" data-type=\"page\" data-id=\"185\">Localizaciones<\/a><\/h3>\n\n\n\n<p class=\"has-s-font-size\">A la sombra de los pinos, elige la libertad del aire libre, en versi\u00f3n cl\u00e1sica o premium para un confort a\u00fan mayor.<\/p>\n\n\n\n<p><img alt=\"\" decoding=\"async\" class=\"wp-image-400\" style=\"width: NaNpx;\" src=\"https:\/\/www.landae.fr\/wp-content\/uploads\/2025\/12\/people.svg\" alt=\"\"><strong>Para hasta 4 personas<\/strong><\/p>\n\n\n\n<div class=\"wp-block-buttons is-layout-flex wp-block-buttons-is-layout-flex\">\n<div class=\"wp-block-button\"><a class=\"wp-block-button__link has-false-black-color has-false-white-background-color has-text-color has-background has-link-color wp-element-button\" href=\"https:\/\/www.landae.fr\/es\/alojamiento-landae\/lugares-landae\/\">Descubre y reserva<\/a><\/div>\n<\/div>\n<\/div><\/div>\n\n\n\n<div class=\"wp-block-media-text is-stacked-on-mobile is-style-mobile linked has-theme-100-background-color has-background wp-container-content-2155ee95\"><figure class=\"wp-block-media-text__media\"><a href=\"https:\/\/www.landae.fr\/es\/alojamiento-landae\/casas-moviles-landae\/casa-movil-caledonia\/\"><img loading=\"lazy\" decoding=\"async\" width=\"1400\" height=\"933\" src=\"https:\/\/www.landae.fr\/wp-content\/uploads\/2025\/12\/landae-ivanrodeorodriguez-41-1400x933.jpg\" alt=\"LANDAE mobil home caledonia\" class=\"wp-image-1378 size-large\" srcset=\"https:\/\/www.landae.fr\/wp-content\/uploads\/2025\/12\/landae-ivanrodeorodriguez-41-1400x933.jpg 1400w, https:\/\/www.landae.fr\/wp-content\/uploads\/2025\/12\/landae-ivanrodeorodriguez-41-800x533.jpg 800w, https:\/\/www.landae.fr\/wp-content\/uploads\/2025\/12\/landae-ivanrodeorodriguez-41-300x200.jpg 300w, https:\/\/www.landae.fr\/wp-content\/uploads\/2025\/12\/landae-ivanrodeorodriguez-41-768x512.jpg 768w, https:\/\/www.landae.fr\/wp-content\/uploads\/2025\/12\/landae-ivanrodeorodriguez-41-1536x1024.jpg 1536w, https:\/\/www.landae.fr\/wp-content\/uploads\/2025\/12\/landae-ivanrodeorodriguez-41-2048x1365.jpg 2048w\" sizes=\"auto, (max-width: 1400px) 100vw, 1400px\" \/><\/a><\/figure><div class=\"wp-block-media-text__content\">\n<h3 class=\"wp-block-heading\"><a href=\"https:\/\/www.landae.fr\/es\/alojamiento-landae\/casas-moviles-landae\/casa-movil-caledonia\/\" data-type=\"page\" data-id=\"185\">Casa m\u00f3vil CALEDONIA<\/a><\/h3>\n\n\n\n<p class=\"has-s-font-size\">Un espacio interior que se abre a una terraza sombreada para una estancia confortable cerca del oc\u00e9ano.<\/p>\n\n\n\n<p><img alt=\"\" decoding=\"async\" class=\"wp-image-400\" style=\"width: NaNpx;\" src=\"https:\/\/www.landae.fr\/wp-content\/uploads\/2025\/12\/people.svg\" alt=\"\"><strong>Para hasta 4 personas<\/strong><\/p>\n\n\n\n<div class=\"wp-block-buttons is-layout-flex wp-block-buttons-is-layout-flex\">\n<div class=\"wp-block-button\"><a class=\"wp-block-button__link has-false-black-color has-false-white-background-color has-text-color has-background has-link-color wp-element-button\" href=\"https:\/\/www.landae.fr\/es\/alojamiento-landae\/casas-moviles-landae\/casa-movil-caledonia\/\">Descubre y reserva<\/a><\/div>\n<\/div>\n<\/div><\/div>\n\n\n\n<div class=\"wp-block-media-text is-stacked-on-mobile is-style-mobile linked has-theme-100-background-color has-background\"><figure class=\"wp-block-media-text__media\"><a href=\"https:\/\/www.landae.fr\/es\/alojamiento-landae\/casas-moviles-landae\/casa-movil-cedria\/\"><img alt=\"\" loading=\"lazy\" decoding=\"async\" width=\"1400\" height=\"933\" src=\"https:\/\/www.landae.fr\/wp-content\/uploads\/2025\/12\/landae-ivanrodeorodriguez-25-1400x933.jpg\" alt=\"\" class=\"wp-image-1179 size-full\" srcset=\"https:\/\/www.landae.fr\/wp-content\/uploads\/2025\/12\/landae-ivanrodeorodriguez-25-1400x933.jpg 1400w, https:\/\/www.landae.fr\/wp-content\/uploads\/2025\/12\/landae-ivanrodeorodriguez-25-800x533.jpg 800w, https:\/\/www.landae.fr\/wp-content\/uploads\/2025\/12\/landae-ivanrodeorodriguez-25-300x200.jpg 300w, https:\/\/www.landae.fr\/wp-content\/uploads\/2025\/12\/landae-ivanrodeorodriguez-25-768x512.jpg 768w, https:\/\/www.landae.fr\/wp-content\/uploads\/2025\/12\/landae-ivanrodeorodriguez-25-1536x1024.jpg 1536w, https:\/\/www.landae.fr\/wp-content\/uploads\/2025\/12\/landae-ivanrodeorodriguez-25-2048x1365.jpg 2048w\" sizes=\"auto, (max-width: 1400px) 100vw, 1400px\" \/><\/a><\/figure><div class=\"wp-block-media-text__content\">\n<h3 class=\"wp-block-heading\"><a href=\"https:\/\/www.landae.fr\/es\/alojamiento-landae\/casas-moviles-landae\/casa-movil-cedria\/\" data-type=\"page\" data-id=\"185\">Casa m\u00f3vil CEDRIA<\/a><\/h3>\n\n\n\n<p class=\"has-s-font-size\">Un remanso de paz contempor\u00e1neo enclavado en el pinar, ideal para una c\u00f3moda estancia en familia o con amigos.<\/p>\n\n\n\n<p><img alt=\"\" decoding=\"async\" class=\"wp-image-400\" style=\"width: NaNpx;\" src=\"https:\/\/www.landae.fr\/wp-content\/uploads\/2025\/12\/people.svg\" alt=\"\"><strong>Para hasta 4 personas<\/strong><\/p>\n\n\n\n<div class=\"wp-block-buttons is-layout-flex wp-block-buttons-is-layout-flex\">\n<div class=\"wp-block-button\"><a class=\"wp-block-button__link has-false-black-color has-false-white-background-color has-text-color has-background has-link-color wp-element-button\" href=\"https:\/\/www.landae.fr\/es\/alojamiento-landae\/casas-moviles-landae\/casa-movil-cedria\/\">Descubre y reserva<\/a><\/div>\n<\/div>\n<\/div><\/div>\n\n\n\n<div class=\"wp-block-media-text is-stacked-on-mobile is-style-mobile linked has-theme-100-background-color has-background\"><figure class=\"wp-block-media-text__media\"><a href=\"https:\/\/www.landae.fr\/es\/alojamiento-landae\/casas-rurales-landae\/\"><img loading=\"lazy\" decoding=\"async\" width=\"1400\" height=\"1027\" src=\"https:\/\/www.landae.fr\/wp-content\/uploads\/2025\/12\/chalet-dune-landae-1400x1027.jpg\" alt=\"chalet duna landae\" class=\"wp-image-1888 size-full\" srcset=\"https:\/\/www.landae.fr\/wp-content\/uploads\/2025\/12\/chalet-dune-landae-1400x1027.jpg 1400w, https:\/\/www.landae.fr\/wp-content\/uploads\/2025\/12\/chalet-dune-landae-800x587.jpg 800w, https:\/\/www.landae.fr\/wp-content\/uploads\/2025\/12\/chalet-dune-landae-300x220.jpg 300w, https:\/\/www.landae.fr\/wp-content\/uploads\/2025\/12\/chalet-dune-landae-768x564.jpg 768w, https:\/\/www.landae.fr\/wp-content\/uploads\/2025\/12\/chalet-dune-landae-1536x1127.jpg 1536w, https:\/\/www.landae.fr\/wp-content\/uploads\/2025\/12\/chalet-dune-landae-2048x1503.jpg 2048w\" sizes=\"auto, (max-width: 1400px) 100vw, 1400px\" \/><\/a><\/figure><div class=\"wp-block-media-text__content\">\n<h3 class=\"wp-block-heading\"><a href=\"https:\/\/www.landae.fr\/es\/alojamiento-landae\/casas-rurales-landae\/\" data-type=\"page\" data-id=\"185\">Los chal\u00e9s<\/a><\/h3>\n\n\n\n<p class=\"has-s-font-size\">Un verdadero hogar fuera de casa, c\u00e1lido y funcional, perfecto para cada momento de tus vacaciones.<\/p>\n\n\n\n<p class=\"has-s-font-size\"><img alt=\"\" decoding=\"async\" class=\"wp-image-400\" style=\"width: NaNpx;\" src=\"https:\/\/www.landae.fr\/wp-content\/uploads\/2025\/12\/people.svg\" alt=\"\"><strong>Para hasta 5 personas<\/strong><\/p>\n\n\n\n<div class=\"wp-block-buttons is-layout-flex wp-block-buttons-is-layout-flex\">\n<div class=\"wp-block-button\"><a class=\"wp-block-button__link has-false-black-color has-false-white-background-color has-text-color has-background has-link-color wp-element-button\">Descubre y reserva<\/a><\/div>\n<\/div>\n<\/div><\/div>\n\n\n\n<div class=\"wp-block-media-text is-stacked-on-mobile is-style-mobile linked has-theme-100-background-color has-background\"><figure class=\"wp-block-media-text__media\"><a href=\"https:\/\/www.landae.fr\/es\/alojamiento-landae\/casas-moviles-landae\/mobil-home-valoria-pmr\/\"><img alt=\"\" loading=\"lazy\" decoding=\"async\" width=\"976\" height=\"654\" src=\"https:\/\/www.landae.fr\/wp-content\/uploads\/2025\/12\/Extlife9178copie.jpg-1200px-e1766054246423.jpg\" alt=\"\" class=\"wp-image-2248 size-full\" srcset=\"https:\/\/www.landae.fr\/wp-content\/uploads\/2025\/12\/Extlife9178copie.jpg-1200px-e1766054246423.jpg 976w, https:\/\/www.landae.fr\/wp-content\/uploads\/2025\/12\/Extlife9178copie.jpg-1200px-e1766054246423-800x536.jpg 800w, https:\/\/www.landae.fr\/wp-content\/uploads\/2025\/12\/Extlife9178copie.jpg-1200px-e1766054246423-300x201.jpg 300w, https:\/\/www.landae.fr\/wp-content\/uploads\/2025\/12\/Extlife9178copie.jpg-1200px-e1766054246423-768x515.jpg 768w\" sizes=\"auto, (max-width: 976px) 100vw, 976px\" \/><\/a><\/figure><div class=\"wp-block-media-text__content\">\n<p class=\"is-style-tag has-theme-300-background-color has-background has-s-font-size\" style=\"font-style:normal;font-weight:700;text-transform:uppercase\"><img alt=\"\" decoding=\"async\" class=\"wp-image-2751\" style=\"width: NaNpx;\" src=\"https:\/\/www.landae.fr\/wp-content\/uploads\/2025\/12\/PMR-noir.svg\" alt=\"\">PMR<\/p>\n\n\n\n<h3 class=\"wp-block-heading\"><a href=\"https:\/\/www.landae.fr\/es\/alojamiento-landae\/casas-moviles-landae\/mobil-home-valoria-pmr\/\">Mobil home VALORIA PMR<\/a><\/h3>\n\n\n\n<p class=\"has-s-font-size\">Alojamiento adaptado para personas con movilidad reducida, para que puedas disfrutar de la naturaleza en un entorno c\u00f3modo y tranquilo.<\/p>\n\n\n\n<p><img alt=\"\" decoding=\"async\" class=\"wp-image-400\" style=\"width: NaNpx;\" src=\"https:\/\/www.landae.fr\/wp-content\/uploads\/2025\/12\/people.svg\" alt=\"\"><strong>Para hasta 4 personas<\/strong><\/p>\n\n\n\n<div class=\"wp-block-buttons is-layout-flex wp-block-buttons-is-layout-flex\">\n<div class=\"wp-block-button\"><a class=\"wp-block-button__link has-false-black-color has-false-white-background-color has-text-color has-background has-link-color wp-element-button\" href=\"https:\/\/www.landae.fr\/es\/alojamiento-landae\/casas-moviles-landae\/mobil-home-valoria-pmr\/\">Descubre y reserva<\/a><\/div>\n<\/div>\n<\/div><\/div>\n<\/div>\n<\/div>\n\n\n\n<section class=\"wp-block-group alignfull has-global-padding is-layout-constrained wp-block-group-is-layout-constrained\">\n<div class=\"wp-block-columns alignwide is-layout-flex wp-container-core-columns-is-layout-28f84493 wp-block-columns-is-layout-flex\">\n<div class=\"wp-block-column is-layout-flow wp-block-column-is-layout-flow\">\n<h2 class=\"wp-block-heading\">\u00bfPor qu\u00e9 no llevar la<mark style=\"background-color:rgba(0, 0, 0, 0)\" class=\"has-inline-color has-theme-500-color\">experiencia LANDAE<\/mark> un paso m\u00e1s all\u00e1<mark style=\"background-color:rgba(0, 0, 0, 0)\" class=\"has-inline-color has-theme-500-color\">?<\/mark><\/h2>\n<\/div>\n\n\n\n<div class=\"wp-block-column is-layout-flow wp-block-column-is-layout-flow\">\n<p>Una vez que hayas encontrado tu casa de vacaciones ideal, descubre todo lo que hace \u00fanica a LANDAE. Restaurantes, servicios, actividades de ocio o experiencias in situ: explora el mundo del camping y prepara unas vacaciones a tu medida. <\/p>\n<\/div>\n<\/div>\n\n\n\n<div style=\"height:100px\" aria-hidden=\"true\" class=\"wp-block-spacer is-style-spacer-m\"><\/div>\n\n\n\n<div class=\"wp-block-columns alignwide is-layout-flex wp-container-core-columns-is-layout-28f84493 wp-block-columns-is-layout-flex\">\n<div class=\"wp-block-column is-layout-flow wp-block-column-is-layout-flow\">\n<div class=\"wp-block-cover has-custom-content-position is-position-bottom-left is-style-top-rounded\" style=\"min-height:390px;aspect-ratio:unset;\"><img alt=\"\" loading=\"lazy\" decoding=\"async\" width=\"2560\" height=\"1707\" class=\"wp-block-cover__image-background wp-image-1527 size-full\" alt=\"\" src=\"https:\/\/www.landae.fr\/wp-content\/uploads\/2025\/12\/image-1-scaled.png\" data-object-fit=\"cover\" srcset=\"https:\/\/www.landae.fr\/wp-content\/uploads\/2025\/12\/image-1-scaled.png 2560w, https:\/\/www.landae.fr\/wp-content\/uploads\/2025\/12\/image-1-800x533.png 800w, https:\/\/www.landae.fr\/wp-content\/uploads\/2025\/12\/image-1-1400x933.png 1400w, https:\/\/www.landae.fr\/wp-content\/uploads\/2025\/12\/image-1-300x200.png 300w, https:\/\/www.landae.fr\/wp-content\/uploads\/2025\/12\/image-1-768x512.png 768w, https:\/\/www.landae.fr\/wp-content\/uploads\/2025\/12\/image-1-1536x1024.png 1536w, https:\/\/www.landae.fr\/wp-content\/uploads\/2025\/12\/image-1-2048x1365.png 2048w\" sizes=\"auto, (max-width: 2560px) 100vw, 2560px\" \/><span aria-hidden=\"true\" class=\"wp-block-cover__background has-background-dim-70 has-background-dim wp-block-cover__gradient-background has-background-gradient has-transparent-to-black-gradient-background\"><\/span><div class=\"wp-block-cover__inner-container has-global-padding is-layout-constrained wp-block-cover-is-layout-constrained\">\n<h3 class=\"wp-block-heading\"><a href=\"https:\/\/www.landae.fr\/es\/actividades-landae\/\">Actividades LANDAE<\/a><\/h3>\n<\/div><\/div>\n<\/div>\n\n\n\n<div class=\"wp-block-column is-layout-flow wp-block-column-is-layout-flow\">\n<div class=\"wp-block-cover has-custom-content-position is-position-bottom-left is-style-top-rounded linked\" style=\"min-height:390px;aspect-ratio:unset;\"><img alt=\"\" loading=\"lazy\" decoding=\"async\" width=\"848\" height=\"477\" class=\"wp-block-cover__image-background wp-image-1446 size-full\" alt=\"\" src=\"https:\/\/www.landae.fr\/wp-content\/uploads\/2025\/12\/magret-pomme-de-terre-persillade-a-la-graisse-de-canard1-848x477-1.webp\" data-object-fit=\"cover\" srcset=\"https:\/\/www.landae.fr\/wp-content\/uploads\/2025\/12\/magret-pomme-de-terre-persillade-a-la-graisse-de-canard1-848x477-1.webp 848w, https:\/\/www.landae.fr\/wp-content\/uploads\/2025\/12\/magret-pomme-de-terre-persillade-a-la-graisse-de-canard1-848x477-1-800x450.webp 800w, https:\/\/www.landae.fr\/wp-content\/uploads\/2025\/12\/magret-pomme-de-terre-persillade-a-la-graisse-de-canard1-848x477-1-300x169.webp 300w, https:\/\/www.landae.fr\/wp-content\/uploads\/2025\/12\/magret-pomme-de-terre-persillade-a-la-graisse-de-canard1-848x477-1-768x432.webp 768w\" sizes=\"auto, (max-width: 848px) 100vw, 848px\" \/><span aria-hidden=\"true\" class=\"wp-block-cover__background has-background-dim-70 has-background-dim wp-block-cover__gradient-background has-background-gradient has-transparent-to-black-gradient-background\"><\/span><div class=\"wp-block-cover__inner-container has-global-padding is-layout-constrained wp-block-cover-is-layout-constrained\">\n<h3 class=\"wp-block-heading\"><a href=\"https:\/\/www.landae.fr\/es\/servicios-landae\/\">Servicios LANDAE<\/a><\/h3>\n<\/div><\/div>\n<\/div>\n\n\n\n<div class=\"wp-block-column is-layout-flow wp-block-column-is-layout-flow\">\n<div class=\"wp-block-cover has-custom-content-position is-position-bottom-left is-style-top-rounded\" style=\"min-height:390px;aspect-ratio:unset;\"><img alt=\"\" loading=\"lazy\" decoding=\"async\" width=\"2560\" height=\"1707\" class=\"wp-block-cover__image-background wp-image-2306 size-full\" alt=\"\" src=\"https:\/\/www.landae.fr\/wp-content\/uploads\/2025\/12\/enseignante-de-yoga-aidant-stagiaire-scaled.jpg\" data-object-fit=\"cover\" srcset=\"https:\/\/www.landae.fr\/wp-content\/uploads\/2025\/12\/enseignante-de-yoga-aidant-stagiaire-scaled.jpg 2560w, https:\/\/www.landae.fr\/wp-content\/uploads\/2025\/12\/enseignante-de-yoga-aidant-stagiaire-800x533.jpg 800w, https:\/\/www.landae.fr\/wp-content\/uploads\/2025\/12\/enseignante-de-yoga-aidant-stagiaire-1400x933.jpg 1400w, https:\/\/www.landae.fr\/wp-content\/uploads\/2025\/12\/enseignante-de-yoga-aidant-stagiaire-300x200.jpg 300w, https:\/\/www.landae.fr\/wp-content\/uploads\/2025\/12\/enseignante-de-yoga-aidant-stagiaire-768x512.jpg 768w, https:\/\/www.landae.fr\/wp-content\/uploads\/2025\/12\/enseignante-de-yoga-aidant-stagiaire-1536x1024.jpg 1536w, https:\/\/www.landae.fr\/wp-content\/uploads\/2025\/12\/enseignante-de-yoga-aidant-stagiaire-2048x1365.jpg 2048w\" sizes=\"auto, (max-width: 2560px) 100vw, 2560px\" \/><span aria-hidden=\"true\" class=\"wp-block-cover__background has-background-dim-70 has-background-dim wp-block-cover__gradient-background has-background-gradient has-transparent-to-black-gradient-background\"><\/span><div class=\"wp-block-cover__inner-container has-global-padding is-layout-constrained wp-block-cover-is-layout-constrained\">\n<h3 class=\"wp-block-heading\"><a href=\"https:\/\/www.landae.fr\/es\/grupos-y-eventos\/\">Grupos<br>Eventos<\/a><\/h3>\n<\/div><\/div>\n<\/div>\n<\/div>\n<\/section>\n","protected":false},"excerpt":{"rendered":"<p>Elige elalojamiento que m\u00e1s te convenga La casa m\u00f3vil LANDAE TRIBU te conquistar\u00e1 por su entorno buc\u00f3lico. Sus amplios interiores y su gran terraza compartida frente al bosque pueden alojar hasta 10 personas. Es ideal para una familia numerosa o un grupo de amigos. Con sus dos unidades de alojamiento separadas, cada uno puede disfrutar [&hellip;]<\/p>\n","protected":false},"author":3,"featured_media":2133,"parent":2685,"menu_order":0,"comment_status":"closed","ping_status":"closed","template":"","meta":{"_acf_changed":false,"_seopress_robots_primary_cat":"","_seopress_titles_title":"","_seopress_titles_desc":"","_seopress_robots_index":"","footnotes":""},"class_list":["post-2643","page","type-page","status-publish","has-post-thumbnail"],"acf":[],"_links":{"self":[{"href":"https:\/\/www.landae.fr\/es\/wp-json\/wp\/v2\/pages\/2643","targetHints":{"allow":["GET"]}}],"collection":[{"href":"https:\/\/www.landae.fr\/es\/wp-json\/wp\/v2\/pages"}],"about":[{"href":"https:\/\/www.landae.fr\/es\/wp-json\/wp\/v2\/types\/page"}],"author":[{"embeddable":true,"href":"https:\/\/www.landae.fr\/es\/wp-json\/wp\/v2\/users\/3"}],"replies":[{"embeddable":true,"href":"https:\/\/www.landae.fr\/es\/wp-json\/wp\/v2\/comments?post=2643"}],"version-history":[{"count":2,"href":"https:\/\/www.landae.fr\/es\/wp-json\/wp\/v2\/pages\/2643\/revisions"}],"predecessor-version":[{"id":2827,"href":"https:\/\/www.landae.fr\/es\/wp-json\/wp\/v2\/pages\/2643\/revisions\/2827"}],"up":[{"embeddable":true,"href":"https:\/\/www.landae.fr\/es\/wp-json\/wp\/v2\/pages\/2685"}],"wp:featuredmedia":[{"embeddable":true,"href":"https:\/\/www.landae.fr\/es\/wp-json\/wp\/v2\/media\/2133"}],"wp:attachment":[{"href":"https:\/\/www.landae.fr\/es\/wp-json\/wp\/v2\/media?parent=2643"}],"curies":[{"name":"wp","href":"https:\/\/api.w.org\/{rel}","templated":true}]}}