{"id":2628,"date":"2025-11-26T19:52:27","date_gmt":"2025-11-26T18:52:27","guid":{"rendered":"https:\/\/www.landae.fr\/politica-de-privacidad\/"},"modified":"2025-11-26T19:52:27","modified_gmt":"2025-11-26T18:52:27","slug":"politica-de-privacidad","status":"publish","type":"page","link":"https:\/\/www.landae.fr\/es\/politica-de-privacidad\/","title":{"rendered":"Pol\u00edtica de privacidad"},"content":{"rendered":"\n<section class=\"wp-block-group alignfull has-global-padding is-layout-constrained wp-block-group-is-layout-constrained\">\n<p>Esta Pol\u00edtica de Privacidad se aplica a todo tipo de informaci\u00f3n que recopilamos a trav\u00e9s de nuestro sitio web www.landae.fr, as\u00ed como a trav\u00e9s de las distintas redes sociales que utilizamos.<\/p>\n\n\n\n<p>Esta Carta de Confidencialidad tambi\u00e9n se aplica a cualquier dato recogido durante una llamada telef\u00f3nica o al contactar con nuestro servicio de atenci\u00f3n al cliente por correo electr\u00f3nico.<\/p>\n\n\n\n<p>Esta Carta puede cambiar con el tiempo. Cons\u00faltala regularmente para conocer las \u00faltimas actualizaciones. <\/p>\n\n\n\n<h2 class=\"wp-block-heading\">\u00bfQui\u00e9nes somos?<\/h2>\n\n\n\n<p>LANDAE Camping municipal Ondres-Oc\u00e9an es el propietario del sitio web https:\/\/www.landae.fr\/.<\/p>\n\n\n\n<p>Si tienes alguna pregunta sobre nuestra Pol\u00edtica de Privacidad o sobre el tratamiento de tus datos personales, ponte en contacto con nuestro Responsable de Protecci\u00f3n de Datos por correo postal en la direcci\u00f3n arriba indicada o por correo electr\u00f3nico en contact@landae.fr.<\/p>\n\n\n\n<h2 class=\"wp-block-heading\">Uso de los datos personales recogidos<\/h2>\n\n\n\n<h3 class=\"wp-block-heading\">\u00bfQu\u00e9 tipos de datos recogemos?<\/h3>\n\n\n\n<p>No se recoge ninguna informaci\u00f3n personal sin tu conocimiento a trav\u00e9s de los distintos formularios de este sitio web.<\/p>\n\n\n\n<h3 class=\"wp-block-heading\">Formularios de contacto<\/h3>\n\n\n\n<p>Si utilizas uno de los formularios de contacto de nuestro sitio web para ponerte en contacto con nosotros, s\u00f3lo se nos transmitir\u00e1n los datos contenidos en dicho formulario. S\u00f3lo los campos marcados con un asterisco (*) son obligatorios. Estos datos s\u00f3lo se conservar\u00e1n durante el tiempo necesario para procesar tu solicitud y no se transmitir\u00e1n a terceros.  <\/p>\n\n\n\n<h3 class=\"wp-block-heading\">Comentarios<\/h3>\n\n\n\n<p>Cuando dejas un comentario en nuestro sitio web, se recogen los datos introducidos en el formulario de comentarios, tu direcci\u00f3n IP y el agente de usuario de tu navegador para ayudarnos a detectar comentarios no deseados.<\/p>\n\n\n\n<p>Se puede enviar al servicio Gravatar una cadena anonimizada creada a partir de tu direcci\u00f3n de correo electr\u00f3nico (tambi\u00e9n conocida como hash) para comprobar si la est\u00e1s utilizando. Las cl\u00e1usulas de confidencialidad del servicio Gravatar est\u00e1n disponibles aqu\u00ed: https:\/\/automattic.com\/privacy\/. Una vez validado tu comentario, tu foto de perfil ser\u00e1 visible p\u00fablicamente junto a tu comentario. <\/p>\n\n\n\n<h3 class=\"wp-block-heading\">Medios de comunicaci\u00f3n<\/h3>\n\n\n\n<p>Si eres un usuario registrado y subes im\u00e1genes al sitio web, te aconsejamos que evites subir im\u00e1genes que contengan datos EXIF de coordenadas GPS. Los visitantes de tu sitio web pueden descargar y extraer datos de localizaci\u00f3n de estas im\u00e1genes. <\/p>\n\n\n\n<h3 class=\"wp-block-heading\">Cookies<\/h3>\n\n\n\n<p>V\u00e9ase el p\u00e1rrafo sobre el uso de cookies m\u00e1s abajo.<\/p>\n\n\n\n<h3 class=\"wp-block-heading\">\u00bfPor qu\u00e9 recogemos estos datos?<\/h3>\n\n\n\n<p>Si utilizas uno de nuestros formularios de contacto, la informaci\u00f3n recogida se utilizar\u00e1 para responderte y procesar tu solicitud de la forma m\u00e1s eficiente posible.<\/p>\n\n\n\n<h3 class=\"wp-block-heading\">Per\u00edodo de conservaci\u00f3n de los datos<\/h3>\n\n\n\n<p>Los datos recogidos a trav\u00e9s de los distintos formularios de contacto s\u00f3lo se conservar\u00e1n durante el tiempo necesario para procesar tu solicitud.<\/p>\n\n\n\n<p>Si dejas un comentario, el comentario y sus metadatos se conservan indefinidamente. Esto permite que los comentarios posteriores sean reconocidos y aprobados autom\u00e1ticamente, en lugar de quedar en la cola de moderaci\u00f3n. <\/p>\n\n\n\n<p>Para los usuarios que se registran en nuestro sitio (cuando es posible), tambi\u00e9n almacenamos los datos personales indicados en su perfil. Todos los usuarios pueden ver, modificar o eliminar su informaci\u00f3n personal en cualquier momento (a excepci\u00f3n de su nombre de usuario). Los administradores del sitio tambi\u00e9n pueden ver y modificar esta informaci\u00f3n.  <\/p>\n\n\n\n<h3 class=\"wp-block-heading\">Transmisi\u00f3n de datos personales<\/h3>\n\n\n\n<p>LANDAE Camping municipal Ondres-Oc\u00e9an se compromete a no transmitir a terceros ninguna informaci\u00f3n personal recogida a trav\u00e9s de un formulario de contacto.<\/p>\n\n\n\n<h3 class=\"wp-block-heading\">Contenido incrustado de otros sitios<\/h3>\n\n\n\n<p>Los art\u00edculos de este sitio pueden incluir contenido incrustado (por ejemplo, v\u00eddeos, im\u00e1genes, art\u00edculos, etc.). El contenido incrustado de otros sitios se comporta de la misma manera que si el visitante estuviera visitando ese otro sitio. <\/p>\n\n\n\n<p>Estos sitios web pueden recopilar datos sobre ti, utilizar cookies, incrustar herramientas de seguimiento de terceros y rastrear tus interacciones con este contenido incrustado si tienes una cuenta conectada a su sitio web.<\/p>\n\n\n\n<h3 class=\"wp-block-heading\">Protecci\u00f3n de datos personales<\/h3>\n\n\n\n<p>El camping municipal LANDAE de Ondres-Oc\u00e9an garantiza el cumplimiento de todas las leyes (21 de junio de 2014 sobre la confianza en la econom\u00eda digital) y reglamentos relativos a la protecci\u00f3n de datos y la confidencialidad (ley 78-17 relativa a la inform\u00e1tica, los archivos y las libertades de 6 de enero de 1978 art\u00edculo 34) (para cualquier solicitud, escr\u00edbenos por correo electr\u00f3nico a contact@landae.fr).<\/p>\n\n\n\n<p>S\u00f3lo el personal autorizado puede acceder a tus datos personales en el curso de su trabajo.<\/p>\n\n\n\n<h3 class=\"wp-block-heading\">Tus derechos sobre tus datos<\/h3>\n\n\n\n<p>Si tienes una cuenta o si has dejado comentarios en el sitio, puedes solicitar que te enviemos un archivo con todos los datos personales que tenemos sobre ti, incluidos los que nos has facilitado. Tambi\u00e9n puedes solicitar la supresi\u00f3n de tus datos personales. Esto no incluye los datos almacenados con fines administrativos, legales o de seguridad.  <\/p>\n\n\n\n<p>De conformidad con la Ley francesa de Protecci\u00f3n de Datos de 6 de enero de 1978, en su versi\u00f3n modificada, y el Reglamento General Europeo de Protecci\u00f3n de Datos 2016\/679 (RGPD), tienes derecho a acceder, rectificar y suprimir tus datos personales, que puedes ejercer enviando un correo electr\u00f3nico a contact@landae.fr. Esto no incluye los datos almacenados con fines administrativos, legales o de seguridad. <\/p>\n\n\n\n<h2 class=\"wp-block-heading\">Pol\u00edtica de cookies<\/h2>\n\n\n\n<h3 class=\"wp-block-heading\">\u00bfQu\u00e9 es una galleta?<\/h3>\n\n\n\n<p>Las cookies son peque\u00f1os archivos que se colocan en tu ordenador durante tu visita a nuestro sitio web. Estos archivos contienen informaci\u00f3n que el sitio web utiliza para que la comunicaci\u00f3n entre t\u00fa y tu navegador sea m\u00e1s eficaz.<\/p>\n\n\n\n<h3 class=\"wp-block-heading\">\u00bfPor qu\u00e9 utilizamos cookies?<\/h3>\n\n\n\n<p>El sitio web <a href=\"https:\/\/www.landae.fr\/es\/\">https:\/\/www.landae.fr\/<\/a> utiliza cookies para realizar an\u00e1lisis estad\u00edsticos del comportamiento de todos sus usuarios.<\/p>\n\n\n\n<p>Si tienes una cuenta y te conectas a este sitio, se crear\u00e1 una cookie temporal para determinar si tu navegador acepta cookies. No contiene ning\u00fan dato personal y se borrar\u00e1 autom\u00e1ticamente cuando cierres tu navegador. <\/p>\n\n\n\n<p>Cuando te conectes, estableceremos una serie de cookies para registrar tu informaci\u00f3n de conexi\u00f3n y tus preferencias de pantalla. La vida \u00fatil de una cookie de conexi\u00f3n es de dos d\u00edas, la de una cookie de opci\u00f3n de pantalla es de un a\u00f1o. Si marcas \u00ab<x id=\"gid_0\"><\/x>Recordarme<x id=\"gid_1\"><\/x>\u00ab, tu cookie de conexi\u00f3n se conservar\u00e1 durante quince d\u00edas. Si cierras la sesi\u00f3n de tu cuenta, se borrar\u00e1 la cookie de conexi\u00f3n.   <\/p>\n\n\n\n<p>Al modificar o publicar un art\u00edculo, se almacenar\u00e1 una cookie adicional en tu navegador. Esta cookie no contiene ning\u00fan dato personal. Simplemente indica el identificador del art\u00edculo que acabas de modificar. Caduca al cabo de un d\u00eda.   <\/p>\n\n\n\n<h3 class=\"wp-block-heading\">\u00bfQu\u00e9 cookies se utilizan en nuestro sitio?<\/h3>\n\n\n\n<h4 class=\"wp-block-heading\">Galletas propias :<\/h4>\n\n\n\n<ul class=\"wp-block-list\">\n<li><strong>WordPress<\/strong>:<br>Si dejas un comentario en nuestro sitio, se te pedir\u00e1 que guardes tu nombre, direcci\u00f3n de correo electr\u00f3nico y sitio web en las cookies. Esto es s\u00f3lo para tu comodidad, para que no tengas que introducir esta informaci\u00f3n si publicas otro comentario m\u00e1s tarde. Estas cookies caducan al cabo de un a\u00f1o. Si tienes una cuenta y te conectas a este sitio, se crear\u00e1 una cookie temporal para determinar si tu navegador acepta cookies. No contiene ning\u00fan dato personal y se borrar\u00e1 autom\u00e1ticamente cuando cierres tu navegador. Cuando te conectes, estableceremos un cierto n\u00famero de cookies para registrar tu informaci\u00f3n de conexi\u00f3n y tus preferencias de pantalla. La vida \u00fatil de una cookie de conexi\u00f3n es de dos d\u00edas, la de una cookie de opci\u00f3n de pantalla es de un a\u00f1o. Si marcas \u00abRecordarme\u00bb, tu cookie de conexi\u00f3n se conservar\u00e1 durante quince d\u00edas. Si cierras la sesi\u00f3n de tu cuenta, se borrar\u00e1 la cookie de conexi\u00f3n. Al modificar o publicar un art\u00edculo, se almacenar\u00e1 una cookie adicional en tu navegador. Esta cookie no contiene ning\u00fan dato personal. Simplemente indica el identificador del art\u00edculo que acabas de modificar. Caduca al cabo de un d\u00eda.            <\/li>\n\n\n\n<li><strong>Tarteaucitron<\/strong>:<br>Utilizamos el script tarteaucitron para gestionar las cookies de nuestro sitio web. Este m\u00f3dulo te permite decidir en cualquier momento si aceptas o no las cookies utilizadas en nuestro sitio web haciendo clic en el bot\u00f3n \u00abGesti\u00f3n de servicios\u00bb situado en la esquina inferior izquierda. \n<ul class=\"wp-block-list\">\n<li>Condiciones de venta del servicio: https: <a href=\"https:\/\/opt-out.ferank.eu\/mentions\/\" target=\"_blank\" rel=\"noreferrer noopener\">\/\/opt-out.ferank.eu\/mentions\/<\/a><\/li>\n<\/ul>\n<\/li>\n<\/ul>\n\n\n\n<h4 class=\"wp-block-heading\">Cookies de terceros :<\/h4>\n\n\n\n<ul class=\"wp-block-list\">\n<li><strong>Google Analytics<\/strong>: Este sitio web utiliza Google Analytics, un servicio de an\u00e1lisis web prestado por Google In. (\u00abGoogle\u00bb). \n<ul class=\"wp-block-list\">\n<li>Las Condiciones Generales pueden consultarse en <a href=\"https:\/\/www.google.com\/analytics\/terms\/\" target=\"_blank\" rel=\"noreferrer noopener\">https:\/\/www.google.com\/analytics\/terms\/.<\/a><\/li>\n\n\n\n<li>Pol\u00edtica de privacidad disponible en <a href=\"https:\/\/policies.google.com\/privacy?hl=fr\" target=\"_blank\" rel=\"noreferrer noopener\">https:\/\/policies.google.com\/privacy?hl=fr<\/a><\/li>\n\n\n\n<li>Datos recogidos: P\u00e1ginas visitadas, clics en determinados t\u00edtulos, origen de la visita (campa\u00f1a de marketing, Google&#8230;), informaci\u00f3n sobre b\u00fasquedas.<\/li>\n\n\n\n<li>  Finalidad: An\u00e1lisis del comportamiento de los usuarios en relaci\u00f3n con los par\u00e1metros indicados, utilizando datos recogidos a trav\u00e9s de cookies.<\/li>\n\n\n\n<li>  Para desactivarlo: haz clic en \u00abGesti\u00f3n de servicios\u00bb, configura tu navegador (*) o utiliza el siguiente plug-in <a href=\"https:\/\/tools.google.com\/dlpage\/gaoptout\" target=\"_blank\" rel=\"noreferrer noopener\">https:\/\/tools.google.com\/dlpage\/gaoptout<\/a><\/li>\n<\/ul>\n<\/li>\n<\/ul>\n\n\n\n<h3 class=\"wp-block-heading\">\u00bfC\u00f3mo gestiono las cookies?<\/h3>\n\n\n\n<p>Puedes desactivar el uso de cookies en cualquier momento haciendo clic en \u00abGesti\u00f3n de servicios\u00bb en la esquina inferior izquierda, o cambiando la configuraci\u00f3n de tu navegador. Si desactivas estas cookies, el sitio web seguir\u00e1 funcionando. Sin embargo, ten en cuenta que la informaci\u00f3n recopilada mediante estas herramientas nos permite mejorar nuestros servicios.  <\/p>\n\n\n\n<p>(*) Puedes desactivar las cookies en cualquier momento en la configuraci\u00f3n de tu navegador:<\/p>\n\n\n\n<ul class=\"wp-block-list\">\n<li>Cromo: https: <a href=\"https:\/\/support.google.com\/chrome\/answer\/95647?hl=fr\" target=\"_blank\" rel=\"noreferrer noopener\">\/\/support.google.com\/chrome\/answer\/95647?hl=fr<\/a><\/li>\n\n\n\n<li>Internet Explorer: https: <a href=\"https:\/\/support.microsoft.com\/fr-fr\/help\/17442\/windows-internet-explorer-delete-manage-cookies\" target=\"_blank\" rel=\"noreferrer noopener\">\/\/support.microsoft.com\/fr-fr\/help\/17442\/windows-internet-explorer-delete-manage-cookies<\/a><\/li>\n\n\n\n<li>Firefox : <a href=\"https:\/\/support.mozilla.org\/fr\/kb\/activer-desactiver-cookies-preferences\" target=\"_blank\" rel=\"noreferrer noopener\">https:\/\/support.mozilla.org\/fr\/kb\/activer-desactiver-cookies-preferences<\/a><\/li>\n\n\n\n<li>Safari: https: <a href=\"https:\/\/support.apple.com\/fr-fr\/guide\/safari\/sfri11471\/mac\" target=\"_blank\" rel=\"noreferrer noopener\">\/\/support.apple.com\/fr-fr\/guide\/safari\/sfri11471\/mac<\/a><\/li>\n<\/ul>\n\n\n\n<h2 class=\"wp-block-heading\">Informaci\u00f3n de contacto<\/h2>\n\n\n\n<p>Para cualquier solicitud relativa a tus datos personales, ponte en contacto con LANDAE camping municipal Ondres-Oc\u00e9an por correo electr\u00f3nico en la direcci\u00f3n contact@landae.fr.<\/p>\n\n\n\n<h2 class=\"wp-block-heading\">Cambios en la pol\u00edtica de privacidad<\/h2>\n\n\n\n<p>Los cambios en la Pol\u00edtica de privacidad se publican en esta p\u00e1gina. Por lo tanto, te invitamos a leerlos con regularidad. Tambi\u00e9n se te notificar\u00e1n los cambios en las operaciones de tratamiento de las que sea corresponsable un Socio, de acuerdo con los t\u00e9rminos y condiciones establecidos por el Socio.  <\/p>\n<\/section>\n","protected":false},"excerpt":{"rendered":"<p>Esta Pol\u00edtica de Privacidad se aplica a todo tipo de informaci\u00f3n que recopilamos a trav\u00e9s de nuestro sitio web www.landae.fr, as\u00ed como a trav\u00e9s de las distintas redes sociales que utilizamos. Esta Carta de Confidencialidad tambi\u00e9n se aplica a cualquier dato recogido durante una llamada telef\u00f3nica o al contactar con nuestro servicio de atenci\u00f3n al [&hellip;]<\/p>\n","protected":false},"author":1,"featured_media":1631,"parent":0,"menu_order":0,"comment_status":"closed","ping_status":"open","template":"","meta":{"_acf_changed":false,"_seopress_robots_primary_cat":"","_seopress_titles_title":"","_seopress_titles_desc":"","_seopress_robots_index":"","footnotes":""},"class_list":["post-2628","page","type-page","status-publish","has-post-thumbnail"],"acf":[],"_links":{"self":[{"href":"https:\/\/www.landae.fr\/es\/wp-json\/wp\/v2\/pages\/2628","targetHints":{"allow":["GET"]}}],"collection":[{"href":"https:\/\/www.landae.fr\/es\/wp-json\/wp\/v2\/pages"}],"about":[{"href":"https:\/\/www.landae.fr\/es\/wp-json\/wp\/v2\/types\/page"}],"author":[{"embeddable":true,"href":"https:\/\/www.landae.fr\/es\/wp-json\/wp\/v2\/users\/1"}],"replies":[{"embeddable":true,"href":"https:\/\/www.landae.fr\/es\/wp-json\/wp\/v2\/comments?post=2628"}],"version-history":[{"count":0,"href":"https:\/\/www.landae.fr\/es\/wp-json\/wp\/v2\/pages\/2628\/revisions"}],"wp:featuredmedia":[{"embeddable":true,"href":"https:\/\/www.landae.fr\/es\/wp-json\/wp\/v2\/media\/1631"}],"wp:attachment":[{"href":"https:\/\/www.landae.fr\/es\/wp-json\/wp\/v2\/media?parent=2628"}],"curies":[{"name":"wp","href":"https:\/\/api.w.org\/{rel}","templated":true}]}}