{"id":2694,"date":"2025-12-04T10:16:42","date_gmt":"2025-12-04T09:16:42","guid":{"rendered":"https:\/\/www.landae.fr\/die-landae-dienste\/"},"modified":"2025-12-04T10:16:42","modified_gmt":"2025-12-04T09:16:42","slug":"die-landae-dienste","status":"publish","type":"page","link":"https:\/\/www.landae.fr\/de\/die-landae-dienste\/","title":{"rendered":"Die LANDAE-Dienste"},"content":{"rendered":"\n<div class=\"wp-block-columns alignwide is-layout-flex wp-container-core-columns-is-layout-28f84493 wp-block-columns-is-layout-flex\">\n<div class=\"wp-block-column is-layout-flow wp-block-column-is-layout-flow\" style=\"flex-basis:66.66%\">\n<h2 class=\"wp-block-heading\">Alle Dienstleistungen f\u00fcr einen <mark style=\"background-color:rgba(0, 0, 0, 0)\" class=\"has-inline-color has-theme-500-color\">komfortablen und ruhigen Aufenthalt<\/mark><\/h2>\n<\/div>\n\n\n\n<div class=\"wp-block-column is-layout-flow wp-block-column-is-layout-flow\" style=\"flex-basis:33.33%\"><\/div>\n<\/div>\n\n\n\n<div class=\"wp-block-columns alignwide is-layout-flex wp-container-core-columns-is-layout-28f84493 wp-block-columns-is-layout-flex\">\n<div class=\"wp-block-column is-layout-flow wp-block-column-is-layout-flow\"><\/div>\n\n\n\n<div class=\"wp-block-column is-layout-flow wp-block-column-is-layout-flow\">\n<p>Vor Ort k\u00f6nnen Sie von einer Reihe von Dienstleistungen profitieren, die Ihren Alltag erleichtern und Ihren Aufenthalt noch angenehmer machen sollen. Essen, Supermarkt, Sanit\u00e4ranlagen, Touristeninformation: alles ist vorhanden, um Ihnen den ganzen Tag \u00fcber Komfort, Zweckm\u00e4\u00dfigkeit und Gelassenheit zu bieten. <\/p>\n<\/div>\n<\/div>\n\n\n\n<div style=\"height:100px\" aria-hidden=\"true\" class=\"wp-block-spacer is-style-spacer-m\"><\/div>\n\n\n\n<section class=\"wp-block-group alignfull is-style-default has-theme-100-background-color has-background has-global-padding is-layout-constrained wp-block-group-is-layout-constrained\">\n<div class=\"wp-block-columns alignwide are-vertically-aligned-center is-style-alignfull-right is-layout-flex wp-container-core-columns-is-layout-28f84493 wp-block-columns-is-layout-flex\">\n<div class=\"wp-block-column is-vertically-aligned-center has-false-white-background-color has-background is-layout-flow wp-block-column-is-layout-flow\" style=\"flex-basis:50%\">\n<h2 class=\"wp-block-heading\">LANDAE <mark style=\"background-color:rgba(0, 0, 0, 0)\" class=\"has-inline-color has-theme-500-color\">Resto<\/mark><\/h2>\n\n\n\n<p>Genie\u00dfen Sie einen Moment der Entspannung im Restaurant.<\/p>\n\n\n\n<p>Genie\u00dfen Sie die lokale Gourmetk\u00fcche in einer entspannten Atmosph\u00e4re.<\/p>\n\n\n\n<p>Typische Gerichte, Eis, Cocktails, Themenessen f\u00fcr alle :<\/p>\n\n\n\n<ul class=\"wp-block-list\">\n<li>Pommes frites zum Mitnehmen<\/li>\n\n\n\n<li>das Tapas-Brett<\/li>\n\n\n\n<li>Pizza, die an Ihren Standort geliefert wird<\/li>\n<\/ul>\n\n\n\n<p>F\u00fcr jeden Geschmack ist etwas dabei.<\/p>\n\n\n\n<p>LANDAE Resto ist auch das Herz des Campingplatzes, wo wir Cocktailspiele und festliche Abende veranstalten.<\/p>\n\n\n\n<p>Vom Fr\u00fchst\u00fcck bis zum Abendessen finden sich alle im LANDAE Resto ein.<\/p>\n<\/div>\n\n\n\n<div class=\"wp-block-column is-vertically-aligned-center is-style-default is-layout-flow wp-block-column-is-layout-flow\" style=\"flex-basis:50%\">\n<figure class=\"wp-block-gallery has-nested-images columns-1 is-style-swiper-slider has-arrows wp-block-gallery-1 is-layout-flex wp-block-gallery-is-layout-flex\">\n<figure class=\"wp-block-image size-full\"><img alt=\"\" loading=\"lazy\" decoding=\"async\" width=\"1920\" height=\"1277\" data-id=\"1410\" src=\"https:\/\/www.landae.fr\/wp-content\/uploads\/2025\/12\/auberge_du_grand_megnos-9531-yohan_espiaube_original.webp\" alt=\"\" class=\"wp-image-1410\" srcset=\"https:\/\/www.landae.fr\/wp-content\/uploads\/2025\/12\/auberge_du_grand_megnos-9531-yohan_espiaube_original.webp 1920w, https:\/\/www.landae.fr\/wp-content\/uploads\/2025\/12\/auberge_du_grand_megnos-9531-yohan_espiaube_original-800x532.webp 800w, https:\/\/www.landae.fr\/wp-content\/uploads\/2025\/12\/auberge_du_grand_megnos-9531-yohan_espiaube_original-1400x931.webp 1400w, https:\/\/www.landae.fr\/wp-content\/uploads\/2025\/12\/auberge_du_grand_megnos-9531-yohan_espiaube_original-300x200.webp 300w, https:\/\/www.landae.fr\/wp-content\/uploads\/2025\/12\/auberge_du_grand_megnos-9531-yohan_espiaube_original-768x511.webp 768w, https:\/\/www.landae.fr\/wp-content\/uploads\/2025\/12\/auberge_du_grand_megnos-9531-yohan_espiaube_original-1536x1022.webp 1536w\" sizes=\"auto, (max-width: 1920px) 100vw, 1920px\" \/><\/figure>\n\n\n\n<figure class=\"wp-block-image size-full\"><img alt=\"\" loading=\"lazy\" decoding=\"async\" width=\"1920\" height=\"1277\" data-id=\"1921\" src=\"https:\/\/www.landae.fr\/wp-content\/uploads\/2025\/12\/degustation_chateau_tauziet-8045-yohan_espiaube_original-1.webp\" alt=\"\" class=\"wp-image-1921\" srcset=\"https:\/\/www.landae.fr\/wp-content\/uploads\/2025\/12\/degustation_chateau_tauziet-8045-yohan_espiaube_original-1.webp 1920w, https:\/\/www.landae.fr\/wp-content\/uploads\/2025\/12\/degustation_chateau_tauziet-8045-yohan_espiaube_original-1-800x532.webp 800w, https:\/\/www.landae.fr\/wp-content\/uploads\/2025\/12\/degustation_chateau_tauziet-8045-yohan_espiaube_original-1-1400x931.webp 1400w, https:\/\/www.landae.fr\/wp-content\/uploads\/2025\/12\/degustation_chateau_tauziet-8045-yohan_espiaube_original-1-300x200.webp 300w, https:\/\/www.landae.fr\/wp-content\/uploads\/2025\/12\/degustation_chateau_tauziet-8045-yohan_espiaube_original-1-768x511.webp 768w, https:\/\/www.landae.fr\/wp-content\/uploads\/2025\/12\/degustation_chateau_tauziet-8045-yohan_espiaube_original-1-1536x1022.webp 1536w\" sizes=\"auto, (max-width: 1920px) 100vw, 1920px\" \/><\/figure>\n\n\n\n<figure class=\"wp-block-image size-full\"><img alt=\"\" loading=\"lazy\" decoding=\"async\" width=\"1920\" height=\"1191\" data-id=\"1402\" src=\"https:\/\/www.landae.fr\/wp-content\/uploads\/2025\/12\/asperges.webp\" alt=\"\" class=\"wp-image-1402\" srcset=\"https:\/\/www.landae.fr\/wp-content\/uploads\/2025\/12\/asperges.webp 1920w, https:\/\/www.landae.fr\/wp-content\/uploads\/2025\/12\/asperges-800x496.webp 800w, https:\/\/www.landae.fr\/wp-content\/uploads\/2025\/12\/asperges-1400x868.webp 1400w, https:\/\/www.landae.fr\/wp-content\/uploads\/2025\/12\/asperges-300x186.webp 300w, https:\/\/www.landae.fr\/wp-content\/uploads\/2025\/12\/asperges-768x476.webp 768w, https:\/\/www.landae.fr\/wp-content\/uploads\/2025\/12\/asperges-1536x953.webp 1536w\" sizes=\"auto, (max-width: 1920px) 100vw, 1920px\" \/><\/figure>\n<\/figure>\n<\/div>\n<\/div>\n<\/section>\n\n\n\n<section class=\"wp-block-group alignfull has-theme-500-background-color has-background has-global-padding is-layout-constrained wp-block-group-is-layout-constrained\">\n<div class=\"wp-block-columns alignwide are-vertically-aligned-center is-style-alignfull-left is-layout-flex wp-container-core-columns-is-layout-28f84493 wp-block-columns-is-layout-flex\">\n<div class=\"wp-block-column is-vertically-aligned-center is-layout-flow wp-block-column-is-layout-flow\" style=\"flex-basis:50%\">\n<figure class=\"wp-block-gallery has-nested-images columns-1 is-style-swiper-slider has-arrows wp-block-gallery-2 is-layout-flex wp-block-gallery-is-layout-flex\">\n<figure class=\"wp-block-image size-full\"><img alt=\"\" loading=\"lazy\" decoding=\"async\" width=\"800\" height=\"507\" data-id=\"1523\" src=\"https:\/\/www.landae.fr\/wp-content\/uploads\/2025\/12\/800x600_woman-holding-basket-vegetables-430651.jpg\" alt=\"\" class=\"wp-image-1523\" srcset=\"https:\/\/www.landae.fr\/wp-content\/uploads\/2025\/12\/800x600_woman-holding-basket-vegetables-430651.jpg 800w, https:\/\/www.landae.fr\/wp-content\/uploads\/2025\/12\/800x600_woman-holding-basket-vegetables-430651-300x190.jpg 300w, https:\/\/www.landae.fr\/wp-content\/uploads\/2025\/12\/800x600_woman-holding-basket-vegetables-430651-768x487.jpg 768w\" sizes=\"auto, (max-width: 800px) 100vw, 800px\" \/><\/figure>\n\n\n\n<figure class=\"wp-block-image size-large\"><img alt=\"\" loading=\"lazy\" decoding=\"async\" width=\"933\" height=\"1400\" data-id=\"1912\" src=\"https:\/\/www.landae.fr\/wp-content\/uploads\/2025\/12\/baguettes-au-marche-en-france-933x1400.jpg\" alt=\"\" class=\"wp-image-1912\"><\/figure>\n<\/figure>\n<\/div>\n\n\n\n<div class=\"wp-block-column is-vertically-aligned-center has-false-black-color has-false-white-background-color has-text-color has-background has-link-color wp-elements-b57e059f6f0f74f42ccc26bbeaa70fb4 is-layout-flow wp-block-column-is-layout-flow\" style=\"flex-basis:50%\">\n<h2 class=\"wp-block-heading\">LANDAE <mark style=\"background-color:rgba(0, 0, 0, 0)\" class=\"has-inline-color has-theme-500-color\">Markt<\/mark><\/h2>\n\n\n\n<p>LANDAE March\u00e9, Ihr Supermarkt im Herzen des Campingplatzes!<\/p>\n\n\n\n<p>Er liegt nur wenige Schritte von Ihrem Stellplatz entfernt und ist ein beliebter Ort f\u00fcr einen 100%igen Farniente-Urlaub.<\/p>\n\n\n\n<p>Hier finden Sie Brot, Geb\u00e4ck, frische und regionale Produkte, die f\u00fcr einen gelungenen Urlaub unerl\u00e4sslich sind.<\/p>\n\n\n\n<p>Hier finden Sie alles, was Sie f\u00fcr einen gem\u00fctlichen Aperitif oder ein leckeres Picknick ben\u00f6tigen.<\/p>\n\n\n\n<p>F\u00fcr einen umweltbewussten Urlaub, denken Sie an Ihre wiederverwendbare Tasche!<\/p>\n<\/div>\n<\/div>\n<\/section>\n\n\n\n<section class=\"wp-block-group alignfull is-style-default has-global-padding is-layout-constrained wp-block-group-is-layout-constrained\">\n<div class=\"wp-block-columns alignwide are-vertically-aligned-center is-style-alignfull-right is-layout-flex wp-container-core-columns-is-layout-28f84493 wp-block-columns-is-layout-flex\">\n<div class=\"wp-block-column is-vertically-aligned-center has-white-0-color has-theme-700-background-color has-text-color has-background has-link-color wp-elements-0306639548e6d4e5df78b2c1bd3b2d4d is-layout-flow wp-block-column-is-layout-flow\" style=\"flex-basis:50%\">\n<h2 class=\"wp-block-heading\">LANDAE <mark style=\"background-color:rgba(0, 0, 0, 0)\" class=\"has-inline-color has-theme-500-color\">Sanit\u00e4r<\/mark><\/h2>\n\n\n\n<p>Um das Wohlbefinden unserer G\u00e4ste zu gew\u00e4hrleisten, verf\u00fcgt der Campingplatz \u00fcber einen Sanit\u00e4rblock mit warmen Duschen, Waschbecken und WCs.<\/p>\n\n\n\n<p>Die Kleinsten haben ihren eigenen Bereich mit Babybadewanne und Wickeltisch.<\/p>\n\n\n\n<p>LANDAE Sanit\u00e4r ist mit Waschmaschinen und W\u00e4schetrocknern ausgestattet.<\/p>\n\n\n\n<p>B\u00fcgeleisen und B\u00fcgelbrett stehen ebenfalls zur Verf\u00fcgung.<\/p>\n<\/div>\n\n\n\n<div class=\"wp-block-column is-vertically-aligned-center is-style-default is-layout-flow wp-block-column-is-layout-flow\" style=\"flex-basis:50%\">\n<figure class=\"wp-block-gallery has-nested-images columns-1 is-style-swiper-slider has-arrows wp-block-gallery-3 is-layout-flex wp-block-gallery-is-layout-flex\">\n<figure class=\"wp-block-image size-full\"><img alt=\"\" loading=\"lazy\" decoding=\"async\" width=\"1707\" height=\"2560\" data-id=\"1705\" src=\"https:\/\/www.landae.fr\/wp-content\/uploads\/2025\/12\/pomme-de-douche-avec-eau-chaude-scaled.jpg\" alt=\"\" class=\"wp-image-1705\" srcset=\"https:\/\/www.landae.fr\/wp-content\/uploads\/2025\/12\/pomme-de-douche-avec-eau-chaude-scaled.jpg 1707w, https:\/\/www.landae.fr\/wp-content\/uploads\/2025\/12\/pomme-de-douche-avec-eau-chaude-400x600.jpg 400w, https:\/\/www.landae.fr\/wp-content\/uploads\/2025\/12\/pomme-de-douche-avec-eau-chaude-933x1400.jpg 933w, https:\/\/www.landae.fr\/wp-content\/uploads\/2025\/12\/pomme-de-douche-avec-eau-chaude-200x300.jpg 200w, https:\/\/www.landae.fr\/wp-content\/uploads\/2025\/12\/pomme-de-douche-avec-eau-chaude-768x1152.jpg 768w, https:\/\/www.landae.fr\/wp-content\/uploads\/2025\/12\/pomme-de-douche-avec-eau-chaude-1024x1536.jpg 1024w, https:\/\/www.landae.fr\/wp-content\/uploads\/2025\/12\/pomme-de-douche-avec-eau-chaude-1365x2048.jpg 1365w\" sizes=\"auto, (max-width: 1707px) 100vw, 1707px\" \/><\/figure>\n\n\n\n<figure class=\"wp-block-image size-full\"><img alt=\"\" loading=\"lazy\" decoding=\"async\" width=\"2560\" height=\"1707\" data-id=\"1709\" src=\"https:\/\/www.landae.fr\/wp-content\/uploads\/2025\/12\/processus-de-lavage-des-vetements-scaled.jpg\" alt=\"\" class=\"wp-image-1709\" srcset=\"https:\/\/www.landae.fr\/wp-content\/uploads\/2025\/12\/processus-de-lavage-des-vetements-scaled.jpg 2560w, https:\/\/www.landae.fr\/wp-content\/uploads\/2025\/12\/processus-de-lavage-des-vetements-800x533.jpg 800w, https:\/\/www.landae.fr\/wp-content\/uploads\/2025\/12\/processus-de-lavage-des-vetements-1400x933.jpg 1400w, https:\/\/www.landae.fr\/wp-content\/uploads\/2025\/12\/processus-de-lavage-des-vetements-300x200.jpg 300w, https:\/\/www.landae.fr\/wp-content\/uploads\/2025\/12\/processus-de-lavage-des-vetements-768x512.jpg 768w, https:\/\/www.landae.fr\/wp-content\/uploads\/2025\/12\/processus-de-lavage-des-vetements-1536x1024.jpg 1536w, https:\/\/www.landae.fr\/wp-content\/uploads\/2025\/12\/processus-de-lavage-des-vetements-2048x1365.jpg 2048w\" sizes=\"auto, (max-width: 2560px) 100vw, 2560px\" \/><\/figure>\n<\/figure>\n<\/div>\n<\/div>\n<\/section>\n\n\n\n<section class=\"wp-block-group alignfull has-global-padding is-layout-constrained wp-block-group-is-layout-constrained\">\n<div class=\"wp-block-columns alignwide are-vertically-aligned-center is-style-alignfull-left is-layout-flex wp-container-core-columns-is-layout-28f84493 wp-block-columns-is-layout-flex\">\n<div class=\"wp-block-column is-vertically-aligned-center is-layout-flow wp-block-column-is-layout-flow\" style=\"flex-basis:50%\">\n<figure class=\"wp-block-gallery has-nested-images columns-1 is-style-swiper-slider has-arrows wp-block-gallery-4 is-layout-flex wp-block-gallery-is-layout-flex\">\n<figure class=\"wp-block-image size-large\"><img alt=\"\" loading=\"lazy\" decoding=\"async\" width=\"935\" height=\"1400\" data-id=\"1929\" src=\"https:\/\/www.landae.fr\/wp-content\/uploads\/2025\/12\/Camping_landae_ondres_ocean_01-935x1400.jpg\" alt=\"\" class=\"wp-image-1929\" srcset=\"https:\/\/www.landae.fr\/wp-content\/uploads\/2025\/12\/Camping_landae_ondres_ocean_01-935x1400.jpg 935w, https:\/\/www.landae.fr\/wp-content\/uploads\/2025\/12\/Camping_landae_ondres_ocean_01-401x600.jpg 401w, https:\/\/www.landae.fr\/wp-content\/uploads\/2025\/12\/Camping_landae_ondres_ocean_01-200x300.jpg 200w, https:\/\/www.landae.fr\/wp-content\/uploads\/2025\/12\/Camping_landae_ondres_ocean_01-768x1150.jpg 768w, https:\/\/www.landae.fr\/wp-content\/uploads\/2025\/12\/Camping_landae_ondres_ocean_01-1026x1536.jpg 1026w, https:\/\/www.landae.fr\/wp-content\/uploads\/2025\/12\/Camping_landae_ondres_ocean_01.jpg 1336w\" sizes=\"auto, (max-width: 935px) 100vw, 935px\" \/><\/figure>\n\n\n\n<figure class=\"wp-block-image size-full\"><img loading=\"lazy\" decoding=\"async\" width=\"1200\" height=\"900\" data-id=\"1060\" src=\"https:\/\/www.landae.fr\/wp-content\/uploads\/2025\/12\/Saint-Jean-Pied-de-Port.jpg\" alt=\"Saint-Jean-Pied-de-Port\" class=\"wp-image-1060\" srcset=\"https:\/\/www.landae.fr\/wp-content\/uploads\/2025\/12\/Saint-Jean-Pied-de-Port.jpg 1200w, https:\/\/www.landae.fr\/wp-content\/uploads\/2025\/12\/Saint-Jean-Pied-de-Port-800x600.jpg 800w, https:\/\/www.landae.fr\/wp-content\/uploads\/2025\/12\/Saint-Jean-Pied-de-Port-300x225.jpg 300w, https:\/\/www.landae.fr\/wp-content\/uploads\/2025\/12\/Saint-Jean-Pied-de-Port-768x576.jpg 768w\" sizes=\"auto, (max-width: 1200px) 100vw, 1200px\" \/><\/figure>\n\n\n\n<figure class=\"wp-block-image size-large\"><img alt=\"\" loading=\"lazy\" decoding=\"async\" width=\"1400\" height=\"933\" data-id=\"1548\" src=\"https:\/\/www.landae.fr\/wp-content\/uploads\/2025\/12\/surf-coucher-de-soleil--1400x933.jpg\" alt=\"\" class=\"wp-image-1548\" srcset=\"https:\/\/www.landae.fr\/wp-content\/uploads\/2025\/12\/surf-coucher-de-soleil--1400x933.jpg 1400w, https:\/\/www.landae.fr\/wp-content\/uploads\/2025\/12\/surf-coucher-de-soleil--800x533.jpg 800w, https:\/\/www.landae.fr\/wp-content\/uploads\/2025\/12\/surf-coucher-de-soleil--300x200.jpg 300w, https:\/\/www.landae.fr\/wp-content\/uploads\/2025\/12\/surf-coucher-de-soleil--768x512.jpg 768w, https:\/\/www.landae.fr\/wp-content\/uploads\/2025\/12\/surf-coucher-de-soleil--1536x1023.jpg 1536w, https:\/\/www.landae.fr\/wp-content\/uploads\/2025\/12\/surf-coucher-de-soleil-.jpg 1600w\" sizes=\"auto, (max-width: 1400px) 100vw, 1400px\" \/><\/figure>\n<\/figure>\n<\/div>\n\n\n\n<div class=\"wp-block-column is-vertically-aligned-center has-false-black-color has-theme-100-background-color has-text-color has-background has-link-color wp-elements-f8afc9fa5cb18c6cd4af85ceba5bc796 is-layout-flow wp-block-column-is-layout-flow\" style=\"flex-basis:50%\">\n<h2 class=\"wp-block-heading\">LANDAE <mark style=\"background-color:rgba(0, 0, 0, 0)\" class=\"has-inline-color has-theme-500-color\">Amt<\/mark><\/h2>\n\n\n\n<p>Nutzen Sie Ihren Aufenthalt in LANDAE, um die Landes und das Baskenland zu entdecken. Seine zentrale Lage vor den Toren von Bayonne macht ihn zum idealen Ort, um die Umgebung mit dem Fahrrad auf der <a href=\"https:\/\/www.lavelodyssee.com\/itineraire\/capbreton-bayonne\">V\u00e9lodyss\u00e9e<\/a> zu erkunden. <\/p>\n\n\n\n<p>Unser Team im LANDAE Office wird Ihnen gerne Informationen geben, wie Sie die reiche Region von der K\u00fcste der Landes bis zur baskischen K\u00fcste erkunden k\u00f6nnen.<\/p>\n\n\n\n<p>Ob Sie nun auf der Suche nach sportlichen Aktivit\u00e4ten, Surfen, Radfahren, kulturellen Entdeckungen von Saint-Jean-de-Luz, Soustons, Biarritz und Hossegor oder versteckten Naturgebieten in Dax oder Espelette sind, wir freuen uns darauf, Sie zu f\u00fchren.<\/p>\n<\/div>\n<\/div>\n<\/section>\n\n\n\n<div class=\"wp-block-group alignfull has-transparent-to-terra-gradient-background has-background has-global-padding is-layout-constrained wp-block-group-is-layout-constrained\">\n<h2 class=\"wp-block-heading alignwide has-text-align-center\">Entdecken Sie unsere Unterk\u00fcnfte<\/h2>\n\n\n\n<div style=\"height:100px\" aria-hidden=\"true\" class=\"wp-block-spacer is-style-spacer-m\"><\/div>\n\n\n\n<div class=\"wp-block-group alignwide is-swiper-3-cols display-more no-loop is-style-swiper-slider is-style-alignfull-right has-arrows is-layout-grid wp-container-core-group-is-layout-988b637e wp-block-group-is-layout-grid\">\n<div class=\"wp-block-media-text is-stacked-on-mobile is-style-mobile linked has-theme-100-background-color has-background\"><figure class=\"wp-block-media-text__media\"><a href=\"https:\/\/www.landae.fr\/mobil-home-sylva\/\"><img alt=\"\" loading=\"lazy\" decoding=\"async\" width=\"1200\" height=\"900\" src=\"https:\/\/www.landae.fr\/wp-content\/uploads\/2025\/12\/804_2CH_CJ_HD.jpg-1200px.jpg\" alt=\"\" class=\"wp-image-2155 size-full\" srcset=\"https:\/\/www.landae.fr\/wp-content\/uploads\/2025\/12\/804_2CH_CJ_HD.jpg-1200px.jpg 1200w, https:\/\/www.landae.fr\/wp-content\/uploads\/2025\/12\/804_2CH_CJ_HD.jpg-1200px-800x600.jpg 800w, https:\/\/www.landae.fr\/wp-content\/uploads\/2025\/12\/804_2CH_CJ_HD.jpg-1200px-300x225.jpg 300w, https:\/\/www.landae.fr\/wp-content\/uploads\/2025\/12\/804_2CH_CJ_HD.jpg-1200px-768x576.jpg 768w\" sizes=\"auto, (max-width: 1200px) 100vw, 1200px\" \/><\/a><\/figure><div class=\"wp-block-media-text__content\">\n<p class=\"is-style-tag has-theme-100-color has-theme-700-background-color has-text-color has-background has-link-color has-s-font-size wp-elements-88a58406fda720a675a267401d5f78f8\" style=\"font-style:normal;font-weight:700;text-transform:uppercase\">PREMIUM<\/p>\n\n\n\n<h3 class=\"wp-block-heading\"><a href=\"https:\/\/www.landae.fr\/mobil-home-sylva\/\" data-type=\"page\" data-id=\"1035\">Mobilheim SYLVA<\/a><\/h3>\n\n\n\n<p class=\"has-s-font-size\">Eine nat\u00fcrliche Umgebung und moderne Einrichtungen f\u00fcr einen ruhigen Urlaub im Herzen des Landes-Waldes.  <\/p>\n\n\n\n<p class=\"has-s-font-size\"><img alt=\"\" decoding=\"async\" class=\"wp-image-400\" style=\"width: NaNpx;\" src=\"https:\/\/www.landae.fr\/wp-content\/uploads\/2025\/12\/people.svg\" alt=\"\"><strong>Bis zu 4 Personen<\/strong><\/p>\n\n\n\n<div class=\"wp-block-buttons is-layout-flex wp-block-buttons-is-layout-flex\">\n<div class=\"wp-block-button\"><a class=\"wp-block-button__link has-false-black-color has-false-white-background-color has-text-color has-background has-link-color wp-element-button\" href=\"https:\/\/www.landae.fr\/mobil-home-sylva\/\">Entdecken &amp; Buchen<\/a><\/div>\n<\/div>\n<\/div><\/div>\n\n\n\n<div class=\"wp-block-media-text is-stacked-on-mobile is-style-mobile linked has-theme-100-background-color has-background\"><figure class=\"wp-block-media-text__media\"><a href=\"https:\/\/www.landae.fr\/mobil-home-mata\/\"><img loading=\"lazy\" decoding=\"async\" width=\"1400\" height=\"933\" src=\"https:\/\/www.landae.fr\/wp-content\/uploads\/2025\/12\/landae-ivanrodeorodriguez-56-1400x933.jpg\" alt=\"Mobilheim MATA landae\" class=\"wp-image-1351 size-full\" srcset=\"https:\/\/www.landae.fr\/wp-content\/uploads\/2025\/12\/landae-ivanrodeorodriguez-56-1400x933.jpg 1400w, https:\/\/www.landae.fr\/wp-content\/uploads\/2025\/12\/landae-ivanrodeorodriguez-56-800x533.jpg 800w, https:\/\/www.landae.fr\/wp-content\/uploads\/2025\/12\/landae-ivanrodeorodriguez-56-300x200.jpg 300w, https:\/\/www.landae.fr\/wp-content\/uploads\/2025\/12\/landae-ivanrodeorodriguez-56-768x512.jpg 768w, https:\/\/www.landae.fr\/wp-content\/uploads\/2025\/12\/landae-ivanrodeorodriguez-56-1536x1024.jpg 1536w, https:\/\/www.landae.fr\/wp-content\/uploads\/2025\/12\/landae-ivanrodeorodriguez-56-2048x1365.jpg 2048w\" sizes=\"auto, (max-width: 1400px) 100vw, 1400px\" \/><\/a><\/figure><div class=\"wp-block-media-text__content\">\n<h3 class=\"wp-block-heading\"><a href=\"https:\/\/www.landae.fr\/mobil-home-mata\/\" data-type=\"page\" data-id=\"963\">Mobil-home MATA<\/a><\/h3>\n\n\n\n<p class=\"has-s-font-size\">Ein moderner Kokon mit optimierter Aufteilung, um die vielen Vorteile der K\u00fcste von Landes zu genie\u00dfen.<\/p>\n\n\n\n<p class=\"has-s-font-size\"><img alt=\"\" decoding=\"async\" class=\"wp-image-400\" style=\"width: NaNpx;\" src=\"https:\/\/www.landae.fr\/wp-content\/uploads\/2025\/12\/people.svg\" alt=\"\"><strong>Bis zu 4 Personen<\/strong><\/p>\n\n\n\n<div class=\"wp-block-buttons is-layout-flex wp-block-buttons-is-layout-flex\">\n<div class=\"wp-block-button\"><a class=\"wp-block-button__link has-false-black-color has-false-white-background-color has-text-color has-background has-link-color wp-element-button\" href=\"https:\/\/www.landae.fr\/mobil-home-mata\/\">Entdecken &amp; Buchen<\/a><\/div>\n<\/div>\n<\/div><\/div>\n\n\n\n<div class=\"wp-block-media-text is-stacked-on-mobile is-style-mobile linked has-theme-100-background-color has-background\"><figure class=\"wp-block-media-text__media\"><a href=\"https:\/\/www.landae.fr\/insolite-tyra\/\"><img alt=\"\" loading=\"lazy\" decoding=\"async\" width=\"1400\" height=\"785\" src=\"https:\/\/www.landae.fr\/wp-content\/uploads\/2025\/12\/karlotte-2025-HD-1400x785.jpg\" alt=\"\" class=\"wp-image-2046 size-full\" srcset=\"https:\/\/www.landae.fr\/wp-content\/uploads\/2025\/12\/karlotte-2025-HD-1400x785.jpg 1400w, https:\/\/www.landae.fr\/wp-content\/uploads\/2025\/12\/karlotte-2025-HD-800x448.jpg 800w, https:\/\/www.landae.fr\/wp-content\/uploads\/2025\/12\/karlotte-2025-HD-300x168.jpg 300w, https:\/\/www.landae.fr\/wp-content\/uploads\/2025\/12\/karlotte-2025-HD-768x430.jpg 768w, https:\/\/www.landae.fr\/wp-content\/uploads\/2025\/12\/karlotte-2025-HD-1536x861.jpg 1536w, https:\/\/www.landae.fr\/wp-content\/uploads\/2025\/12\/karlotte-2025-HD-2048x1148.jpg 2048w\" sizes=\"auto, (max-width: 1400px) 100vw, 1400px\" \/><\/a><\/figure><div class=\"wp-block-media-text__content\">\n<p class=\"is-style-tag has-theme-100-background-color has-background has-s-font-size\" style=\"font-style:normal;font-weight:700;text-transform:uppercase\">INSOLITE<\/p>\n\n\n\n<h3 class=\"wp-block-heading\"><a href=\"https:\/\/www.landae.fr\/insolite-tyra\/\" data-type=\"page\" data-id=\"2027\">Ungew\u00f6hnlich TYRA<\/a><\/h3>\n\n\n\n<p class=\"has-s-font-size\">Ein origineller, zur Natur hin offener Raum f\u00fcr einen ungew\u00f6hnlichen Urlaub. Eine einzigartige Unterkunft in den Landes! <\/p>\n\n\n\n<p class=\"has-s-font-size\"><img alt=\"\" decoding=\"async\" class=\"wp-image-400\" style=\"width: NaNpx;\" src=\"https:\/\/www.landae.fr\/wp-content\/uploads\/2025\/12\/people.svg\" alt=\"\"><strong>Bis zu 4 Personen<\/strong><\/p>\n\n\n\n<div class=\"wp-block-buttons is-layout-flex wp-block-buttons-is-layout-flex\">\n<div class=\"wp-block-button\"><a class=\"wp-block-button__link has-false-black-color has-false-white-background-color has-text-color has-background has-link-color wp-element-button\" href=\"https:\/\/www.landae.fr\/insolite-tyra\/\">Entdecken &amp; Buchen<\/a><\/div>\n<\/div>\n<\/div><\/div>\n\n\n\n<div class=\"wp-block-media-text is-stacked-on-mobile is-style-mobile linked has-theme-100-background-color has-background\"><figure class=\"wp-block-media-text__media\"><a href=\"https:\/\/www.landae.fr\/mobil-home-amazonia\/\"><img alt=\"\" loading=\"lazy\" decoding=\"async\" width=\"1160\" height=\"870\" src=\"https:\/\/www.landae.fr\/wp-content\/uploads\/2025\/12\/1_cottage_4p_2_ch_1sdb_4f_ext-1.jpg\" alt=\"\" class=\"wp-image-2071 size-full\" srcset=\"https:\/\/www.landae.fr\/wp-content\/uploads\/2025\/12\/1_cottage_4p_2_ch_1sdb_4f_ext-1.jpg 1160w, https:\/\/www.landae.fr\/wp-content\/uploads\/2025\/12\/1_cottage_4p_2_ch_1sdb_4f_ext-1-800x600.jpg 800w, https:\/\/www.landae.fr\/wp-content\/uploads\/2025\/12\/1_cottage_4p_2_ch_1sdb_4f_ext-1-300x225.jpg 300w, https:\/\/www.landae.fr\/wp-content\/uploads\/2025\/12\/1_cottage_4p_2_ch_1sdb_4f_ext-1-768x576.jpg 768w\" sizes=\"auto, (max-width: 1160px) 100vw, 1160px\" \/><\/a><\/figure><div class=\"wp-block-media-text__content\">\n<p class=\"is-style-tag has-theme-100-color has-theme-700-background-color has-text-color has-background has-link-color has-s-font-size wp-elements-88a58406fda720a675a267401d5f78f8\" style=\"font-style:normal;font-weight:700;text-transform:uppercase\">PREMIUM<\/p>\n\n\n\n<h3 class=\"wp-block-heading\"><a href=\"https:\/\/www.landae.fr\/mobil-home-amazonia\/\" data-type=\"page\" data-id=\"1046\">Mobilheim AMAZONIA<\/a><\/h3>\n\n\n\n<p class=\"has-s-font-size\">Eine Premium-H\u00fctte mit modernem Komfort f\u00fcr einen Urlaub in Harmonie mit der Natur im Schatten der Pinien.<\/p>\n\n\n\n<p class=\"has-s-font-size\"><img alt=\"\" decoding=\"async\" class=\"wp-image-400\" style=\"width: NaNpx;\" src=\"https:\/\/www.landae.fr\/wp-content\/uploads\/2025\/12\/people.svg\" alt=\"\"><strong>Bis zu 4 Personen<\/strong><\/p>\n\n\n\n<div class=\"wp-block-buttons is-layout-flex wp-block-buttons-is-layout-flex\">\n<div class=\"wp-block-button\"><a class=\"wp-block-button__link has-false-black-color has-false-white-background-color has-text-color has-background has-link-color wp-element-button\" href=\"https:\/\/www.landae.fr\/mobil-home-amazonia\/\">Entdecken &amp; Buchen<\/a><\/div>\n<\/div>\n<\/div><\/div>\n\n\n\n<div class=\"wp-block-media-text is-stacked-on-mobile is-style-mobile linked has-theme-100-background-color has-background\"><figure class=\"wp-block-media-text__media\"><a href=\"https:\/\/www.landae.fr\/mobil-home-landae-tribu\/\"><img alt=\"\" loading=\"lazy\" decoding=\"async\" width=\"1400\" height=\"1022\" src=\"https:\/\/www.landae.fr\/wp-content\/uploads\/2025\/12\/gande-terrasse-ivanrodeorodriguez-3-scaled-e1765984133219-1400x1022.jpg\" alt=\"\" class=\"wp-image-2130 size-full\" srcset=\"https:\/\/www.landae.fr\/wp-content\/uploads\/2025\/12\/gande-terrasse-ivanrodeorodriguez-3-scaled-e1765984133219-1400x1022.jpg 1400w, https:\/\/www.landae.fr\/wp-content\/uploads\/2025\/12\/gande-terrasse-ivanrodeorodriguez-3-scaled-e1765984133219-800x584.jpg 800w, https:\/\/www.landae.fr\/wp-content\/uploads\/2025\/12\/gande-terrasse-ivanrodeorodriguez-3-scaled-e1765984133219-300x219.jpg 300w, https:\/\/www.landae.fr\/wp-content\/uploads\/2025\/12\/gande-terrasse-ivanrodeorodriguez-3-scaled-e1765984133219-768x560.jpg 768w, https:\/\/www.landae.fr\/wp-content\/uploads\/2025\/12\/gande-terrasse-ivanrodeorodriguez-3-scaled-e1765984133219-1536x1121.jpg 1536w, https:\/\/www.landae.fr\/wp-content\/uploads\/2025\/12\/gande-terrasse-ivanrodeorodriguez-3-scaled-e1765984133219.jpg 2035w\" sizes=\"auto, (max-width: 1400px) 100vw, 1400px\" \/><\/a><\/figure><div class=\"wp-block-media-text__content\">\n<p class=\"is-style-tag has-theme-500-background-color has-background has-s-font-size\" style=\"font-style:normal;font-weight:700;text-transform:uppercase\">XXL<\/p>\n\n\n\n<h3 class=\"wp-block-heading\"><a href=\"https:\/\/www.landae.fr\/ta-maison-de-vacances\/cottage-floresta\/\" data-type=\"page\" data-id=\"185\">Mobilheim LANDAE TRIBU<\/a><\/h3>\n\n\n\n<p class=\"has-s-font-size\">Eine XXL-Unterkunft mit einer gro\u00dfen Terrasse und zwei zusammengelegten Unterk\u00fcnften f\u00fcr gro\u00dfe Familien oder Gruppen von Freunden.<\/p>\n\n\n\n<p class=\"has-s-font-size\"><img alt=\"\" decoding=\"async\" class=\"wp-image-400\" style=\"width: NaNpx;\" src=\"https:\/\/www.landae.fr\/wp-content\/uploads\/2025\/12\/people.svg\" alt=\"\"><strong>Bis zu 10 Personen<\/strong><\/p>\n\n\n\n<div class=\"wp-block-buttons is-layout-flex wp-block-buttons-is-layout-flex\">\n<div class=\"wp-block-button\"><a class=\"wp-block-button__link has-false-black-color has-false-white-background-color has-text-color has-background has-link-color wp-element-button\" href=\"https:\/\/www.landae.fr\/mobil-home-landae-tribu\/\">Entdecken &amp; Buchen<\/a><\/div>\n<\/div>\n<\/div><\/div>\n\n\n\n<div class=\"wp-block-media-text is-stacked-on-mobile is-style-mobile linked has-theme-100-background-color has-background\"><figure class=\"wp-block-media-text__media\"><a href=\"https:\/\/www.landae.fr\/mobil-home-sequoia\/\"><img alt=\"\" loading=\"lazy\" decoding=\"async\" width=\"1200\" height=\"800\" src=\"https:\/\/www.landae.fr\/wp-content\/uploads\/2025\/12\/landae-ivanrodeorodriguez-10.jpg\" alt=\"\" class=\"wp-image-1136 size-full\" srcset=\"https:\/\/www.landae.fr\/wp-content\/uploads\/2025\/12\/landae-ivanrodeorodriguez-10.jpg 1200w, https:\/\/www.landae.fr\/wp-content\/uploads\/2025\/12\/landae-ivanrodeorodriguez-10-800x533.jpg 800w, https:\/\/www.landae.fr\/wp-content\/uploads\/2025\/12\/landae-ivanrodeorodriguez-10-300x200.jpg 300w, https:\/\/www.landae.fr\/wp-content\/uploads\/2025\/12\/landae-ivanrodeorodriguez-10-768x512.jpg 768w\" sizes=\"auto, (max-width: 1200px) 100vw, 1200px\" \/><\/a><\/figure><div class=\"wp-block-media-text__content\">\n<h3 class=\"wp-block-heading\"><a href=\"https:\/\/www.landae.fr\/ta-maison-de-vacances\/cottage-floresta\/\" data-type=\"page\" data-id=\"185\">Mobilheim SEQUOIA<\/a><\/h3>\n\n\n\n<p class=\"has-s-font-size\">Eine elegante Unterkunft, in der sich Innen- und Au\u00dfenbereich treffen, um die Tage im Freien voll und ganz zu genie\u00dfen.<\/p>\n\n\n\n<p class=\"has-s-font-size\"><img alt=\"\" decoding=\"async\" class=\"wp-image-400\" style=\"width: NaNpx;\" src=\"https:\/\/www.landae.fr\/wp-content\/uploads\/2025\/12\/people.svg\" alt=\"\"><strong>Bis zu 4 Personen<\/strong><\/p>\n\n\n\n<div class=\"wp-block-buttons is-layout-flex wp-block-buttons-is-layout-flex\">\n<div class=\"wp-block-button\"><a class=\"wp-block-button__link has-false-black-color has-false-white-background-color has-text-color has-background has-link-color wp-element-button\" href=\"https:\/\/www.landae.fr\/mobil-home-sequoia\/\">Entdecken &amp; Buchen<\/a><\/div>\n<\/div>\n<\/div><\/div>\n\n\n\n<div class=\"wp-block-media-text is-stacked-on-mobile is-style-mobile linked has-theme-100-background-color has-background\"><figure class=\"wp-block-media-text__media\"><a href=\"https:\/\/www.landae.fr\/de\/unterkunfte-landae\/ungewohnliches-landae\/ungewohnlich-sylodge\/\"><img alt=\"H\u00e9bergement insolite Sylodge LANDAE ensemble\" loading=\"lazy\" decoding=\"async\" width=\"1400\" height=\"934\" src=\"https:\/\/www.landae.fr\/wp-content\/uploads\/2025\/12\/landae-ivanrodeorodriguez-83-1-1400x934.jpg\" alt=\"\" class=\"wp-image-2331 size-full\" srcset=\"https:\/\/www.landae.fr\/wp-content\/uploads\/2025\/12\/landae-ivanrodeorodriguez-83-1-1400x934.jpg 1400w, https:\/\/www.landae.fr\/wp-content\/uploads\/2025\/12\/landae-ivanrodeorodriguez-83-1-800x533.jpg 800w, https:\/\/www.landae.fr\/wp-content\/uploads\/2025\/12\/landae-ivanrodeorodriguez-83-1-300x200.jpg 300w, https:\/\/www.landae.fr\/wp-content\/uploads\/2025\/12\/landae-ivanrodeorodriguez-83-1-768x512.jpg 768w, https:\/\/www.landae.fr\/wp-content\/uploads\/2025\/12\/landae-ivanrodeorodriguez-83-1-1536x1024.jpg 1536w, https:\/\/www.landae.fr\/wp-content\/uploads\/2025\/12\/landae-ivanrodeorodriguez-83-1-2048x1366.jpg 2048w\" sizes=\"auto, (max-width: 1400px) 100vw, 1400px\" \/><\/a><\/figure><div class=\"wp-block-media-text__content\">\n<p class=\"is-style-tag has-theme-100-background-color has-background has-s-font-size\" style=\"font-style:normal;font-weight:700;text-transform:uppercase\">INSOLITE<\/p>\n\n\n\n<h3 class=\"wp-block-heading\"><a href=\"https:\/\/www.landae.fr\/de\/unterkunfte-landae\/ungewohnliches-landae\/ungewohnlich-sylodge\/\" data-type=\"page\" data-id=\"2027\">Ungew\u00f6hnlich SYLODGE<\/a><\/h3>\n\n\n\n<p class=\"has-s-font-size\">Eine Unterkunft mit Dachplane und allem Komfort, der f\u00fcr ein erholsames Erlebnis im Freien notwendig ist.<\/p>\n\n\n\n<p class=\"has-s-font-size\"><img alt=\"\" decoding=\"async\" class=\"wp-image-400\" style=\"width: NaNpx;\" src=\"https:\/\/www.landae.fr\/wp-content\/uploads\/2025\/12\/people.svg\" alt=\"\"><strong>Bis zu 5 Personen<\/strong><\/p>\n\n\n\n<div class=\"wp-block-buttons is-layout-flex wp-block-buttons-is-layout-flex\">\n<div class=\"wp-block-button\"><a class=\"wp-block-button__link has-false-black-color has-false-white-background-color has-text-color has-background has-link-color wp-element-button\" href=\"https:\/\/www.landae.fr\/de\/unterkunfte-landae\/ungewohnliches-landae\/ungewohnlich-sylodge\/\">Entdecken &amp; Buchen<\/a><\/div>\n<\/div>\n<\/div><\/div>\n\n\n\n<div class=\"wp-block-media-text is-stacked-on-mobile is-style-mobile linked has-theme-100-background-color has-background\"><figure class=\"wp-block-media-text__media\"><a href=\"https:\/\/www.landae.fr\/hebergements-landae\/mobil-home-taiga\/\"><img loading=\"lazy\" decoding=\"async\" width=\"1400\" height=\"933\" src=\"https:\/\/www.landae.fr\/wp-content\/uploads\/2025\/12\/landae-ivanrodeorodriguez-35-1400x933.jpg\" alt=\"Mobilheim TAIGA\" class=\"wp-image-1320 size-full\" srcset=\"https:\/\/www.landae.fr\/wp-content\/uploads\/2025\/12\/landae-ivanrodeorodriguez-35-1400x933.jpg 1400w, https:\/\/www.landae.fr\/wp-content\/uploads\/2025\/12\/landae-ivanrodeorodriguez-35-800x533.jpg 800w, https:\/\/www.landae.fr\/wp-content\/uploads\/2025\/12\/landae-ivanrodeorodriguez-35-300x200.jpg 300w, https:\/\/www.landae.fr\/wp-content\/uploads\/2025\/12\/landae-ivanrodeorodriguez-35-768x512.jpg 768w, https:\/\/www.landae.fr\/wp-content\/uploads\/2025\/12\/landae-ivanrodeorodriguez-35-1536x1024.jpg 1536w, https:\/\/www.landae.fr\/wp-content\/uploads\/2025\/12\/landae-ivanrodeorodriguez-35-2048x1365.jpg 2048w\" sizes=\"auto, (max-width: 1400px) 100vw, 1400px\" \/><\/a><\/figure><div class=\"wp-block-media-text__content\">\n<h3 class=\"wp-block-heading\"><a href=\"https:\/\/www.landae.fr\/ta-maison-de-vacances\/mobil-home-taiga\/\" data-type=\"page\" data-id=\"185\">Mobilheim<\/a><br><a href=\"https:\/\/www.landae.fr\/ta-maison-de-vacances\/mobil-home-taiga\/\" data-type=\"page\" data-id=\"185\">TAIGA<\/a><\/h3>\n\n\n\n<p class=\"has-s-font-size\"><a href=\"https:\/\/www.landae.fr\/hebergements-landae\/mobil-home-taiga\/\">Eine Familienunterkunft mit modernem Komfort f\u00fcr einen Urlaub in Harmonie mit der Natur, im Schatten der Pinien.<\/a><\/p>\n\n\n\n<p><img alt=\"\" decoding=\"async\" class=\"wp-image-400\" style=\"width: NaNpx;\" src=\"https:\/\/www.landae.fr\/wp-content\/uploads\/2025\/12\/people.svg\" alt=\"\"><strong>Bis zu 6 Personen<\/strong><\/p>\n\n\n\n<div class=\"wp-block-buttons is-layout-flex wp-block-buttons-is-layout-flex\">\n<div class=\"wp-block-button\"><a class=\"wp-block-button__link has-false-black-color has-false-white-background-color has-text-color has-background has-link-color wp-element-button\" href=\"https:\/\/www.landae.fr\/hebergements-landae\/mobil-home-taiga\/\">Entdecken &amp; Buchen<\/a><\/div>\n<\/div>\n<\/div><\/div>\n\n\n\n<div class=\"wp-block-media-text is-stacked-on-mobile is-style-mobile linked has-theme-100-background-color has-background\"><figure class=\"wp-block-media-text__media\"><a href=\"https:\/\/www.landae.fr\/emplacements-landae\/\"><img alt=\"\" loading=\"lazy\" decoding=\"async\" width=\"1400\" height=\"1392\" src=\"https:\/\/www.landae.fr\/wp-content\/uploads\/2025\/12\/jeune-mand-cueillant-des-branches-et-les-assemblant-il-prepare-un-tas-de-bois-de-chauffage-pour-le-feu-de-camp-la-nuit-et-une-jolie-amie-assise-devant-la-tente-de-camping-1400x1392.jpg\" alt=\"\" class=\"wp-image-1812 size-full\" srcset=\"https:\/\/www.landae.fr\/wp-content\/uploads\/2025\/12\/jeune-mand-cueillant-des-branches-et-les-assemblant-il-prepare-un-tas-de-bois-de-chauffage-pour-le-feu-de-camp-la-nuit-et-une-jolie-amie-assise-devant-la-tente-de-camping-1400x1392.jpg 1400w, https:\/\/www.landae.fr\/wp-content\/uploads\/2025\/12\/jeune-mand-cueillant-des-branches-et-les-assemblant-il-prepare-un-tas-de-bois-de-chauffage-pour-le-feu-de-camp-la-nuit-et-une-jolie-amie-assise-devant-la-tente-de-camping-603x600.jpg 603w, https:\/\/www.landae.fr\/wp-content\/uploads\/2025\/12\/jeune-mand-cueillant-des-branches-et-les-assemblant-il-prepare-un-tas-de-bois-de-chauffage-pour-le-feu-de-camp-la-nuit-et-une-jolie-amie-assise-devant-la-tente-de-camping-300x298.jpg 300w, https:\/\/www.landae.fr\/wp-content\/uploads\/2025\/12\/jeune-mand-cueillant-des-branches-et-les-assemblant-il-prepare-un-tas-de-bois-de-chauffage-pour-le-feu-de-camp-la-nuit-et-une-jolie-amie-assise-devant-la-tente-de-camping-768x764.jpg 768w, https:\/\/www.landae.fr\/wp-content\/uploads\/2025\/12\/jeune-mand-cueillant-des-branches-et-les-assemblant-il-prepare-un-tas-de-bois-de-chauffage-pour-le-feu-de-camp-la-nuit-et-une-jolie-amie-assise-devant-la-tente-de-camping-1536x1528.jpg 1536w, https:\/\/www.landae.fr\/wp-content\/uploads\/2025\/12\/jeune-mand-cueillant-des-branches-et-les-assemblant-il-prepare-un-tas-de-bois-de-chauffage-pour-le-feu-de-camp-la-nuit-et-une-jolie-amie-assise-devant-la-tente-de-camping-2048x2037.jpg 2048w\" sizes=\"auto, (max-width: 1400px) 100vw, 1400px\" \/><\/a><\/figure><div class=\"wp-block-media-text__content\">\n<h3 class=\"wp-block-heading\"><a href=\"https:\/\/www.landae.fr\/emplacements-landae\/\" data-type=\"page\" data-id=\"185\">Die Stellpl\u00e4tze<\/a><\/h3>\n\n\n\n<p class=\"has-s-font-size\">W\u00e4hlen Sie im Schatten der Pinien die Freiheit im Freien, in der klassischen Version oder in der Premium-Version f\u00fcr noch mehr Komfort.<\/p>\n\n\n\n<p><img alt=\"\" decoding=\"async\" class=\"wp-image-400\" style=\"width: NaNpx;\" src=\"https:\/\/www.landae.fr\/wp-content\/uploads\/2025\/12\/people.svg\" alt=\"\"><strong>Bis zu 4 Personen<\/strong><\/p>\n\n\n\n<div class=\"wp-block-buttons is-layout-flex wp-block-buttons-is-layout-flex\">\n<div class=\"wp-block-button\"><a class=\"wp-block-button__link has-false-black-color has-false-white-background-color has-text-color has-background has-link-color wp-element-button\" href=\"https:\/\/www.landae.fr\/emplacements-landae\/\">Entdecken &amp; Buchen<\/a><\/div>\n<\/div>\n<\/div><\/div>\n\n\n\n<div class=\"wp-block-media-text is-stacked-on-mobile is-style-mobile linked has-theme-100-background-color has-background wp-container-content-2155ee95\"><figure class=\"wp-block-media-text__media\"><a href=\"https:\/\/www.landae.fr\/mobil-home-caledonia\/\"><img loading=\"lazy\" decoding=\"async\" width=\"1400\" height=\"933\" src=\"https:\/\/www.landae.fr\/wp-content\/uploads\/2025\/12\/landae-ivanrodeorodriguez-41-1400x933.jpg\" alt=\"LANDAE mobilheim caledonia\" class=\"wp-image-1378 size-large\" srcset=\"https:\/\/www.landae.fr\/wp-content\/uploads\/2025\/12\/landae-ivanrodeorodriguez-41-1400x933.jpg 1400w, https:\/\/www.landae.fr\/wp-content\/uploads\/2025\/12\/landae-ivanrodeorodriguez-41-800x533.jpg 800w, https:\/\/www.landae.fr\/wp-content\/uploads\/2025\/12\/landae-ivanrodeorodriguez-41-300x200.jpg 300w, https:\/\/www.landae.fr\/wp-content\/uploads\/2025\/12\/landae-ivanrodeorodriguez-41-768x512.jpg 768w, https:\/\/www.landae.fr\/wp-content\/uploads\/2025\/12\/landae-ivanrodeorodriguez-41-1536x1024.jpg 1536w, https:\/\/www.landae.fr\/wp-content\/uploads\/2025\/12\/landae-ivanrodeorodriguez-41-2048x1365.jpg 2048w\" sizes=\"auto, (max-width: 1400px) 100vw, 1400px\" \/><\/a><\/figure><div class=\"wp-block-media-text__content\">\n<h3 class=\"wp-block-heading\"><a href=\"https:\/\/www.landae.fr\/mobil-home-caledonia\/\" data-type=\"page\" data-id=\"185\">Mobilheim CALEDONIA<\/a><\/h3>\n\n\n\n<p class=\"has-s-font-size\">Ein Innenbereich, der sich zu einer schattigen Terrasse hin \u00f6ffnet, f\u00fcr einen komfortablen Aufenthalt in der N\u00e4he des Ozeans.<\/p>\n\n\n\n<p><img alt=\"\" decoding=\"async\" class=\"wp-image-400\" style=\"width: NaNpx;\" src=\"https:\/\/www.landae.fr\/wp-content\/uploads\/2025\/12\/people.svg\" alt=\"\"><strong>Bis zu 4 Personen<\/strong><\/p>\n\n\n\n<div class=\"wp-block-buttons is-layout-flex wp-block-buttons-is-layout-flex\">\n<div class=\"wp-block-button\"><a class=\"wp-block-button__link has-false-black-color has-false-white-background-color has-text-color has-background has-link-color wp-element-button\" href=\"https:\/\/www.landae.fr\/mobil-home-caledonia\/\">Entdecken &amp; Buchen<\/a><\/div>\n<\/div>\n<\/div><\/div>\n\n\n\n<div class=\"wp-block-media-text is-stacked-on-mobile is-style-mobile linked has-theme-100-background-color has-background\"><figure class=\"wp-block-media-text__media\"><a href=\"https:\/\/www.landae.fr\/mobil-home-cedria\/\"><img alt=\"\" loading=\"lazy\" decoding=\"async\" width=\"1400\" height=\"933\" src=\"https:\/\/www.landae.fr\/wp-content\/uploads\/2025\/12\/landae-ivanrodeorodriguez-25-1400x933.jpg\" alt=\"\" class=\"wp-image-1179 size-full\" srcset=\"https:\/\/www.landae.fr\/wp-content\/uploads\/2025\/12\/landae-ivanrodeorodriguez-25-1400x933.jpg 1400w, https:\/\/www.landae.fr\/wp-content\/uploads\/2025\/12\/landae-ivanrodeorodriguez-25-800x533.jpg 800w, https:\/\/www.landae.fr\/wp-content\/uploads\/2025\/12\/landae-ivanrodeorodriguez-25-300x200.jpg 300w, https:\/\/www.landae.fr\/wp-content\/uploads\/2025\/12\/landae-ivanrodeorodriguez-25-768x512.jpg 768w, https:\/\/www.landae.fr\/wp-content\/uploads\/2025\/12\/landae-ivanrodeorodriguez-25-1536x1024.jpg 1536w, https:\/\/www.landae.fr\/wp-content\/uploads\/2025\/12\/landae-ivanrodeorodriguez-25-2048x1365.jpg 2048w\" sizes=\"auto, (max-width: 1400px) 100vw, 1400px\" \/><\/a><\/figure><div class=\"wp-block-media-text__content\">\n<h3 class=\"wp-block-heading\"><a href=\"https:\/\/www.landae.fr\/mobil-home-cedria\/\" data-type=\"page\" data-id=\"185\">Mobilheim CEDRIA<\/a><\/h3>\n\n\n\n<p class=\"has-s-font-size\">Eine moderne Oase der Ruhe, eingebettet in den Pinienwald, ideal f\u00fcr einen komfortablen Aufenthalt mit der Familie oder mit Freunden.<\/p>\n\n\n\n<p><img alt=\"\" decoding=\"async\" class=\"wp-image-400\" style=\"width: NaNpx;\" src=\"https:\/\/www.landae.fr\/wp-content\/uploads\/2025\/12\/people.svg\" alt=\"\"><strong>Bis zu 4 Personen<\/strong><\/p>\n\n\n\n<div class=\"wp-block-buttons is-layout-flex wp-block-buttons-is-layout-flex\">\n<div class=\"wp-block-button\"><a class=\"wp-block-button__link has-false-black-color has-false-white-background-color has-text-color has-background has-link-color wp-element-button\" href=\"https:\/\/www.landae.fr\/mobil-home-cedria\/\">Entdecken &amp; Buchen<\/a><\/div>\n<\/div>\n<\/div><\/div>\n\n\n\n<div class=\"wp-block-media-text is-stacked-on-mobile is-style-mobile linked has-theme-100-background-color has-background\"><figure class=\"wp-block-media-text__media\"><a href=\"https:\/\/www.landae.fr\/de\/unterkunfte-landae\/chalets-landae\/\"><img loading=\"lazy\" decoding=\"async\" width=\"1400\" height=\"1027\" src=\"https:\/\/www.landae.fr\/wp-content\/uploads\/2025\/12\/chalet-dune-landae-1400x1027.jpg\" alt=\"chalet dune landae\" class=\"wp-image-1888 size-full\" srcset=\"https:\/\/www.landae.fr\/wp-content\/uploads\/2025\/12\/chalet-dune-landae-1400x1027.jpg 1400w, https:\/\/www.landae.fr\/wp-content\/uploads\/2025\/12\/chalet-dune-landae-800x587.jpg 800w, https:\/\/www.landae.fr\/wp-content\/uploads\/2025\/12\/chalet-dune-landae-300x220.jpg 300w, https:\/\/www.landae.fr\/wp-content\/uploads\/2025\/12\/chalet-dune-landae-768x564.jpg 768w, https:\/\/www.landae.fr\/wp-content\/uploads\/2025\/12\/chalet-dune-landae-1536x1127.jpg 1536w, https:\/\/www.landae.fr\/wp-content\/uploads\/2025\/12\/chalet-dune-landae-2048x1503.jpg 2048w\" sizes=\"auto, (max-width: 1400px) 100vw, 1400px\" \/><\/a><\/figure><div class=\"wp-block-media-text__content\">\n<h3 class=\"wp-block-heading\"><a href=\"https:\/\/www.landae.fr\/de\/unterkunfte-landae\/chalets-landae\/\" data-type=\"page\" data-id=\"185\">Die Chalets<\/a><\/h3>\n\n\n\n<p class=\"has-s-font-size\">Ein echtes Zuhause, warm und funktionell, perfekt um jeden Moment Ihres Urlaubs zu genie\u00dfen.<\/p>\n\n\n\n<p class=\"has-s-font-size\"><img alt=\"\" decoding=\"async\" class=\"wp-image-400\" style=\"width: NaNpx;\" src=\"https:\/\/www.landae.fr\/wp-content\/uploads\/2025\/12\/people.svg\" alt=\"\"><strong>Bis zu 5 Personen<\/strong><\/p>\n\n\n\n<div class=\"wp-block-buttons is-layout-flex wp-block-buttons-is-layout-flex\">\n<div class=\"wp-block-button\"><a class=\"wp-block-button__link has-false-black-color has-false-white-background-color has-text-color has-background has-link-color wp-element-button\">Entdecken &amp; Buchen<\/a><\/div>\n<\/div>\n<\/div><\/div>\n\n\n\n<div class=\"wp-block-media-text is-stacked-on-mobile is-style-mobile linked has-theme-100-background-color has-background\"><figure class=\"wp-block-media-text__media\"><a href=\"https:\/\/www.landae.fr\/mobil-home-valoria-pmr\/\"><img alt=\"\" loading=\"lazy\" decoding=\"async\" width=\"976\" height=\"654\" src=\"https:\/\/www.landae.fr\/wp-content\/uploads\/2025\/12\/Extlife9178copie.jpg-1200px-e1766054246423.jpg\" alt=\"\" class=\"wp-image-2248 size-full\" srcset=\"https:\/\/www.landae.fr\/wp-content\/uploads\/2025\/12\/Extlife9178copie.jpg-1200px-e1766054246423.jpg 976w, https:\/\/www.landae.fr\/wp-content\/uploads\/2025\/12\/Extlife9178copie.jpg-1200px-e1766054246423-800x536.jpg 800w, https:\/\/www.landae.fr\/wp-content\/uploads\/2025\/12\/Extlife9178copie.jpg-1200px-e1766054246423-300x201.jpg 300w, https:\/\/www.landae.fr\/wp-content\/uploads\/2025\/12\/Extlife9178copie.jpg-1200px-e1766054246423-768x515.jpg 768w\" sizes=\"auto, (max-width: 976px) 100vw, 976px\" \/><\/a><\/figure><div class=\"wp-block-media-text__content\">\n<p class=\"is-style-tag has-theme-300-background-color has-background has-s-font-size\" style=\"font-style:normal;font-weight:700;text-transform:uppercase\"><img alt=\"\" decoding=\"async\" class=\"wp-image-2751\" style=\"width: NaNpx;\" src=\"https:\/\/www.landae.fr\/wp-content\/uploads\/2025\/12\/PMR-noir.svg\" alt=\"\">PMR<\/p>\n\n\n\n<h3 class=\"wp-block-heading\"><a href=\"https:\/\/www.landae.fr\/mobil-home-valoria-pmr\/\">Mobilheim VALORIA PMR<\/a><\/h3>\n\n\n\n<p class=\"has-s-font-size\">Eine Unterkunft, die f\u00fcr Personen mit eingeschr\u00e4nkter Mobilit\u00e4t geeignet ist, damit Sie die Natur in einem komfortablen und ruhigen Raum genie\u00dfen k\u00f6nnen.<\/p>\n\n\n\n<p><img alt=\"\" decoding=\"async\" class=\"wp-image-400\" style=\"width: NaNpx;\" src=\"https:\/\/www.landae.fr\/wp-content\/uploads\/2025\/12\/people.svg\" alt=\"\"><strong>Bis zu 4 Personen<\/strong><\/p>\n\n\n\n<div class=\"wp-block-buttons is-layout-flex wp-block-buttons-is-layout-flex\">\n<div class=\"wp-block-button\"><a class=\"wp-block-button__link has-false-black-color has-false-white-background-color has-text-color has-background has-link-color wp-element-button\" href=\"https:\/\/www.landae.fr\/mobil-home-valoria-pmr\/\">Entdecken &amp; Buchen<\/a><\/div>\n<\/div>\n<\/div><\/div>\n<\/div>\n<\/div>\n","protected":false},"excerpt":{"rendered":"<p>Alle Dienstleistungen f\u00fcr einen komfortablen und ruhigen Aufenthalt Vor Ort k\u00f6nnen Sie von einer Reihe von Dienstleistungen profitieren, die Ihren Alltag erleichtern und Ihren Aufenthalt noch angenehmer machen sollen. Essen, Supermarkt, Sanit\u00e4ranlagen, Touristeninformation: alles ist vorhanden, um Ihnen den ganzen Tag \u00fcber Komfort, Zweckm\u00e4\u00dfigkeit und Gelassenheit zu bieten. LANDAE Resto Genie\u00dfen Sie einen Moment der [&hellip;]<\/p>\n","protected":false},"author":1,"featured_media":1392,"parent":0,"menu_order":0,"comment_status":"closed","ping_status":"closed","template":"","meta":{"_acf_changed":false,"_seopress_robots_primary_cat":"","_seopress_titles_title":"","_seopress_titles_desc":"","_seopress_robots_index":"","footnotes":""},"class_list":["post-2694","page","type-page","status-publish","has-post-thumbnail"],"acf":[],"_links":{"self":[{"href":"https:\/\/www.landae.fr\/de\/wp-json\/wp\/v2\/pages\/2694","targetHints":{"allow":["GET"]}}],"collection":[{"href":"https:\/\/www.landae.fr\/de\/wp-json\/wp\/v2\/pages"}],"about":[{"href":"https:\/\/www.landae.fr\/de\/wp-json\/wp\/v2\/types\/page"}],"author":[{"embeddable":true,"href":"https:\/\/www.landae.fr\/de\/wp-json\/wp\/v2\/users\/1"}],"replies":[{"embeddable":true,"href":"https:\/\/www.landae.fr\/de\/wp-json\/wp\/v2\/comments?post=2694"}],"version-history":[{"count":0,"href":"https:\/\/www.landae.fr\/de\/wp-json\/wp\/v2\/pages\/2694\/revisions"}],"wp:featuredmedia":[{"embeddable":true,"href":"https:\/\/www.landae.fr\/de\/wp-json\/wp\/v2\/media\/1392"}],"wp:attachment":[{"href":"https:\/\/www.landae.fr\/de\/wp-json\/wp\/v2\/media?parent=2694"}],"curies":[{"name":"wp","href":"https:\/\/api.w.org\/{rel}","templated":true}]}}