{"id":2616,"date":"2025-12-16T16:25:49","date_gmt":"2025-12-16T15:25:49","guid":{"rendered":"https:\/\/www.landae.fr\/unterkunfte-landae\/ungewohnliches-landae\/"},"modified":"2025-12-16T16:25:49","modified_gmt":"2025-12-16T15:25:49","slug":"ungewohnliches-landae","status":"publish","type":"page","link":"https:\/\/www.landae.fr\/de\/unterkunfte-landae\/ungewohnliches-landae\/","title":{"rendered":"Ungew\u00f6hnliches LANDAE"},"content":{"rendered":"\n<div class=\"wp-block-columns alignwide is-layout-flex wp-container-core-columns-is-layout-28f84493 wp-block-columns-is-layout-flex\">\n<div class=\"wp-block-column is-layout-flow wp-block-column-is-layout-flow\" style=\"flex-basis:66.66%\">\n<h2 class=\"wp-block-heading\">W\u00e4hlen Sie die<mark style=\"background-color:rgba(0, 0, 0, 0)\" class=\"has-inline-color has-theme-500-color\">Unterkunft, die zu Ihnen passt<\/mark><\/h2>\n<\/div>\n\n\n\n<div class=\"wp-block-column is-layout-flow wp-block-column-is-layout-flow\" style=\"flex-basis:33.33%\"><\/div>\n<\/div>\n\n\n\n<section class=\"wp-block-group alignfull has-global-padding is-layout-constrained wp-block-group-is-layout-constrained\">\n<div class=\"wp-block-columns alignwide is-layout-flex wp-container-core-columns-is-layout-28f84493 wp-block-columns-is-layout-flex\">\n<div class=\"wp-block-column is-style-default is-layout-flow wp-block-column-is-layout-flow\">\n<div class=\"wp-block-media-text is-stacked-on-mobile is-vertically-aligned-center is-style-mobile linked has-theme-100-background-color has-background\"><figure class=\"wp-block-media-text__media\"><a href=\"https:\/\/www.landae.fr\/de\/unterkunfte-landae\/ungewohnliches-landae\/ungewohnlich-sylodge\/\"><img alt=\"\" loading=\"lazy\" decoding=\"async\" width=\"1400\" height=\"934\" src=\"https:\/\/www.landae.fr\/wp-content\/uploads\/2025\/12\/landae-ivanrodeorodriguez-83-1400x934.jpg\" alt=\"\" class=\"wp-image-1510 size-full\" srcset=\"https:\/\/www.landae.fr\/wp-content\/uploads\/2025\/12\/landae-ivanrodeorodriguez-83-1400x934.jpg 1400w, https:\/\/www.landae.fr\/wp-content\/uploads\/2025\/12\/landae-ivanrodeorodriguez-83-800x533.jpg 800w, https:\/\/www.landae.fr\/wp-content\/uploads\/2025\/12\/landae-ivanrodeorodriguez-83-300x200.jpg 300w, https:\/\/www.landae.fr\/wp-content\/uploads\/2025\/12\/landae-ivanrodeorodriguez-83-768x512.jpg 768w, https:\/\/www.landae.fr\/wp-content\/uploads\/2025\/12\/landae-ivanrodeorodriguez-83-1536x1024.jpg 1536w, https:\/\/www.landae.fr\/wp-content\/uploads\/2025\/12\/landae-ivanrodeorodriguez-83-2048x1366.jpg 2048w\" sizes=\"auto, (max-width: 1400px) 100vw, 1400px\" \/><\/a><\/figure><div class=\"wp-block-media-text__content\">\n<p class=\"is-style-tag has-theme-100-background-color has-background has-s-font-size\" style=\"font-style:normal;font-weight:700;text-transform:uppercase\">INSOLITE<\/p>\n\n\n\n<h3 class=\"wp-block-heading\"><a href=\"https:\/\/www.landae.fr\/de\/unterkunfte-landae\/ungewohnliches-landae\/ungewohnlich-sylodge\/\" data-type=\"page\" data-id=\"185\">SYLODGE<\/a><\/h3>\n\n\n\n<p class=\"has-s-font-size\">Eine Unterkunft mit Dachplane und allem Komfort, der f\u00fcr ein erholsames Erlebnis im Freien notwendig ist.<\/p>\n\n\n\n<p class=\"has-s-font-size\"><img alt=\"\" decoding=\"async\" class=\"wp-image-400\" style=\"width: NaNpx;\" src=\"https:\/\/www.landae.fr\/wp-content\/uploads\/2025\/12\/people.svg\" alt=\"\"><strong>Bis zu 4 Personen<\/strong><\/p>\n\n\n\n<div class=\"wp-block-buttons is-layout-flex wp-block-buttons-is-layout-flex\">\n<div class=\"wp-block-button\"><a class=\"wp-block-button__link has-false-black-color has-false-white-background-color has-text-color has-background has-link-color wp-element-button\" href=\"https:\/\/www.landae.fr\/de\/unterkunfte-landae\/ungewohnliches-landae\/ungewohnlich-sylodge\/\">Entdecken &amp; Buchen<\/a><\/div>\n<\/div>\n<\/div><\/div>\n<\/div>\n\n\n\n<div class=\"wp-block-column is-style-default is-layout-flow wp-block-column-is-layout-flow\">\n<div class=\"wp-block-media-text is-stacked-on-mobile is-style-mobile linked has-theme-100-background-color has-background\"><figure class=\"wp-block-media-text__media\"><a href=\"https:\/\/www.landae.fr\/de\/unterkunfte-landae\/ungewohnliches-landae\/ungewohnlich-tyra\/\"><img alt=\"\" loading=\"lazy\" decoding=\"async\" width=\"1400\" height=\"785\" src=\"https:\/\/www.landae.fr\/wp-content\/uploads\/2025\/12\/karlotte-2025-HD-1400x785.jpg\" alt=\"\" class=\"wp-image-2046 size-full\" srcset=\"https:\/\/www.landae.fr\/wp-content\/uploads\/2025\/12\/karlotte-2025-HD-1400x785.jpg 1400w, https:\/\/www.landae.fr\/wp-content\/uploads\/2025\/12\/karlotte-2025-HD-800x448.jpg 800w, https:\/\/www.landae.fr\/wp-content\/uploads\/2025\/12\/karlotte-2025-HD-300x168.jpg 300w, https:\/\/www.landae.fr\/wp-content\/uploads\/2025\/12\/karlotte-2025-HD-768x430.jpg 768w, https:\/\/www.landae.fr\/wp-content\/uploads\/2025\/12\/karlotte-2025-HD-1536x861.jpg 1536w, https:\/\/www.landae.fr\/wp-content\/uploads\/2025\/12\/karlotte-2025-HD-2048x1148.jpg 2048w\" sizes=\"auto, (max-width: 1400px) 100vw, 1400px\" \/><\/a><\/figure><div class=\"wp-block-media-text__content\">\n<p class=\"is-style-tag has-theme-100-background-color has-background has-s-font-size\" style=\"font-style:normal;font-weight:700;text-transform:uppercase\">INSOLITE<\/p>\n\n\n\n<h3 class=\"wp-block-heading\"><a href=\"https:\/\/www.landae.fr\/ta-maison-de-vacances\/cottage-floresta\/\" data-type=\"page\" data-id=\"185\">TYRA<\/a><\/h3>\n\n\n\n<p class=\"has-s-font-size\">Ein origineller, zur Natur hin offener Raum f\u00fcr einen ungew\u00f6hnlichen Urlaub. Eine einzigartige Unterkunft in den Landes! <\/p>\n\n\n\n<p class=\"has-s-font-size\"><img alt=\"\" decoding=\"async\" class=\"wp-image-400\" style=\"width: NaNpx;\" src=\"https:\/\/www.landae.fr\/wp-content\/uploads\/2025\/12\/people.svg\" alt=\"\"><strong>Bis zu 4 Personen<\/strong><\/p>\n\n\n\n<div class=\"wp-block-buttons is-layout-flex wp-block-buttons-is-layout-flex\">\n<div class=\"wp-block-button\"><a class=\"wp-block-button__link has-false-black-color has-false-white-background-color has-text-color has-background has-link-color wp-element-button\" href=\"https:\/\/www.landae.fr\/de\/unterkunfte-landae\/ungewohnliches-landae\/ungewohnlich-tyra\/\">Entdecken &amp; Buchen<\/a><\/div>\n<\/div>\n<\/div><\/div>\n<\/div>\n<\/div>\n\n\n\n<p class=\"has-text-align-center has-s-font-size\">* Die Fotos, die Zusammensetzung und die Abmessungen der Unterkunft k\u00f6nnen von einer Unterkunft zur anderen variieren. Sie dienen nur als Beispiel und sind nicht vertraglich bindend. <\/p>\n<\/section>\n\n\n\n<div class=\"wp-block-group alignfull has-transparent-to-terra-gradient-background has-background has-global-padding is-layout-constrained wp-block-group-is-layout-constrained\">\n<h2 class=\"wp-block-heading alignwide has-text-align-center\">Entdecken Sie unsere Unterk\u00fcnfte<\/h2>\n\n\n\n<div style=\"height:100px\" aria-hidden=\"true\" class=\"wp-block-spacer is-style-spacer-m\"><\/div>\n\n\n\n<div class=\"wp-block-group alignwide is-swiper-3-cols display-more no-loop is-style-swiper-slider is-style-alignfull-right has-arrows is-layout-grid wp-container-core-group-is-layout-988b637e wp-block-group-is-layout-grid\">\n<div class=\"wp-block-media-text is-stacked-on-mobile is-style-mobile linked has-theme-100-background-color has-background\"><figure class=\"wp-block-media-text__media\"><a href=\"https:\/\/www.landae.fr\/mobil-home-sylva\/\"><img alt=\"\" loading=\"lazy\" decoding=\"async\" width=\"1200\" height=\"900\" src=\"https:\/\/www.landae.fr\/wp-content\/uploads\/2025\/12\/804_2CH_CJ_HD.jpg-1200px.jpg\" alt=\"\" class=\"wp-image-2155 size-full\" srcset=\"https:\/\/www.landae.fr\/wp-content\/uploads\/2025\/12\/804_2CH_CJ_HD.jpg-1200px.jpg 1200w, https:\/\/www.landae.fr\/wp-content\/uploads\/2025\/12\/804_2CH_CJ_HD.jpg-1200px-800x600.jpg 800w, https:\/\/www.landae.fr\/wp-content\/uploads\/2025\/12\/804_2CH_CJ_HD.jpg-1200px-300x225.jpg 300w, https:\/\/www.landae.fr\/wp-content\/uploads\/2025\/12\/804_2CH_CJ_HD.jpg-1200px-768x576.jpg 768w\" sizes=\"auto, (max-width: 1200px) 100vw, 1200px\" \/><\/a><\/figure><div class=\"wp-block-media-text__content\">\n<p class=\"is-style-tag has-theme-100-color has-theme-700-background-color has-text-color has-background has-link-color has-s-font-size wp-elements-88a58406fda720a675a267401d5f78f8\" style=\"font-style:normal;font-weight:700;text-transform:uppercase\">PREMIUM<\/p>\n\n\n\n<h3 class=\"wp-block-heading\"><a href=\"https:\/\/www.landae.fr\/mobil-home-sylva\/\" data-type=\"page\" data-id=\"1035\">Mobilheim SYLVA<\/a><\/h3>\n\n\n\n<p class=\"has-s-font-size\">Eine nat\u00fcrliche Umgebung und moderne Einrichtungen f\u00fcr einen ruhigen Urlaub im Herzen des Landes-Waldes.  <\/p>\n\n\n\n<p class=\"has-s-font-size\"><img alt=\"\" decoding=\"async\" class=\"wp-image-400\" style=\"width: NaNpx;\" src=\"https:\/\/www.landae.fr\/wp-content\/uploads\/2025\/12\/people.svg\" alt=\"\"><strong>Bis zu 4 Personen<\/strong><\/p>\n\n\n\n<div class=\"wp-block-buttons is-layout-flex wp-block-buttons-is-layout-flex\">\n<div class=\"wp-block-button\"><a class=\"wp-block-button__link has-false-black-color has-false-white-background-color has-text-color has-background has-link-color wp-element-button\" href=\"https:\/\/www.landae.fr\/mobil-home-sylva\/\">Entdecken &amp; Buchen<\/a><\/div>\n<\/div>\n<\/div><\/div>\n\n\n\n<div class=\"wp-block-media-text is-stacked-on-mobile is-style-mobile linked has-theme-100-background-color has-background\"><figure class=\"wp-block-media-text__media\"><a href=\"https:\/\/www.landae.fr\/mobil-home-mata\/\"><img loading=\"lazy\" decoding=\"async\" width=\"1400\" height=\"933\" src=\"https:\/\/www.landae.fr\/wp-content\/uploads\/2025\/12\/landae-ivanrodeorodriguez-56-1400x933.jpg\" alt=\"Mobilheim MATA landae\" class=\"wp-image-1351 size-full\" srcset=\"https:\/\/www.landae.fr\/wp-content\/uploads\/2025\/12\/landae-ivanrodeorodriguez-56-1400x933.jpg 1400w, https:\/\/www.landae.fr\/wp-content\/uploads\/2025\/12\/landae-ivanrodeorodriguez-56-800x533.jpg 800w, https:\/\/www.landae.fr\/wp-content\/uploads\/2025\/12\/landae-ivanrodeorodriguez-56-300x200.jpg 300w, https:\/\/www.landae.fr\/wp-content\/uploads\/2025\/12\/landae-ivanrodeorodriguez-56-768x512.jpg 768w, https:\/\/www.landae.fr\/wp-content\/uploads\/2025\/12\/landae-ivanrodeorodriguez-56-1536x1024.jpg 1536w, https:\/\/www.landae.fr\/wp-content\/uploads\/2025\/12\/landae-ivanrodeorodriguez-56-2048x1365.jpg 2048w\" sizes=\"auto, (max-width: 1400px) 100vw, 1400px\" \/><\/a><\/figure><div class=\"wp-block-media-text__content\">\n<h3 class=\"wp-block-heading\"><a href=\"https:\/\/www.landae.fr\/mobil-home-mata\/\" data-type=\"page\" data-id=\"963\">Mobil-home MATA<\/a><\/h3>\n\n\n\n<p class=\"has-s-font-size\">Ein moderner Kokon mit optimierter Aufteilung, um die vielen Vorteile der K\u00fcste von Landes zu genie\u00dfen.<\/p>\n\n\n\n<p class=\"has-s-font-size\"><img alt=\"\" decoding=\"async\" class=\"wp-image-400\" style=\"width: NaNpx;\" src=\"https:\/\/www.landae.fr\/wp-content\/uploads\/2025\/12\/people.svg\" alt=\"\"><strong>Bis zu 4 Personen<\/strong><\/p>\n\n\n\n<div class=\"wp-block-buttons is-layout-flex wp-block-buttons-is-layout-flex\">\n<div class=\"wp-block-button\"><a class=\"wp-block-button__link has-false-black-color has-false-white-background-color has-text-color has-background has-link-color wp-element-button\" href=\"https:\/\/www.landae.fr\/mobil-home-mata\/\">Entdecken &amp; Buchen<\/a><\/div>\n<\/div>\n<\/div><\/div>\n\n\n\n<div class=\"wp-block-media-text is-stacked-on-mobile is-style-mobile linked has-theme-100-background-color has-background\"><figure class=\"wp-block-media-text__media\"><a href=\"https:\/\/www.landae.fr\/insolite-tyra\/\"><img alt=\"\" loading=\"lazy\" decoding=\"async\" width=\"1400\" height=\"785\" src=\"https:\/\/www.landae.fr\/wp-content\/uploads\/2025\/12\/karlotte-2025-HD-1400x785.jpg\" alt=\"\" class=\"wp-image-2046 size-full\" srcset=\"https:\/\/www.landae.fr\/wp-content\/uploads\/2025\/12\/karlotte-2025-HD-1400x785.jpg 1400w, https:\/\/www.landae.fr\/wp-content\/uploads\/2025\/12\/karlotte-2025-HD-800x448.jpg 800w, https:\/\/www.landae.fr\/wp-content\/uploads\/2025\/12\/karlotte-2025-HD-300x168.jpg 300w, https:\/\/www.landae.fr\/wp-content\/uploads\/2025\/12\/karlotte-2025-HD-768x430.jpg 768w, https:\/\/www.landae.fr\/wp-content\/uploads\/2025\/12\/karlotte-2025-HD-1536x861.jpg 1536w, https:\/\/www.landae.fr\/wp-content\/uploads\/2025\/12\/karlotte-2025-HD-2048x1148.jpg 2048w\" sizes=\"auto, (max-width: 1400px) 100vw, 1400px\" \/><\/a><\/figure><div class=\"wp-block-media-text__content\">\n<p class=\"is-style-tag has-theme-100-background-color has-background has-s-font-size\" style=\"font-style:normal;font-weight:700;text-transform:uppercase\">INSOLITE<\/p>\n\n\n\n<h3 class=\"wp-block-heading\"><a href=\"https:\/\/www.landae.fr\/insolite-tyra\/\" data-type=\"page\" data-id=\"2027\">Ungew\u00f6hnlich TYRA<\/a><\/h3>\n\n\n\n<p class=\"has-s-font-size\">Ein origineller, zur Natur hin offener Raum f\u00fcr einen ungew\u00f6hnlichen Urlaub. Eine einzigartige Unterkunft in den Landes! <\/p>\n\n\n\n<p class=\"has-s-font-size\"><img alt=\"\" decoding=\"async\" class=\"wp-image-400\" style=\"width: NaNpx;\" src=\"https:\/\/www.landae.fr\/wp-content\/uploads\/2025\/12\/people.svg\" alt=\"\"><strong>Bis zu 4 Personen<\/strong><\/p>\n\n\n\n<div class=\"wp-block-buttons is-layout-flex wp-block-buttons-is-layout-flex\">\n<div class=\"wp-block-button\"><a class=\"wp-block-button__link has-false-black-color has-false-white-background-color has-text-color has-background has-link-color wp-element-button\" href=\"https:\/\/www.landae.fr\/insolite-tyra\/\">Entdecken &amp; Buchen<\/a><\/div>\n<\/div>\n<\/div><\/div>\n\n\n\n<div class=\"wp-block-media-text is-stacked-on-mobile is-style-mobile linked has-theme-100-background-color has-background\"><figure class=\"wp-block-media-text__media\"><a href=\"https:\/\/www.landae.fr\/mobil-home-amazonia\/\"><img alt=\"\" loading=\"lazy\" decoding=\"async\" width=\"1160\" height=\"870\" src=\"https:\/\/www.landae.fr\/wp-content\/uploads\/2025\/12\/1_cottage_4p_2_ch_1sdb_4f_ext-1.jpg\" alt=\"\" class=\"wp-image-2071 size-full\" srcset=\"https:\/\/www.landae.fr\/wp-content\/uploads\/2025\/12\/1_cottage_4p_2_ch_1sdb_4f_ext-1.jpg 1160w, https:\/\/www.landae.fr\/wp-content\/uploads\/2025\/12\/1_cottage_4p_2_ch_1sdb_4f_ext-1-800x600.jpg 800w, https:\/\/www.landae.fr\/wp-content\/uploads\/2025\/12\/1_cottage_4p_2_ch_1sdb_4f_ext-1-300x225.jpg 300w, https:\/\/www.landae.fr\/wp-content\/uploads\/2025\/12\/1_cottage_4p_2_ch_1sdb_4f_ext-1-768x576.jpg 768w\" sizes=\"auto, (max-width: 1160px) 100vw, 1160px\" \/><\/a><\/figure><div class=\"wp-block-media-text__content\">\n<p class=\"is-style-tag has-theme-100-color has-theme-700-background-color has-text-color has-background has-link-color has-s-font-size wp-elements-88a58406fda720a675a267401d5f78f8\" style=\"font-style:normal;font-weight:700;text-transform:uppercase\">PREMIUM<\/p>\n\n\n\n<h3 class=\"wp-block-heading\"><a href=\"https:\/\/www.landae.fr\/mobil-home-amazonia\/\" data-type=\"page\" data-id=\"1046\">Mobilheim AMAZONIA<\/a><\/h3>\n\n\n\n<p class=\"has-s-font-size\">Eine Premium-H\u00fctte mit modernem Komfort f\u00fcr einen Urlaub in Harmonie mit der Natur im Schatten der Pinien.<\/p>\n\n\n\n<p class=\"has-s-font-size\"><img alt=\"\" decoding=\"async\" class=\"wp-image-400\" style=\"width: NaNpx;\" src=\"https:\/\/www.landae.fr\/wp-content\/uploads\/2025\/12\/people.svg\" alt=\"\"><strong>Bis zu 4 Personen<\/strong><\/p>\n\n\n\n<div class=\"wp-block-buttons is-layout-flex wp-block-buttons-is-layout-flex\">\n<div class=\"wp-block-button\"><a class=\"wp-block-button__link has-false-black-color has-false-white-background-color has-text-color has-background has-link-color wp-element-button\" href=\"https:\/\/www.landae.fr\/mobil-home-amazonia\/\">Entdecken &amp; Buchen<\/a><\/div>\n<\/div>\n<\/div><\/div>\n\n\n\n<div class=\"wp-block-media-text is-stacked-on-mobile is-style-mobile linked has-theme-100-background-color has-background\"><figure class=\"wp-block-media-text__media\"><a href=\"https:\/\/www.landae.fr\/mobil-home-landae-tribu\/\"><img alt=\"\" loading=\"lazy\" decoding=\"async\" width=\"1400\" height=\"1022\" src=\"https:\/\/www.landae.fr\/wp-content\/uploads\/2025\/12\/gande-terrasse-ivanrodeorodriguez-3-scaled-e1765984133219-1400x1022.jpg\" alt=\"\" class=\"wp-image-2130 size-full\" srcset=\"https:\/\/www.landae.fr\/wp-content\/uploads\/2025\/12\/gande-terrasse-ivanrodeorodriguez-3-scaled-e1765984133219-1400x1022.jpg 1400w, https:\/\/www.landae.fr\/wp-content\/uploads\/2025\/12\/gande-terrasse-ivanrodeorodriguez-3-scaled-e1765984133219-800x584.jpg 800w, https:\/\/www.landae.fr\/wp-content\/uploads\/2025\/12\/gande-terrasse-ivanrodeorodriguez-3-scaled-e1765984133219-300x219.jpg 300w, https:\/\/www.landae.fr\/wp-content\/uploads\/2025\/12\/gande-terrasse-ivanrodeorodriguez-3-scaled-e1765984133219-768x560.jpg 768w, https:\/\/www.landae.fr\/wp-content\/uploads\/2025\/12\/gande-terrasse-ivanrodeorodriguez-3-scaled-e1765984133219-1536x1121.jpg 1536w, https:\/\/www.landae.fr\/wp-content\/uploads\/2025\/12\/gande-terrasse-ivanrodeorodriguez-3-scaled-e1765984133219.jpg 2035w\" sizes=\"auto, (max-width: 1400px) 100vw, 1400px\" \/><\/a><\/figure><div class=\"wp-block-media-text__content\">\n<p class=\"is-style-tag has-theme-500-background-color has-background has-s-font-size\" style=\"font-style:normal;font-weight:700;text-transform:uppercase\">XXL<\/p>\n\n\n\n<h3 class=\"wp-block-heading\"><a href=\"https:\/\/www.landae.fr\/ta-maison-de-vacances\/cottage-floresta\/\" data-type=\"page\" data-id=\"185\">Mobilheim LANDAE TRIBU<\/a><\/h3>\n\n\n\n<p class=\"has-s-font-size\">Eine XXL-Unterkunft mit einer gro\u00dfen Terrasse und zwei zusammengelegten Unterk\u00fcnften f\u00fcr gro\u00dfe Familien oder Gruppen von Freunden.<\/p>\n\n\n\n<p class=\"has-s-font-size\"><img alt=\"\" decoding=\"async\" class=\"wp-image-400\" style=\"width: NaNpx;\" src=\"https:\/\/www.landae.fr\/wp-content\/uploads\/2025\/12\/people.svg\" alt=\"\"><strong>Bis zu 10 Personen<\/strong><\/p>\n\n\n\n<div class=\"wp-block-buttons is-layout-flex wp-block-buttons-is-layout-flex\">\n<div class=\"wp-block-button\"><a class=\"wp-block-button__link has-false-black-color has-false-white-background-color has-text-color has-background has-link-color wp-element-button\" href=\"https:\/\/www.landae.fr\/mobil-home-landae-tribu\/\">Entdecken &amp; Buchen<\/a><\/div>\n<\/div>\n<\/div><\/div>\n\n\n\n<div class=\"wp-block-media-text is-stacked-on-mobile is-style-mobile linked has-theme-100-background-color has-background\"><figure class=\"wp-block-media-text__media\"><a href=\"https:\/\/www.landae.fr\/mobil-home-sequoia\/\"><img alt=\"\" loading=\"lazy\" decoding=\"async\" width=\"1200\" height=\"800\" src=\"https:\/\/www.landae.fr\/wp-content\/uploads\/2025\/12\/landae-ivanrodeorodriguez-10.jpg\" alt=\"\" class=\"wp-image-1136 size-full\" srcset=\"https:\/\/www.landae.fr\/wp-content\/uploads\/2025\/12\/landae-ivanrodeorodriguez-10.jpg 1200w, https:\/\/www.landae.fr\/wp-content\/uploads\/2025\/12\/landae-ivanrodeorodriguez-10-800x533.jpg 800w, https:\/\/www.landae.fr\/wp-content\/uploads\/2025\/12\/landae-ivanrodeorodriguez-10-300x200.jpg 300w, https:\/\/www.landae.fr\/wp-content\/uploads\/2025\/12\/landae-ivanrodeorodriguez-10-768x512.jpg 768w\" sizes=\"auto, (max-width: 1200px) 100vw, 1200px\" \/><\/a><\/figure><div class=\"wp-block-media-text__content\">\n<h3 class=\"wp-block-heading\"><a href=\"https:\/\/www.landae.fr\/ta-maison-de-vacances\/cottage-floresta\/\" data-type=\"page\" data-id=\"185\">Mobilheim SEQUOIA<\/a><\/h3>\n\n\n\n<p class=\"has-s-font-size\">Eine elegante Unterkunft, in der sich Innen- und Au\u00dfenbereich treffen, um die Tage im Freien voll und ganz zu genie\u00dfen.<\/p>\n\n\n\n<p class=\"has-s-font-size\"><img alt=\"\" decoding=\"async\" class=\"wp-image-400\" style=\"width: NaNpx;\" src=\"https:\/\/www.landae.fr\/wp-content\/uploads\/2025\/12\/people.svg\" alt=\"\"><strong>Bis zu 4 Personen<\/strong><\/p>\n\n\n\n<div class=\"wp-block-buttons is-layout-flex wp-block-buttons-is-layout-flex\">\n<div class=\"wp-block-button\"><a class=\"wp-block-button__link has-false-black-color has-false-white-background-color has-text-color has-background has-link-color wp-element-button\" href=\"https:\/\/www.landae.fr\/mobil-home-sequoia\/\">Entdecken &amp; Buchen<\/a><\/div>\n<\/div>\n<\/div><\/div>\n\n\n\n<div class=\"wp-block-media-text is-stacked-on-mobile is-style-mobile linked has-theme-100-background-color has-background\"><figure class=\"wp-block-media-text__media\"><a href=\"https:\/\/www.landae.fr\/de\/unterkunfte-landae\/ungewohnliches-landae\/ungewohnlich-sylodge\/\"><img alt=\"H\u00e9bergement insolite Sylodge LANDAE ensemble\" loading=\"lazy\" decoding=\"async\" width=\"1400\" height=\"934\" src=\"https:\/\/www.landae.fr\/wp-content\/uploads\/2025\/12\/landae-ivanrodeorodriguez-83-1-1400x934.jpg\" alt=\"\" class=\"wp-image-2331 size-full\" srcset=\"https:\/\/www.landae.fr\/wp-content\/uploads\/2025\/12\/landae-ivanrodeorodriguez-83-1-1400x934.jpg 1400w, https:\/\/www.landae.fr\/wp-content\/uploads\/2025\/12\/landae-ivanrodeorodriguez-83-1-800x533.jpg 800w, https:\/\/www.landae.fr\/wp-content\/uploads\/2025\/12\/landae-ivanrodeorodriguez-83-1-300x200.jpg 300w, https:\/\/www.landae.fr\/wp-content\/uploads\/2025\/12\/landae-ivanrodeorodriguez-83-1-768x512.jpg 768w, https:\/\/www.landae.fr\/wp-content\/uploads\/2025\/12\/landae-ivanrodeorodriguez-83-1-1536x1024.jpg 1536w, https:\/\/www.landae.fr\/wp-content\/uploads\/2025\/12\/landae-ivanrodeorodriguez-83-1-2048x1366.jpg 2048w\" sizes=\"auto, (max-width: 1400px) 100vw, 1400px\" \/><\/a><\/figure><div class=\"wp-block-media-text__content\">\n<p class=\"is-style-tag has-theme-100-background-color has-background has-s-font-size\" style=\"font-style:normal;font-weight:700;text-transform:uppercase\">INSOLITE<\/p>\n\n\n\n<h3 class=\"wp-block-heading\"><a href=\"https:\/\/www.landae.fr\/de\/unterkunfte-landae\/ungewohnliches-landae\/ungewohnlich-sylodge\/\" data-type=\"page\" data-id=\"2027\">Ungew\u00f6hnlich SYLODGE<\/a><\/h3>\n\n\n\n<p class=\"has-s-font-size\">Eine Unterkunft mit Dachplane und allem Komfort, der f\u00fcr ein erholsames Erlebnis im Freien notwendig ist.<\/p>\n\n\n\n<p class=\"has-s-font-size\"><img alt=\"\" decoding=\"async\" class=\"wp-image-400\" style=\"width: NaNpx;\" src=\"https:\/\/www.landae.fr\/wp-content\/uploads\/2025\/12\/people.svg\" alt=\"\"><strong>Bis zu 5 Personen<\/strong><\/p>\n\n\n\n<div class=\"wp-block-buttons is-layout-flex wp-block-buttons-is-layout-flex\">\n<div class=\"wp-block-button\"><a class=\"wp-block-button__link has-false-black-color has-false-white-background-color has-text-color has-background has-link-color wp-element-button\" href=\"https:\/\/www.landae.fr\/de\/unterkunfte-landae\/ungewohnliches-landae\/ungewohnlich-sylodge\/\">Entdecken &amp; Buchen<\/a><\/div>\n<\/div>\n<\/div><\/div>\n\n\n\n<div class=\"wp-block-media-text is-stacked-on-mobile is-style-mobile linked has-theme-100-background-color has-background\"><figure class=\"wp-block-media-text__media\"><a href=\"https:\/\/www.landae.fr\/hebergements-landae\/mobil-home-taiga\/\"><img loading=\"lazy\" decoding=\"async\" width=\"1400\" height=\"933\" src=\"https:\/\/www.landae.fr\/wp-content\/uploads\/2025\/12\/landae-ivanrodeorodriguez-35-1400x933.jpg\" alt=\"Mobilheim TAIGA\" class=\"wp-image-1320 size-full\" srcset=\"https:\/\/www.landae.fr\/wp-content\/uploads\/2025\/12\/landae-ivanrodeorodriguez-35-1400x933.jpg 1400w, https:\/\/www.landae.fr\/wp-content\/uploads\/2025\/12\/landae-ivanrodeorodriguez-35-800x533.jpg 800w, https:\/\/www.landae.fr\/wp-content\/uploads\/2025\/12\/landae-ivanrodeorodriguez-35-300x200.jpg 300w, https:\/\/www.landae.fr\/wp-content\/uploads\/2025\/12\/landae-ivanrodeorodriguez-35-768x512.jpg 768w, https:\/\/www.landae.fr\/wp-content\/uploads\/2025\/12\/landae-ivanrodeorodriguez-35-1536x1024.jpg 1536w, https:\/\/www.landae.fr\/wp-content\/uploads\/2025\/12\/landae-ivanrodeorodriguez-35-2048x1365.jpg 2048w\" sizes=\"auto, (max-width: 1400px) 100vw, 1400px\" \/><\/a><\/figure><div class=\"wp-block-media-text__content\">\n<h3 class=\"wp-block-heading\"><a href=\"https:\/\/www.landae.fr\/ta-maison-de-vacances\/mobil-home-taiga\/\" data-type=\"page\" data-id=\"185\">Mobilheim<\/a><br><a href=\"https:\/\/www.landae.fr\/ta-maison-de-vacances\/mobil-home-taiga\/\" data-type=\"page\" data-id=\"185\">TAIGA<\/a><\/h3>\n\n\n\n<p class=\"has-s-font-size\"><a href=\"https:\/\/www.landae.fr\/hebergements-landae\/mobil-home-taiga\/\">Eine Familienunterkunft mit modernem Komfort f\u00fcr einen Urlaub in Harmonie mit der Natur, im Schatten der Pinien.<\/a><\/p>\n\n\n\n<p><img alt=\"\" decoding=\"async\" class=\"wp-image-400\" style=\"width: NaNpx;\" src=\"https:\/\/www.landae.fr\/wp-content\/uploads\/2025\/12\/people.svg\" alt=\"\"><strong>Bis zu 6 Personen<\/strong><\/p>\n\n\n\n<div class=\"wp-block-buttons is-layout-flex wp-block-buttons-is-layout-flex\">\n<div class=\"wp-block-button\"><a class=\"wp-block-button__link has-false-black-color has-false-white-background-color has-text-color has-background has-link-color wp-element-button\" href=\"https:\/\/www.landae.fr\/hebergements-landae\/mobil-home-taiga\/\">Entdecken &amp; Buchen<\/a><\/div>\n<\/div>\n<\/div><\/div>\n\n\n\n<div class=\"wp-block-media-text is-stacked-on-mobile is-style-mobile linked has-theme-100-background-color has-background\"><figure class=\"wp-block-media-text__media\"><a href=\"https:\/\/www.landae.fr\/emplacements-landae\/\"><img alt=\"\" loading=\"lazy\" decoding=\"async\" width=\"1400\" height=\"1392\" src=\"https:\/\/www.landae.fr\/wp-content\/uploads\/2025\/12\/jeune-mand-cueillant-des-branches-et-les-assemblant-il-prepare-un-tas-de-bois-de-chauffage-pour-le-feu-de-camp-la-nuit-et-une-jolie-amie-assise-devant-la-tente-de-camping-1400x1392.jpg\" alt=\"\" class=\"wp-image-1812 size-full\" srcset=\"https:\/\/www.landae.fr\/wp-content\/uploads\/2025\/12\/jeune-mand-cueillant-des-branches-et-les-assemblant-il-prepare-un-tas-de-bois-de-chauffage-pour-le-feu-de-camp-la-nuit-et-une-jolie-amie-assise-devant-la-tente-de-camping-1400x1392.jpg 1400w, https:\/\/www.landae.fr\/wp-content\/uploads\/2025\/12\/jeune-mand-cueillant-des-branches-et-les-assemblant-il-prepare-un-tas-de-bois-de-chauffage-pour-le-feu-de-camp-la-nuit-et-une-jolie-amie-assise-devant-la-tente-de-camping-603x600.jpg 603w, https:\/\/www.landae.fr\/wp-content\/uploads\/2025\/12\/jeune-mand-cueillant-des-branches-et-les-assemblant-il-prepare-un-tas-de-bois-de-chauffage-pour-le-feu-de-camp-la-nuit-et-une-jolie-amie-assise-devant-la-tente-de-camping-300x298.jpg 300w, https:\/\/www.landae.fr\/wp-content\/uploads\/2025\/12\/jeune-mand-cueillant-des-branches-et-les-assemblant-il-prepare-un-tas-de-bois-de-chauffage-pour-le-feu-de-camp-la-nuit-et-une-jolie-amie-assise-devant-la-tente-de-camping-768x764.jpg 768w, https:\/\/www.landae.fr\/wp-content\/uploads\/2025\/12\/jeune-mand-cueillant-des-branches-et-les-assemblant-il-prepare-un-tas-de-bois-de-chauffage-pour-le-feu-de-camp-la-nuit-et-une-jolie-amie-assise-devant-la-tente-de-camping-1536x1528.jpg 1536w, https:\/\/www.landae.fr\/wp-content\/uploads\/2025\/12\/jeune-mand-cueillant-des-branches-et-les-assemblant-il-prepare-un-tas-de-bois-de-chauffage-pour-le-feu-de-camp-la-nuit-et-une-jolie-amie-assise-devant-la-tente-de-camping-2048x2037.jpg 2048w\" sizes=\"auto, (max-width: 1400px) 100vw, 1400px\" \/><\/a><\/figure><div class=\"wp-block-media-text__content\">\n<h3 class=\"wp-block-heading\"><a href=\"https:\/\/www.landae.fr\/emplacements-landae\/\" data-type=\"page\" data-id=\"185\">Die Stellpl\u00e4tze<\/a><\/h3>\n\n\n\n<p class=\"has-s-font-size\">W\u00e4hlen Sie im Schatten der Pinien die Freiheit im Freien, in der klassischen Version oder in der Premium-Version f\u00fcr noch mehr Komfort.<\/p>\n\n\n\n<p><img alt=\"\" decoding=\"async\" class=\"wp-image-400\" style=\"width: NaNpx;\" src=\"https:\/\/www.landae.fr\/wp-content\/uploads\/2025\/12\/people.svg\" alt=\"\"><strong>Bis zu 4 Personen<\/strong><\/p>\n\n\n\n<div class=\"wp-block-buttons is-layout-flex wp-block-buttons-is-layout-flex\">\n<div class=\"wp-block-button\"><a class=\"wp-block-button__link has-false-black-color has-false-white-background-color has-text-color has-background has-link-color wp-element-button\" href=\"https:\/\/www.landae.fr\/emplacements-landae\/\">Entdecken &amp; Buchen<\/a><\/div>\n<\/div>\n<\/div><\/div>\n\n\n\n<div class=\"wp-block-media-text is-stacked-on-mobile is-style-mobile linked has-theme-100-background-color has-background wp-container-content-2155ee95\"><figure class=\"wp-block-media-text__media\"><a href=\"https:\/\/www.landae.fr\/mobil-home-caledonia\/\"><img loading=\"lazy\" decoding=\"async\" width=\"1400\" height=\"933\" src=\"https:\/\/www.landae.fr\/wp-content\/uploads\/2025\/12\/landae-ivanrodeorodriguez-41-1400x933.jpg\" alt=\"LANDAE mobilheim caledonia\" class=\"wp-image-1378 size-large\" srcset=\"https:\/\/www.landae.fr\/wp-content\/uploads\/2025\/12\/landae-ivanrodeorodriguez-41-1400x933.jpg 1400w, https:\/\/www.landae.fr\/wp-content\/uploads\/2025\/12\/landae-ivanrodeorodriguez-41-800x533.jpg 800w, https:\/\/www.landae.fr\/wp-content\/uploads\/2025\/12\/landae-ivanrodeorodriguez-41-300x200.jpg 300w, https:\/\/www.landae.fr\/wp-content\/uploads\/2025\/12\/landae-ivanrodeorodriguez-41-768x512.jpg 768w, https:\/\/www.landae.fr\/wp-content\/uploads\/2025\/12\/landae-ivanrodeorodriguez-41-1536x1024.jpg 1536w, https:\/\/www.landae.fr\/wp-content\/uploads\/2025\/12\/landae-ivanrodeorodriguez-41-2048x1365.jpg 2048w\" sizes=\"auto, (max-width: 1400px) 100vw, 1400px\" \/><\/a><\/figure><div class=\"wp-block-media-text__content\">\n<h3 class=\"wp-block-heading\"><a href=\"https:\/\/www.landae.fr\/mobil-home-caledonia\/\" data-type=\"page\" data-id=\"185\">Mobilheim CALEDONIA<\/a><\/h3>\n\n\n\n<p class=\"has-s-font-size\">Ein Innenbereich, der sich zu einer schattigen Terrasse hin \u00f6ffnet, f\u00fcr einen komfortablen Aufenthalt in der N\u00e4he des Ozeans.<\/p>\n\n\n\n<p><img alt=\"\" decoding=\"async\" class=\"wp-image-400\" style=\"width: NaNpx;\" src=\"https:\/\/www.landae.fr\/wp-content\/uploads\/2025\/12\/people.svg\" alt=\"\"><strong>Bis zu 4 Personen<\/strong><\/p>\n\n\n\n<div class=\"wp-block-buttons is-layout-flex wp-block-buttons-is-layout-flex\">\n<div class=\"wp-block-button\"><a class=\"wp-block-button__link has-false-black-color has-false-white-background-color has-text-color has-background has-link-color wp-element-button\" href=\"https:\/\/www.landae.fr\/mobil-home-caledonia\/\">Entdecken &amp; Buchen<\/a><\/div>\n<\/div>\n<\/div><\/div>\n\n\n\n<div class=\"wp-block-media-text is-stacked-on-mobile is-style-mobile linked has-theme-100-background-color has-background\"><figure class=\"wp-block-media-text__media\"><a href=\"https:\/\/www.landae.fr\/mobil-home-cedria\/\"><img alt=\"\" loading=\"lazy\" decoding=\"async\" width=\"1400\" height=\"933\" src=\"https:\/\/www.landae.fr\/wp-content\/uploads\/2025\/12\/landae-ivanrodeorodriguez-25-1400x933.jpg\" alt=\"\" class=\"wp-image-1179 size-full\" srcset=\"https:\/\/www.landae.fr\/wp-content\/uploads\/2025\/12\/landae-ivanrodeorodriguez-25-1400x933.jpg 1400w, https:\/\/www.landae.fr\/wp-content\/uploads\/2025\/12\/landae-ivanrodeorodriguez-25-800x533.jpg 800w, https:\/\/www.landae.fr\/wp-content\/uploads\/2025\/12\/landae-ivanrodeorodriguez-25-300x200.jpg 300w, https:\/\/www.landae.fr\/wp-content\/uploads\/2025\/12\/landae-ivanrodeorodriguez-25-768x512.jpg 768w, https:\/\/www.landae.fr\/wp-content\/uploads\/2025\/12\/landae-ivanrodeorodriguez-25-1536x1024.jpg 1536w, https:\/\/www.landae.fr\/wp-content\/uploads\/2025\/12\/landae-ivanrodeorodriguez-25-2048x1365.jpg 2048w\" sizes=\"auto, (max-width: 1400px) 100vw, 1400px\" \/><\/a><\/figure><div class=\"wp-block-media-text__content\">\n<h3 class=\"wp-block-heading\"><a href=\"https:\/\/www.landae.fr\/mobil-home-cedria\/\" data-type=\"page\" data-id=\"185\">Mobilheim CEDRIA<\/a><\/h3>\n\n\n\n<p class=\"has-s-font-size\">Eine moderne Oase der Ruhe, eingebettet in den Pinienwald, ideal f\u00fcr einen komfortablen Aufenthalt mit der Familie oder mit Freunden.<\/p>\n\n\n\n<p><img alt=\"\" decoding=\"async\" class=\"wp-image-400\" style=\"width: NaNpx;\" src=\"https:\/\/www.landae.fr\/wp-content\/uploads\/2025\/12\/people.svg\" alt=\"\"><strong>Bis zu 4 Personen<\/strong><\/p>\n\n\n\n<div class=\"wp-block-buttons is-layout-flex wp-block-buttons-is-layout-flex\">\n<div class=\"wp-block-button\"><a class=\"wp-block-button__link has-false-black-color has-false-white-background-color has-text-color has-background has-link-color wp-element-button\" href=\"https:\/\/www.landae.fr\/mobil-home-cedria\/\">Entdecken &amp; Buchen<\/a><\/div>\n<\/div>\n<\/div><\/div>\n\n\n\n<div class=\"wp-block-media-text is-stacked-on-mobile is-style-mobile linked has-theme-100-background-color has-background\"><figure class=\"wp-block-media-text__media\"><a href=\"https:\/\/www.landae.fr\/de\/unterkunfte-landae\/chalets-landae\/\"><img loading=\"lazy\" decoding=\"async\" width=\"1400\" height=\"1027\" src=\"https:\/\/www.landae.fr\/wp-content\/uploads\/2025\/12\/chalet-dune-landae-1400x1027.jpg\" alt=\"chalet dune landae\" class=\"wp-image-1888 size-full\" srcset=\"https:\/\/www.landae.fr\/wp-content\/uploads\/2025\/12\/chalet-dune-landae-1400x1027.jpg 1400w, https:\/\/www.landae.fr\/wp-content\/uploads\/2025\/12\/chalet-dune-landae-800x587.jpg 800w, https:\/\/www.landae.fr\/wp-content\/uploads\/2025\/12\/chalet-dune-landae-300x220.jpg 300w, https:\/\/www.landae.fr\/wp-content\/uploads\/2025\/12\/chalet-dune-landae-768x564.jpg 768w, https:\/\/www.landae.fr\/wp-content\/uploads\/2025\/12\/chalet-dune-landae-1536x1127.jpg 1536w, https:\/\/www.landae.fr\/wp-content\/uploads\/2025\/12\/chalet-dune-landae-2048x1503.jpg 2048w\" sizes=\"auto, (max-width: 1400px) 100vw, 1400px\" \/><\/a><\/figure><div class=\"wp-block-media-text__content\">\n<h3 class=\"wp-block-heading\"><a href=\"https:\/\/www.landae.fr\/de\/unterkunfte-landae\/chalets-landae\/\" data-type=\"page\" data-id=\"185\">Die Chalets<\/a><\/h3>\n\n\n\n<p class=\"has-s-font-size\">Ein echtes Zuhause, warm und funktionell, perfekt um jeden Moment Ihres Urlaubs zu genie\u00dfen.<\/p>\n\n\n\n<p class=\"has-s-font-size\"><img alt=\"\" decoding=\"async\" class=\"wp-image-400\" style=\"width: NaNpx;\" src=\"https:\/\/www.landae.fr\/wp-content\/uploads\/2025\/12\/people.svg\" alt=\"\"><strong>Bis zu 5 Personen<\/strong><\/p>\n\n\n\n<div class=\"wp-block-buttons is-layout-flex wp-block-buttons-is-layout-flex\">\n<div class=\"wp-block-button\"><a class=\"wp-block-button__link has-false-black-color has-false-white-background-color has-text-color has-background has-link-color wp-element-button\">Entdecken &amp; Buchen<\/a><\/div>\n<\/div>\n<\/div><\/div>\n\n\n\n<div class=\"wp-block-media-text is-stacked-on-mobile is-style-mobile linked has-theme-100-background-color has-background\"><figure class=\"wp-block-media-text__media\"><a href=\"https:\/\/www.landae.fr\/mobil-home-valoria-pmr\/\"><img alt=\"\" loading=\"lazy\" decoding=\"async\" width=\"976\" height=\"654\" src=\"https:\/\/www.landae.fr\/wp-content\/uploads\/2025\/12\/Extlife9178copie.jpg-1200px-e1766054246423.jpg\" alt=\"\" class=\"wp-image-2248 size-full\" srcset=\"https:\/\/www.landae.fr\/wp-content\/uploads\/2025\/12\/Extlife9178copie.jpg-1200px-e1766054246423.jpg 976w, https:\/\/www.landae.fr\/wp-content\/uploads\/2025\/12\/Extlife9178copie.jpg-1200px-e1766054246423-800x536.jpg 800w, https:\/\/www.landae.fr\/wp-content\/uploads\/2025\/12\/Extlife9178copie.jpg-1200px-e1766054246423-300x201.jpg 300w, https:\/\/www.landae.fr\/wp-content\/uploads\/2025\/12\/Extlife9178copie.jpg-1200px-e1766054246423-768x515.jpg 768w\" sizes=\"auto, (max-width: 976px) 100vw, 976px\" \/><\/a><\/figure><div class=\"wp-block-media-text__content\">\n<p class=\"is-style-tag has-theme-300-background-color has-background has-s-font-size\" style=\"font-style:normal;font-weight:700;text-transform:uppercase\"><img alt=\"\" decoding=\"async\" class=\"wp-image-2751\" style=\"width: NaNpx;\" src=\"https:\/\/www.landae.fr\/wp-content\/uploads\/2025\/12\/PMR-noir.svg\" alt=\"\">PMR<\/p>\n\n\n\n<h3 class=\"wp-block-heading\"><a href=\"https:\/\/www.landae.fr\/mobil-home-valoria-pmr\/\">Mobilheim VALORIA PMR<\/a><\/h3>\n\n\n\n<p class=\"has-s-font-size\">Eine Unterkunft, die f\u00fcr Personen mit eingeschr\u00e4nkter Mobilit\u00e4t geeignet ist, damit Sie die Natur in einem komfortablen und ruhigen Raum genie\u00dfen k\u00f6nnen.<\/p>\n\n\n\n<p><img alt=\"\" decoding=\"async\" class=\"wp-image-400\" style=\"width: NaNpx;\" src=\"https:\/\/www.landae.fr\/wp-content\/uploads\/2025\/12\/people.svg\" alt=\"\"><strong>Bis zu 4 Personen<\/strong><\/p>\n\n\n\n<div class=\"wp-block-buttons is-layout-flex wp-block-buttons-is-layout-flex\">\n<div class=\"wp-block-button\"><a class=\"wp-block-button__link has-false-black-color has-false-white-background-color has-text-color has-background has-link-color wp-element-button\" href=\"https:\/\/www.landae.fr\/mobil-home-valoria-pmr\/\">Entdecken &amp; Buchen<\/a><\/div>\n<\/div>\n<\/div><\/div>\n<\/div>\n<\/div>\n\n\n\n<section class=\"wp-block-group alignfull has-global-padding is-layout-constrained wp-block-group-is-layout-constrained\">\n<div class=\"wp-block-columns alignwide is-layout-flex wp-container-core-columns-is-layout-28f84493 wp-block-columns-is-layout-flex\">\n<div class=\"wp-block-column is-layout-flow wp-block-column-is-layout-flow\">\n<h2 class=\"wp-block-heading\">Wie w\u00e4re es, wenn Sie die<mark style=\"background-color:rgba(0, 0, 0, 0)\" class=\"has-inline-color has-theme-500-color\">LANDAE Erfahrung<\/mark> noch weiter ausbauen w\u00fcrden?<\/h2>\n<\/div>\n\n\n\n<div class=\"wp-block-column is-layout-flow wp-block-column-is-layout-flow\">\n<p>Nachdem Sie Ihr ideales Ferienhaus gefunden haben, entdecken Sie alles, was LANDAE so einzigartig macht. Restaurants, Service, Freizeit, Aktivit\u00e4ten oder Erlebnisse vor Ort: Entdecken Sie die Welt des Campings und planen Sie einen Aufenthalt, der zu Ihnen passt. <\/p>\n<\/div>\n<\/div>\n\n\n\n<div style=\"height:100px\" aria-hidden=\"true\" class=\"wp-block-spacer is-style-spacer-m\"><\/div>\n\n\n\n<div class=\"wp-block-columns alignwide is-layout-flex wp-container-core-columns-is-layout-28f84493 wp-block-columns-is-layout-flex\">\n<div class=\"wp-block-column is-layout-flow wp-block-column-is-layout-flow\">\n<div class=\"wp-block-cover has-custom-content-position is-position-bottom-left is-style-top-rounded\" style=\"min-height:390px;aspect-ratio:unset;\"><img alt=\"\" loading=\"lazy\" decoding=\"async\" width=\"2560\" height=\"1707\" class=\"wp-block-cover__image-background wp-image-1527 size-full\" alt=\"\" src=\"https:\/\/www.landae.fr\/wp-content\/uploads\/2025\/12\/image-1-scaled.png\" data-object-fit=\"cover\" srcset=\"https:\/\/www.landae.fr\/wp-content\/uploads\/2025\/12\/image-1-scaled.png 2560w, https:\/\/www.landae.fr\/wp-content\/uploads\/2025\/12\/image-1-800x533.png 800w, https:\/\/www.landae.fr\/wp-content\/uploads\/2025\/12\/image-1-1400x933.png 1400w, https:\/\/www.landae.fr\/wp-content\/uploads\/2025\/12\/image-1-300x200.png 300w, https:\/\/www.landae.fr\/wp-content\/uploads\/2025\/12\/image-1-768x512.png 768w, https:\/\/www.landae.fr\/wp-content\/uploads\/2025\/12\/image-1-1536x1024.png 1536w, https:\/\/www.landae.fr\/wp-content\/uploads\/2025\/12\/image-1-2048x1365.png 2048w\" sizes=\"auto, (max-width: 2560px) 100vw, 2560px\" \/><span aria-hidden=\"true\" class=\"wp-block-cover__background has-background-dim-70 has-background-dim wp-block-cover__gradient-background has-background-gradient has-transparent-to-black-gradient-background\"><\/span><div class=\"wp-block-cover__inner-container has-global-padding is-layout-constrained wp-block-cover-is-layout-constrained\">\n<h3 class=\"wp-block-heading\"><a href=\"https:\/\/www.landae.fr\/de\/landae-aktivitaten\/\">LANDAE Aktivit\u00e4ten<\/a><\/h3>\n<\/div><\/div>\n<\/div>\n\n\n\n<div class=\"wp-block-column is-layout-flow wp-block-column-is-layout-flow\">\n<div class=\"wp-block-cover has-custom-content-position is-position-bottom-left is-style-top-rounded linked\" style=\"min-height:390px;aspect-ratio:unset;\"><img alt=\"\" loading=\"lazy\" decoding=\"async\" width=\"848\" height=\"477\" class=\"wp-block-cover__image-background wp-image-1446 size-full\" alt=\"\" src=\"https:\/\/www.landae.fr\/wp-content\/uploads\/2025\/12\/magret-pomme-de-terre-persillade-a-la-graisse-de-canard1-848x477-1.webp\" data-object-fit=\"cover\" srcset=\"https:\/\/www.landae.fr\/wp-content\/uploads\/2025\/12\/magret-pomme-de-terre-persillade-a-la-graisse-de-canard1-848x477-1.webp 848w, https:\/\/www.landae.fr\/wp-content\/uploads\/2025\/12\/magret-pomme-de-terre-persillade-a-la-graisse-de-canard1-848x477-1-800x450.webp 800w, https:\/\/www.landae.fr\/wp-content\/uploads\/2025\/12\/magret-pomme-de-terre-persillade-a-la-graisse-de-canard1-848x477-1-300x169.webp 300w, https:\/\/www.landae.fr\/wp-content\/uploads\/2025\/12\/magret-pomme-de-terre-persillade-a-la-graisse-de-canard1-848x477-1-768x432.webp 768w\" sizes=\"auto, (max-width: 848px) 100vw, 848px\" \/><span aria-hidden=\"true\" class=\"wp-block-cover__background has-background-dim-70 has-background-dim wp-block-cover__gradient-background has-background-gradient has-transparent-to-black-gradient-background\"><\/span><div class=\"wp-block-cover__inner-container has-global-padding is-layout-constrained wp-block-cover-is-layout-constrained\">\n<h3 class=\"wp-block-heading\"><a href=\"https:\/\/www.landae.fr\/de\/die-landae-dienste\/\">LANDAE Dienstleistungen<\/a><\/h3>\n<\/div><\/div>\n<\/div>\n\n\n\n<div class=\"wp-block-column is-layout-flow wp-block-column-is-layout-flow\">\n<div class=\"wp-block-cover has-custom-content-position is-position-bottom-left is-style-top-rounded\" style=\"min-height:390px;aspect-ratio:unset;\"><img alt=\"\" loading=\"lazy\" decoding=\"async\" width=\"2560\" height=\"1707\" class=\"wp-block-cover__image-background wp-image-2306 size-full\" alt=\"\" src=\"https:\/\/www.landae.fr\/wp-content\/uploads\/2025\/12\/enseignante-de-yoga-aidant-stagiaire-scaled.jpg\" data-object-fit=\"cover\" srcset=\"https:\/\/www.landae.fr\/wp-content\/uploads\/2025\/12\/enseignante-de-yoga-aidant-stagiaire-scaled.jpg 2560w, https:\/\/www.landae.fr\/wp-content\/uploads\/2025\/12\/enseignante-de-yoga-aidant-stagiaire-800x533.jpg 800w, https:\/\/www.landae.fr\/wp-content\/uploads\/2025\/12\/enseignante-de-yoga-aidant-stagiaire-1400x933.jpg 1400w, https:\/\/www.landae.fr\/wp-content\/uploads\/2025\/12\/enseignante-de-yoga-aidant-stagiaire-300x200.jpg 300w, https:\/\/www.landae.fr\/wp-content\/uploads\/2025\/12\/enseignante-de-yoga-aidant-stagiaire-768x512.jpg 768w, https:\/\/www.landae.fr\/wp-content\/uploads\/2025\/12\/enseignante-de-yoga-aidant-stagiaire-1536x1024.jpg 1536w, https:\/\/www.landae.fr\/wp-content\/uploads\/2025\/12\/enseignante-de-yoga-aidant-stagiaire-2048x1365.jpg 2048w\" sizes=\"auto, (max-width: 2560px) 100vw, 2560px\" \/><span aria-hidden=\"true\" class=\"wp-block-cover__background has-background-dim-70 has-background-dim wp-block-cover__gradient-background has-background-gradient has-transparent-to-black-gradient-background\"><\/span><div class=\"wp-block-cover__inner-container has-global-padding is-layout-constrained wp-block-cover-is-layout-constrained\">\n<h3 class=\"wp-block-heading\"><a href=\"https:\/\/www.landae.fr\/de\/gruppen-veranstaltungen\/\">Gruppen<br>Veranstaltungen<\/a><\/h3>\n<\/div><\/div>\n<\/div>\n<\/div>\n<\/section>\n\n\n\n<div class=\"wp-block-columns is-layout-flex wp-container-core-columns-is-layout-28f84493 wp-block-columns-is-layout-flex\">\n<div class=\"wp-block-column is-layout-flow wp-block-column-is-layout-flow\"><\/div>\n\n\n\n<div class=\"wp-block-column is-layout-flow wp-block-column-is-layout-flow\"><\/div>\n<\/div>\n","protected":false},"excerpt":{"rendered":"<p>W\u00e4hlen Sie dieUnterkunft, die zu Ihnen passt INSOLITE SYLODGE Eine Unterkunft mit Dachplane und allem Komfort, der f\u00fcr ein erholsames Erlebnis im Freien notwendig ist. Bis zu 4 Personen INSOLITE TYRA Ein origineller, zur Natur hin offener Raum f\u00fcr einen ungew\u00f6hnlichen Urlaub. Eine einzigartige Unterkunft in den Landes! Bis zu 4 Personen * Die Fotos, [&hellip;]<\/p>\n","protected":false},"author":3,"featured_media":2333,"parent":2598,"menu_order":0,"comment_status":"closed","ping_status":"closed","template":"","meta":{"_acf_changed":false,"_seopress_robots_primary_cat":"","_seopress_titles_title":"","_seopress_titles_desc":"","_seopress_robots_index":"","footnotes":""},"class_list":["post-2616","page","type-page","status-publish","has-post-thumbnail"],"acf":[],"_links":{"self":[{"href":"https:\/\/www.landae.fr\/de\/wp-json\/wp\/v2\/pages\/2616","targetHints":{"allow":["GET"]}}],"collection":[{"href":"https:\/\/www.landae.fr\/de\/wp-json\/wp\/v2\/pages"}],"about":[{"href":"https:\/\/www.landae.fr\/de\/wp-json\/wp\/v2\/types\/page"}],"author":[{"embeddable":true,"href":"https:\/\/www.landae.fr\/de\/wp-json\/wp\/v2\/users\/3"}],"replies":[{"embeddable":true,"href":"https:\/\/www.landae.fr\/de\/wp-json\/wp\/v2\/comments?post=2616"}],"version-history":[{"count":0,"href":"https:\/\/www.landae.fr\/de\/wp-json\/wp\/v2\/pages\/2616\/revisions"}],"up":[{"embeddable":true,"href":"https:\/\/www.landae.fr\/de\/wp-json\/wp\/v2\/pages\/2598"}],"wp:featuredmedia":[{"embeddable":true,"href":"https:\/\/www.landae.fr\/de\/wp-json\/wp\/v2\/media\/2333"}],"wp:attachment":[{"href":"https:\/\/www.landae.fr\/de\/wp-json\/wp\/v2\/media?parent=2616"}],"curies":[{"name":"wp","href":"https:\/\/api.w.org\/{rel}","templated":true}]}}