{"id":2586,"date":"2025-12-09T15:40:49","date_gmt":"2025-12-09T14:40:49","guid":{"rendered":"https:\/\/www.landae.fr\/landae-aktivitaten\/"},"modified":"2025-12-09T15:40:49","modified_gmt":"2025-12-09T14:40:49","slug":"landae-aktivitaten","status":"publish","type":"page","link":"https:\/\/www.landae.fr\/de\/landae-aktivitaten\/","title":{"rendered":"LANDAE Aktivit\u00e4ten"},"content":{"rendered":"\n<div class=\"wp-block-columns alignwide is-layout-flex wp-container-core-columns-is-layout-28f84493 wp-block-columns-is-layout-flex\">\n<div class=\"wp-block-column is-layout-flow wp-block-column-is-layout-flow\" style=\"flex-basis:66.66%\">\n<h2 class=\"wp-block-heading\">Ein unvergesslicher Urlaub <mark style=\"background-color:rgba(0, 0, 0, 0)\" class=\"has-inline-color has-theme-500-color\">f\u00fcr alle<\/mark><\/h2>\n<\/div>\n\n\n\n<div class=\"wp-block-column is-layout-flow wp-block-column-is-layout-flow\" style=\"flex-basis:33.33%\"><\/div>\n<\/div>\n\n\n\n<div class=\"wp-block-columns alignwide is-layout-flex wp-container-core-columns-is-layout-28f84493 wp-block-columns-is-layout-flex\">\n<div class=\"wp-block-column is-layout-flow wp-block-column-is-layout-flow\"><\/div>\n\n\n\n<div class=\"wp-block-column is-layout-flow wp-block-column-is-layout-flow\">\n<p>Zwischen dem Schwimmbad des Campingplatzes, den vor Ort angebotenen Aktivit\u00e4ten, der Zirkusschule und dem nahe gelegenen Strand Ondres-Oc\u00e9an gibt es an jedem Tag etwas zu entdecken. Ob Sie sich nun entspannen, bewegen oder neue Erfahrungen sammeln m\u00f6chten, alles ist vorhanden, um einen Urlaub voller guter Laune zu erleben. <\/p>\n<\/div>\n<\/div>\n\n\n\n<div style=\"height:100px\" aria-hidden=\"true\" class=\"wp-block-spacer is-style-spacer-m\"><\/div>\n\n\n\n<section class=\"wp-block-group alignfull is-style-default has-theme-100-background-color has-background has-global-padding is-layout-constrained wp-block-group-is-layout-constrained\">\n<div class=\"wp-block-columns alignwide are-vertically-aligned-center is-style-alignfull-right is-layout-flex wp-container-core-columns-is-layout-28f84493 wp-block-columns-is-layout-flex\">\n<div class=\"wp-block-column is-vertically-aligned-center has-false-white-color has-theme-700-background-color has-text-color has-background has-link-color wp-elements-da497ce33df2de3f499008ddcd57e68e is-layout-flow wp-block-column-is-layout-flow\" style=\"flex-basis:50%\">\n<h2 class=\"wp-block-heading\"><mark style=\"background-color:rgba(0, 0, 0, 0)\" class=\"has-inline-color has-theme-500-color\">Beheizter<\/mark> Swimmingpool<\/h2>\n\n\n\n<p>Unser beheizter Pool ist von Pflanzen und Liegest\u00fchlen umgeben und garantiert Ihnen Momente der Entspannung und des Vergn\u00fcgens. Die j\u00fcngeren G\u00e4ste k\u00f6nnen sich im Planschbecken in aller Sicherheit abk\u00fchlen. <\/p>\n\n\n\n<p>Die unumg\u00e4ngliche Wassergymnastik, verschiedene Sportaktivit\u00e4ten zur Unterhaltung, ein wei\u00dfer Abend am Wasser oder eine Poolparty unter dem Sternenhimmel &#8211; Sie werden unvergessliche Erinnerungen schaffen, w\u00e4hrend Sie Ihre F\u00fc\u00dfe im Wasser baumeln lassen.<\/p>\n<\/div>\n\n\n\n<div class=\"wp-block-column is-vertically-aligned-center is-style-default is-layout-flow wp-block-column-is-layout-flow\" style=\"flex-basis:50%\">\n<figure class=\"wp-block-gallery has-nested-images columns-1 is-style-swiper-slider has-arrows wp-block-gallery-1 is-layout-flex wp-block-gallery-is-layout-flex\">\n<figure class=\"wp-block-image size-full\"><img alt=\"\" loading=\"lazy\" decoding=\"async\" width=\"2560\" height=\"1707\" data-id=\"1527\" src=\"https:\/\/www.landae.fr\/wp-content\/uploads\/2025\/12\/image-1-scaled.png\" alt=\"\" class=\"wp-image-1527\" srcset=\"https:\/\/www.landae.fr\/wp-content\/uploads\/2025\/12\/image-1-scaled.png 2560w, https:\/\/www.landae.fr\/wp-content\/uploads\/2025\/12\/image-1-800x533.png 800w, https:\/\/www.landae.fr\/wp-content\/uploads\/2025\/12\/image-1-1400x933.png 1400w, https:\/\/www.landae.fr\/wp-content\/uploads\/2025\/12\/image-1-300x200.png 300w, https:\/\/www.landae.fr\/wp-content\/uploads\/2025\/12\/image-1-768x512.png 768w, https:\/\/www.landae.fr\/wp-content\/uploads\/2025\/12\/image-1-1536x1024.png 1536w, https:\/\/www.landae.fr\/wp-content\/uploads\/2025\/12\/image-1-2048x1365.png 2048w\" sizes=\"auto, (max-width: 2560px) 100vw, 2560px\" \/><\/figure>\n\n\n\n<figure class=\"wp-block-image size-full\"><img alt=\"\" loading=\"lazy\" decoding=\"async\" width=\"2560\" height=\"1707\" data-id=\"1686\" src=\"https:\/\/www.landae.fr\/wp-content\/uploads\/2025\/12\/piscine_001-scaled.jpg\" alt=\"\" class=\"wp-image-1686\" srcset=\"https:\/\/www.landae.fr\/wp-content\/uploads\/2025\/12\/piscine_001-scaled.jpg 2560w, https:\/\/www.landae.fr\/wp-content\/uploads\/2025\/12\/piscine_001-800x533.jpg 800w, https:\/\/www.landae.fr\/wp-content\/uploads\/2025\/12\/piscine_001-1400x933.jpg 1400w, https:\/\/www.landae.fr\/wp-content\/uploads\/2025\/12\/piscine_001-300x200.jpg 300w, https:\/\/www.landae.fr\/wp-content\/uploads\/2025\/12\/piscine_001-768x512.jpg 768w, https:\/\/www.landae.fr\/wp-content\/uploads\/2025\/12\/piscine_001-1536x1024.jpg 1536w, https:\/\/www.landae.fr\/wp-content\/uploads\/2025\/12\/piscine_001-2048x1365.jpg 2048w\" sizes=\"auto, (max-width: 2560px) 100vw, 2560px\" \/><\/figure>\n\n\n\n<figure class=\"wp-block-image size-full\"><img alt=\"\" loading=\"lazy\" decoding=\"async\" width=\"2560\" height=\"1228\" data-id=\"1695\" src=\"https:\/\/www.landae.fr\/wp-content\/uploads\/2025\/12\/piscine_003-scaled.avif\" alt=\"\" class=\"wp-image-1695\" srcset=\"https:\/\/www.landae.fr\/wp-content\/uploads\/2025\/12\/piscine_003-scaled.avif 2560w, https:\/\/www.landae.fr\/wp-content\/uploads\/2025\/12\/piscine_003-800x384.avif 800w, https:\/\/www.landae.fr\/wp-content\/uploads\/2025\/12\/piscine_003-1400x671.avif 1400w, https:\/\/www.landae.fr\/wp-content\/uploads\/2025\/12\/piscine_003-300x144.avif 300w, https:\/\/www.landae.fr\/wp-content\/uploads\/2025\/12\/piscine_003-768x368.avif 768w, https:\/\/www.landae.fr\/wp-content\/uploads\/2025\/12\/piscine_003-1536x737.avif 1536w, https:\/\/www.landae.fr\/wp-content\/uploads\/2025\/12\/piscine_003-2048x982.avif 2048w\" sizes=\"auto, (max-width: 2560px) 100vw, 2560px\" \/><\/figure>\n\n\n\n<figure class=\"wp-block-image size-full\"><img alt=\"\" loading=\"lazy\" decoding=\"async\" width=\"768\" height=\"512\" data-id=\"1699\" src=\"https:\/\/www.landae.fr\/wp-content\/uploads\/2025\/12\/piscine_002.jpg\" alt=\"\" class=\"wp-image-1699\" srcset=\"https:\/\/www.landae.fr\/wp-content\/uploads\/2025\/12\/piscine_002.jpg 768w, https:\/\/www.landae.fr\/wp-content\/uploads\/2025\/12\/piscine_002-300x200.jpg 300w\" sizes=\"auto, (max-width: 768px) 100vw, 768px\" \/><\/figure>\n<\/figure>\n<\/div>\n<\/div>\n<\/section>\n\n\n\n<section class=\"wp-block-group alignfull has-false-white-background-color has-background has-global-padding is-layout-constrained wp-block-group-is-layout-constrained\">\n<div class=\"wp-block-columns alignwide are-vertically-aligned-center is-style-alignfull-left is-layout-flex wp-container-core-columns-is-layout-28f84493 wp-block-columns-is-layout-flex\">\n<div class=\"wp-block-column is-vertically-aligned-center is-layout-flow wp-block-column-is-layout-flow\" style=\"flex-basis:50%\">\n<figure class=\"wp-block-gallery has-nested-images columns-1 is-style-swiper-slider has-arrows wp-block-gallery-2 is-layout-flex wp-block-gallery-is-layout-flex\">\n<figure class=\"wp-block-image size-medium\"><img alt=\"\" loading=\"lazy\" decoding=\"async\" width=\"800\" height=\"422\" data-id=\"1663\" src=\"https:\/\/www.landae.fr\/wp-content\/uploads\/2025\/12\/villa-tiki-surflodge-vieux-boucau-12-800x422.jpg\" alt=\"\" class=\"wp-image-1663\" srcset=\"https:\/\/www.landae.fr\/wp-content\/uploads\/2025\/12\/villa-tiki-surflodge-vieux-boucau-12-800x422.jpg 800w, https:\/\/www.landae.fr\/wp-content\/uploads\/2025\/12\/villa-tiki-surflodge-vieux-boucau-12-300x158.jpg 300w, https:\/\/www.landae.fr\/wp-content\/uploads\/2025\/12\/villa-tiki-surflodge-vieux-boucau-12-768x405.jpg 768w, https:\/\/www.landae.fr\/wp-content\/uploads\/2025\/12\/villa-tiki-surflodge-vieux-boucau-12.jpg 1024w\" sizes=\"auto, (max-width: 800px) 100vw, 800px\" \/><\/figure>\n\n\n\n<figure class=\"wp-block-image size-medium\"><img alt=\"\" loading=\"lazy\" decoding=\"async\" width=\"800\" height=\"534\" data-id=\"1659\" src=\"https:\/\/www.landae.fr\/wp-content\/uploads\/2025\/12\/pistes_cyclables_vivier-y.espiaube-800x534.webp\" alt=\"\" class=\"wp-image-1659\" srcset=\"https:\/\/www.landae.fr\/wp-content\/uploads\/2025\/12\/pistes_cyclables_vivier-y.espiaube-800x534.webp 800w, https:\/\/www.landae.fr\/wp-content\/uploads\/2025\/12\/pistes_cyclables_vivier-y.espiaube-1400x934.webp 1400w, https:\/\/www.landae.fr\/wp-content\/uploads\/2025\/12\/pistes_cyclables_vivier-y.espiaube-300x200.webp 300w, https:\/\/www.landae.fr\/wp-content\/uploads\/2025\/12\/pistes_cyclables_vivier-y.espiaube-768x512.webp 768w, https:\/\/www.landae.fr\/wp-content\/uploads\/2025\/12\/pistes_cyclables_vivier-y.espiaube-1536x1025.webp 1536w, https:\/\/www.landae.fr\/wp-content\/uploads\/2025\/12\/pistes_cyclables_vivier-y.espiaube.webp 1920w\" sizes=\"auto, (max-width: 800px) 100vw, 800px\" \/><\/figure>\n\n\n\n<figure class=\"wp-block-image size-large\"><img alt=\"\" loading=\"lazy\" decoding=\"async\" width=\"1400\" height=\"933\" data-id=\"2306\" src=\"https:\/\/www.landae.fr\/wp-content\/uploads\/2025\/12\/enseignante-de-yoga-aidant-stagiaire-1400x933.jpg\" alt=\"\" class=\"wp-image-2306\" srcset=\"https:\/\/www.landae.fr\/wp-content\/uploads\/2025\/12\/enseignante-de-yoga-aidant-stagiaire-1400x933.jpg 1400w, https:\/\/www.landae.fr\/wp-content\/uploads\/2025\/12\/enseignante-de-yoga-aidant-stagiaire-800x533.jpg 800w, https:\/\/www.landae.fr\/wp-content\/uploads\/2025\/12\/enseignante-de-yoga-aidant-stagiaire-300x200.jpg 300w, https:\/\/www.landae.fr\/wp-content\/uploads\/2025\/12\/enseignante-de-yoga-aidant-stagiaire-768x512.jpg 768w, https:\/\/www.landae.fr\/wp-content\/uploads\/2025\/12\/enseignante-de-yoga-aidant-stagiaire-1536x1024.jpg 1536w, https:\/\/www.landae.fr\/wp-content\/uploads\/2025\/12\/enseignante-de-yoga-aidant-stagiaire-2048x1365.jpg 2048w\" sizes=\"auto, (max-width: 1400px) 100vw, 1400px\" \/><\/figure>\n<\/figure>\n<\/div>\n\n\n\n<div class=\"wp-block-column is-vertically-aligned-center has-false-black-color has-theme-100-background-color has-text-color has-background has-link-color wp-elements-754364431b603d9c97acf22c9ed309d3 is-layout-flow wp-block-column-is-layout-flow\" style=\"flex-basis:50%\">\n<h2 class=\"wp-block-heading\"><mark style=\"background-color:rgba(0, 0, 0, 0)\" class=\"has-inline-color has-theme-500-color\">Verschiedene<\/mark> Animationen<\/h2>\n\n\n\n<p>Genie\u00dfen Sie bei LANDAE die gesellige Atmosph\u00e4re des Campingplatzes, wo sich originelle und traditionelle Animationen vermischen. Im Sommer treffen sich die Kinder im Miniclub! <\/p>\n\n\n\n<p>Unser Maskottchen Landino wird Ihnen zur Seite stehen und Ihnen t\u00e4glich Freude und gute Laune bringen.<\/p>\n\n\n\n<p>Unser Ziel ist es, Ihnen unvergessliche Urlaubserinnerungen in den Landes zu schaffen.<\/p>\n<\/div>\n<\/div>\n<\/section>\n\n\n\n<section class=\"wp-block-group alignfull is-style-default has-theme-100-background-color has-background has-global-padding is-layout-constrained wp-block-group-is-layout-constrained\">\n<div class=\"wp-block-columns alignwide are-vertically-aligned-center is-style-alignfull-right is-layout-flex wp-container-core-columns-is-layout-28f84493 wp-block-columns-is-layout-flex\">\n<div class=\"wp-block-column is-vertically-aligned-center has-false-white-background-color has-background is-layout-flow wp-block-column-is-layout-flow\" style=\"flex-basis:50%\">\n<h2 class=\"wp-block-heading\"><mark style=\"background-color:rgba(0, 0, 0, 0)\" class=\"has-inline-color has-theme-500-color\">Zirkusschule<\/mark><\/h2>\n\n\n\n<p>Nutzen Sie Ihren Urlaub, um sich im Zirkuszelt auf Ihrem Campingplatz in die Zirkusk\u00fcnste einf\u00fchren zu lassen.<\/p>\n\n\n\n<ul class=\"wp-block-list\">\n<li>Balancieren auf Objekten (Kugel, Rolabola, Balken &#8230;)<\/li>\n\n\n\n<li>Akrobatik (Minitrampolin, Pyramiden, Boden, &#8230;)<\/li>\n\n\n\n<li>Jonglieren (B\u00e4lle, T\u00fccher, Ringe &#8230;)<\/li>\n\n\n\n<li>Luft (Stoff, Trapez, &#8230;)<\/li>\n\n\n\n<li>Animationen w\u00e4hrend des ganzen Tages.<\/li>\n<\/ul>\n\n\n\n<p>Entdeckungs- und Fortgeschrittenenkurse werden angeboten.<br>Unter der Leitung von <strong>Agnes<\/strong>, einer p\u00e4dagogischen K\u00fcnstlerin und Luftchoreographin. <br><a href=\"https:\/\/www.instagram.com\/polecircus64\/?hl=fr\" data-type=\"link\" data-id=\"https:\/\/www.instagram.com\/polecircus64\/?hl=fr\">Kontaktieren Sie sie f\u00fcr weitere Informationen.<\/a><\/p>\n<\/div>\n\n\n\n<div class=\"wp-block-column is-vertically-aligned-center is-style-default is-layout-flow wp-block-column-is-layout-flow\" style=\"flex-basis:50%\">\n<figure class=\"wp-block-gallery has-nested-images columns-1 is-style-swiper-slider has-arrows wp-block-gallery-3 is-layout-flex wp-block-gallery-is-layout-flex\">\n<figure class=\"wp-block-image size-full\"><img alt=\"\" loading=\"lazy\" decoding=\"async\" width=\"1440\" height=\"1080\" data-id=\"1637\" src=\"https:\/\/www.landae.fr\/wp-content\/uploads\/2025\/12\/36944533_591260054624403_2729450883384344576_n.jpg\" alt=\"\" class=\"wp-image-1637\" srcset=\"https:\/\/www.landae.fr\/wp-content\/uploads\/2025\/12\/36944533_591260054624403_2729450883384344576_n.jpg 1440w, https:\/\/www.landae.fr\/wp-content\/uploads\/2025\/12\/36944533_591260054624403_2729450883384344576_n-800x600.jpg 800w, https:\/\/www.landae.fr\/wp-content\/uploads\/2025\/12\/36944533_591260054624403_2729450883384344576_n-1400x1050.jpg 1400w, https:\/\/www.landae.fr\/wp-content\/uploads\/2025\/12\/36944533_591260054624403_2729450883384344576_n-300x225.jpg 300w, https:\/\/www.landae.fr\/wp-content\/uploads\/2025\/12\/36944533_591260054624403_2729450883384344576_n-768x576.jpg 768w\" sizes=\"auto, (max-width: 1440px) 100vw, 1440px\" \/><\/figure>\n\n\n\n<figure class=\"wp-block-image size-full\"><img alt=\"\" loading=\"lazy\" decoding=\"async\" width=\"980\" height=\"735\" data-id=\"1643\" src=\"https:\/\/www.landae.fr\/wp-content\/uploads\/2025\/12\/8e3f67_5890e07239c746768c79acbeaf45a49emv2.avif\" alt=\"\" class=\"wp-image-1643\" srcset=\"https:\/\/www.landae.fr\/wp-content\/uploads\/2025\/12\/8e3f67_5890e07239c746768c79acbeaf45a49emv2.avif 980w, https:\/\/www.landae.fr\/wp-content\/uploads\/2025\/12\/8e3f67_5890e07239c746768c79acbeaf45a49emv2-800x600.avif 800w, https:\/\/www.landae.fr\/wp-content\/uploads\/2025\/12\/8e3f67_5890e07239c746768c79acbeaf45a49emv2-300x225.avif 300w, https:\/\/www.landae.fr\/wp-content\/uploads\/2025\/12\/8e3f67_5890e07239c746768c79acbeaf45a49emv2-768x576.avif 768w\" sizes=\"auto, (max-width: 980px) 100vw, 980px\" \/><\/figure>\n\n\n\n<figure class=\"wp-block-image size-full\"><img alt=\"\" loading=\"lazy\" decoding=\"async\" width=\"1440\" height=\"1440\" data-id=\"1650\" src=\"https:\/\/www.landae.fr\/wp-content\/uploads\/2025\/12\/482254227_2227296951020697_2905812481633183738_n.jpg\" alt=\"\" class=\"wp-image-1650\" srcset=\"https:\/\/www.landae.fr\/wp-content\/uploads\/2025\/12\/482254227_2227296951020697_2905812481633183738_n.jpg 1440w, https:\/\/www.landae.fr\/wp-content\/uploads\/2025\/12\/482254227_2227296951020697_2905812481633183738_n-600x600.jpg 600w, https:\/\/www.landae.fr\/wp-content\/uploads\/2025\/12\/482254227_2227296951020697_2905812481633183738_n-1400x1400.jpg 1400w, https:\/\/www.landae.fr\/wp-content\/uploads\/2025\/12\/482254227_2227296951020697_2905812481633183738_n-300x300.jpg 300w, https:\/\/www.landae.fr\/wp-content\/uploads\/2025\/12\/482254227_2227296951020697_2905812481633183738_n-768x768.jpg 768w\" sizes=\"auto, (max-width: 1440px) 100vw, 1440px\" \/><\/figure>\n<\/figure>\n<\/div>\n<\/div>\n<\/section>\n\n\n\n<section class=\"wp-block-group alignfull has-false-white-background-color has-background has-global-padding is-layout-constrained wp-block-group-is-layout-constrained\">\n<div class=\"wp-block-columns alignwide are-vertically-aligned-center is-style-alignfull-left is-layout-flex wp-container-core-columns-is-layout-28f84493 wp-block-columns-is-layout-flex\">\n<div class=\"wp-block-column is-vertically-aligned-center is-layout-flow wp-block-column-is-layout-flow\" style=\"flex-basis:50%\">\n<figure class=\"wp-block-gallery has-nested-images columns-1 is-style-swiper-slider has-arrows wp-block-gallery-4 is-layout-flex wp-block-gallery-is-layout-flex\">\n<figure class=\"wp-block-image size-medium\"><img alt=\"\" loading=\"lazy\" decoding=\"async\" width=\"600\" height=\"600\" data-id=\"1746\" src=\"https:\/\/www.landae.fr\/wp-content\/uploads\/2025\/12\/475550195_930418615845769_3451278387386135368_n-edited-2-600x600.jpg\" alt=\"\" class=\"wp-image-1746\" srcset=\"https:\/\/www.landae.fr\/wp-content\/uploads\/2025\/12\/475550195_930418615845769_3451278387386135368_n-edited-2-600x600.jpg 600w, https:\/\/www.landae.fr\/wp-content\/uploads\/2025\/12\/475550195_930418615845769_3451278387386135368_n-edited-2-300x300.jpg 300w, https:\/\/www.landae.fr\/wp-content\/uploads\/2025\/12\/475550195_930418615845769_3451278387386135368_n-edited-2.jpg 696w\" sizes=\"auto, (max-width: 600px) 100vw, 600px\" \/><\/figure>\n\n\n\n<figure class=\"wp-block-image size-medium\"><img alt=\"\" loading=\"lazy\" decoding=\"async\" width=\"800\" height=\"600\" data-id=\"1718\" src=\"https:\/\/www.landae.fr\/wp-content\/uploads\/2025\/12\/PICT0228-800x600.jpg\" alt=\"\" class=\"wp-image-1718\" srcset=\"https:\/\/www.landae.fr\/wp-content\/uploads\/2025\/12\/PICT0228-800x600.jpg 800w, https:\/\/www.landae.fr\/wp-content\/uploads\/2025\/12\/PICT0228-1400x1050.jpg 1400w, https:\/\/www.landae.fr\/wp-content\/uploads\/2025\/12\/PICT0228-300x225.jpg 300w, https:\/\/www.landae.fr\/wp-content\/uploads\/2025\/12\/PICT0228-768x576.jpg 768w, https:\/\/www.landae.fr\/wp-content\/uploads\/2025\/12\/PICT0228-1536x1152.jpg 1536w, https:\/\/www.landae.fr\/wp-content\/uploads\/2025\/12\/PICT0228.jpg 2048w\" sizes=\"auto, (max-width: 800px) 100vw, 800px\" \/><\/figure>\n\n\n\n<figure class=\"wp-block-image size-large\"><img alt=\"\" loading=\"lazy\" decoding=\"async\" width=\"1400\" height=\"785\" data-id=\"2300\" src=\"https:\/\/www.landae.fr\/wp-content\/uploads\/2025\/12\/Plage-perspective-Sud-1400x785.jpg\" alt=\"\" class=\"wp-image-2300\" srcset=\"https:\/\/www.landae.fr\/wp-content\/uploads\/2025\/12\/Plage-perspective-Sud-1400x785.jpg 1400w, https:\/\/www.landae.fr\/wp-content\/uploads\/2025\/12\/Plage-perspective-Sud-800x449.jpg 800w, https:\/\/www.landae.fr\/wp-content\/uploads\/2025\/12\/Plage-perspective-Sud-300x168.jpg 300w, https:\/\/www.landae.fr\/wp-content\/uploads\/2025\/12\/Plage-perspective-Sud-768x431.jpg 768w, https:\/\/www.landae.fr\/wp-content\/uploads\/2025\/12\/Plage-perspective-Sud-1536x862.jpg 1536w, https:\/\/www.landae.fr\/wp-content\/uploads\/2025\/12\/Plage-perspective-Sud-2048x1149.jpg 2048w\" sizes=\"auto, (max-width: 1400px) 100vw, 1400px\" \/><\/figure>\n<\/figure>\n<\/div>\n\n\n\n<div class=\"wp-block-column is-vertically-aligned-center has-theme-100-background-color has-background is-layout-flow wp-block-column-is-layout-flow\" style=\"flex-basis:50%\">\n<h2 class=\"wp-block-heading\"><mark style=\"background-color:rgba(0, 0, 0, 0)\" class=\"has-inline-color has-theme-500-color\">Sandstrand<\/mark><\/h2>\n\n\n\n<p>Der <strong>Strand Ondres-Oc\u00e9an<\/strong> ist \u00fcber einen Waldweg in 10 Minuten zu Fu\u00df vom Campingplatz aus erreichbar.<\/p>\n\n\n\n<p>Steigen Sie auf Ihr Fahrrad und fahren Sie auf dem sicheren Radweg, um die Wellen, den feinen Sand und die Sonnenunterg\u00e4nge zu genie\u00dfen.<\/p>\n\n\n\n<p>Der Strand liegt in der bewachten Zone (Juli und August) oder etwas abseits f\u00fcr mehr Privatsph\u00e4re und ist der ideale Ort f\u00fcr unvergessliche Tage der Entspannung am Ozean.<\/p>\n\n\n\n<p>Vor Ort erwarten Sie w\u00e4hrend der Sommermonate eine Guinguette, Food Trucks, ein Restaurant und eine Surfschule.<\/p>\n\n\n\n<p>Unbestreitbar der Spot des Urlaubs!  <\/p>\n\n\n\n<p><\/p>\n<\/div>\n<\/div>\n<\/section>\n\n\n\n<div class=\"wp-block-group alignfull has-transparent-to-terra-gradient-background has-background has-global-padding is-layout-constrained wp-block-group-is-layout-constrained\">\n<h2 class=\"wp-block-heading alignwide has-text-align-center\">Entdecken Sie unsere Unterk\u00fcnfte<\/h2>\n\n\n\n<div style=\"height:100px\" aria-hidden=\"true\" class=\"wp-block-spacer is-style-spacer-m\"><\/div>\n\n\n\n<div class=\"wp-block-group alignwide is-swiper-3-cols display-more no-loop is-style-swiper-slider is-style-alignfull-right has-arrows is-layout-grid wp-container-core-group-is-layout-988b637e wp-block-group-is-layout-grid\">\n<div class=\"wp-block-media-text is-stacked-on-mobile is-style-mobile linked has-theme-100-background-color has-background\"><figure class=\"wp-block-media-text__media\"><a href=\"https:\/\/www.landae.fr\/mobil-home-sylva\/\"><img alt=\"\" loading=\"lazy\" decoding=\"async\" width=\"1200\" height=\"900\" src=\"https:\/\/www.landae.fr\/wp-content\/uploads\/2025\/12\/804_2CH_CJ_HD.jpg-1200px.jpg\" alt=\"\" class=\"wp-image-2155 size-full\" srcset=\"https:\/\/www.landae.fr\/wp-content\/uploads\/2025\/12\/804_2CH_CJ_HD.jpg-1200px.jpg 1200w, https:\/\/www.landae.fr\/wp-content\/uploads\/2025\/12\/804_2CH_CJ_HD.jpg-1200px-800x600.jpg 800w, https:\/\/www.landae.fr\/wp-content\/uploads\/2025\/12\/804_2CH_CJ_HD.jpg-1200px-300x225.jpg 300w, https:\/\/www.landae.fr\/wp-content\/uploads\/2025\/12\/804_2CH_CJ_HD.jpg-1200px-768x576.jpg 768w\" sizes=\"auto, (max-width: 1200px) 100vw, 1200px\" \/><\/a><\/figure><div class=\"wp-block-media-text__content\">\n<p class=\"is-style-tag has-theme-100-color has-theme-700-background-color has-text-color has-background has-link-color has-s-font-size wp-elements-88a58406fda720a675a267401d5f78f8\" style=\"font-style:normal;font-weight:700;text-transform:uppercase\">PREMIUM<\/p>\n\n\n\n<h3 class=\"wp-block-heading\"><a href=\"https:\/\/www.landae.fr\/mobil-home-sylva\/\" data-type=\"page\" data-id=\"1035\">Mobilheim SYLVA<\/a><\/h3>\n\n\n\n<p class=\"has-s-font-size\">Eine nat\u00fcrliche Umgebung und moderne Einrichtungen f\u00fcr einen ruhigen Urlaub im Herzen des Landes-Waldes.  <\/p>\n\n\n\n<p class=\"has-s-font-size\"><img alt=\"\" decoding=\"async\" class=\"wp-image-400\" style=\"width: NaNpx;\" src=\"https:\/\/www.landae.fr\/wp-content\/uploads\/2025\/12\/people.svg\" alt=\"\"><strong>Bis zu 4 Personen<\/strong><\/p>\n\n\n\n<div class=\"wp-block-buttons is-layout-flex wp-block-buttons-is-layout-flex\">\n<div class=\"wp-block-button\"><a class=\"wp-block-button__link has-false-black-color has-false-white-background-color has-text-color has-background has-link-color wp-element-button\" href=\"https:\/\/www.landae.fr\/mobil-home-sylva\/\">Entdecken &amp; Buchen<\/a><\/div>\n<\/div>\n<\/div><\/div>\n\n\n\n<div class=\"wp-block-media-text is-stacked-on-mobile is-style-mobile linked has-theme-100-background-color has-background\"><figure class=\"wp-block-media-text__media\"><a href=\"https:\/\/www.landae.fr\/mobil-home-mata\/\"><img loading=\"lazy\" decoding=\"async\" width=\"1400\" height=\"933\" src=\"https:\/\/www.landae.fr\/wp-content\/uploads\/2025\/12\/landae-ivanrodeorodriguez-56-1400x933.jpg\" alt=\"Mobilheim MATA landae\" class=\"wp-image-1351 size-full\" srcset=\"https:\/\/www.landae.fr\/wp-content\/uploads\/2025\/12\/landae-ivanrodeorodriguez-56-1400x933.jpg 1400w, https:\/\/www.landae.fr\/wp-content\/uploads\/2025\/12\/landae-ivanrodeorodriguez-56-800x533.jpg 800w, https:\/\/www.landae.fr\/wp-content\/uploads\/2025\/12\/landae-ivanrodeorodriguez-56-300x200.jpg 300w, https:\/\/www.landae.fr\/wp-content\/uploads\/2025\/12\/landae-ivanrodeorodriguez-56-768x512.jpg 768w, https:\/\/www.landae.fr\/wp-content\/uploads\/2025\/12\/landae-ivanrodeorodriguez-56-1536x1024.jpg 1536w, https:\/\/www.landae.fr\/wp-content\/uploads\/2025\/12\/landae-ivanrodeorodriguez-56-2048x1365.jpg 2048w\" sizes=\"auto, (max-width: 1400px) 100vw, 1400px\" \/><\/a><\/figure><div class=\"wp-block-media-text__content\">\n<h3 class=\"wp-block-heading\"><a href=\"https:\/\/www.landae.fr\/mobil-home-mata\/\" data-type=\"page\" data-id=\"963\">Mobil-home MATA<\/a><\/h3>\n\n\n\n<p class=\"has-s-font-size\">Ein moderner Kokon mit optimierter Aufteilung, um die vielen Vorteile der K\u00fcste von Landes zu genie\u00dfen.<\/p>\n\n\n\n<p class=\"has-s-font-size\"><img alt=\"\" decoding=\"async\" class=\"wp-image-400\" style=\"width: NaNpx;\" src=\"https:\/\/www.landae.fr\/wp-content\/uploads\/2025\/12\/people.svg\" alt=\"\"><strong>Bis zu 4 Personen<\/strong><\/p>\n\n\n\n<div class=\"wp-block-buttons is-layout-flex wp-block-buttons-is-layout-flex\">\n<div class=\"wp-block-button\"><a class=\"wp-block-button__link has-false-black-color has-false-white-background-color has-text-color has-background has-link-color wp-element-button\" href=\"https:\/\/www.landae.fr\/mobil-home-mata\/\">Entdecken &amp; Buchen<\/a><\/div>\n<\/div>\n<\/div><\/div>\n\n\n\n<div class=\"wp-block-media-text is-stacked-on-mobile is-style-mobile linked has-theme-100-background-color has-background\"><figure class=\"wp-block-media-text__media\"><a href=\"https:\/\/www.landae.fr\/insolite-tyra\/\"><img alt=\"\" loading=\"lazy\" decoding=\"async\" width=\"1400\" height=\"785\" src=\"https:\/\/www.landae.fr\/wp-content\/uploads\/2025\/12\/karlotte-2025-HD-1400x785.jpg\" alt=\"\" class=\"wp-image-2046 size-full\" srcset=\"https:\/\/www.landae.fr\/wp-content\/uploads\/2025\/12\/karlotte-2025-HD-1400x785.jpg 1400w, https:\/\/www.landae.fr\/wp-content\/uploads\/2025\/12\/karlotte-2025-HD-800x448.jpg 800w, https:\/\/www.landae.fr\/wp-content\/uploads\/2025\/12\/karlotte-2025-HD-300x168.jpg 300w, https:\/\/www.landae.fr\/wp-content\/uploads\/2025\/12\/karlotte-2025-HD-768x430.jpg 768w, https:\/\/www.landae.fr\/wp-content\/uploads\/2025\/12\/karlotte-2025-HD-1536x861.jpg 1536w, https:\/\/www.landae.fr\/wp-content\/uploads\/2025\/12\/karlotte-2025-HD-2048x1148.jpg 2048w\" sizes=\"auto, (max-width: 1400px) 100vw, 1400px\" \/><\/a><\/figure><div class=\"wp-block-media-text__content\">\n<p class=\"is-style-tag has-theme-100-background-color has-background has-s-font-size\" style=\"font-style:normal;font-weight:700;text-transform:uppercase\">INSOLITE<\/p>\n\n\n\n<h3 class=\"wp-block-heading\"><a href=\"https:\/\/www.landae.fr\/insolite-tyra\/\" data-type=\"page\" data-id=\"2027\">Ungew\u00f6hnlich TYRA<\/a><\/h3>\n\n\n\n<p class=\"has-s-font-size\">Ein origineller, zur Natur hin offener Raum f\u00fcr einen ungew\u00f6hnlichen Urlaub. Eine einzigartige Unterkunft in den Landes! <\/p>\n\n\n\n<p class=\"has-s-font-size\"><img alt=\"\" decoding=\"async\" class=\"wp-image-400\" style=\"width: NaNpx;\" src=\"https:\/\/www.landae.fr\/wp-content\/uploads\/2025\/12\/people.svg\" alt=\"\"><strong>Bis zu 4 Personen<\/strong><\/p>\n\n\n\n<div class=\"wp-block-buttons is-layout-flex wp-block-buttons-is-layout-flex\">\n<div class=\"wp-block-button\"><a class=\"wp-block-button__link has-false-black-color has-false-white-background-color has-text-color has-background has-link-color wp-element-button\" href=\"https:\/\/www.landae.fr\/insolite-tyra\/\">Entdecken &amp; Buchen<\/a><\/div>\n<\/div>\n<\/div><\/div>\n\n\n\n<div class=\"wp-block-media-text is-stacked-on-mobile is-style-mobile linked has-theme-100-background-color has-background\"><figure class=\"wp-block-media-text__media\"><a href=\"https:\/\/www.landae.fr\/mobil-home-amazonia\/\"><img alt=\"\" loading=\"lazy\" decoding=\"async\" width=\"1160\" height=\"870\" src=\"https:\/\/www.landae.fr\/wp-content\/uploads\/2025\/12\/1_cottage_4p_2_ch_1sdb_4f_ext-1.jpg\" alt=\"\" class=\"wp-image-2071 size-full\" srcset=\"https:\/\/www.landae.fr\/wp-content\/uploads\/2025\/12\/1_cottage_4p_2_ch_1sdb_4f_ext-1.jpg 1160w, https:\/\/www.landae.fr\/wp-content\/uploads\/2025\/12\/1_cottage_4p_2_ch_1sdb_4f_ext-1-800x600.jpg 800w, https:\/\/www.landae.fr\/wp-content\/uploads\/2025\/12\/1_cottage_4p_2_ch_1sdb_4f_ext-1-300x225.jpg 300w, https:\/\/www.landae.fr\/wp-content\/uploads\/2025\/12\/1_cottage_4p_2_ch_1sdb_4f_ext-1-768x576.jpg 768w\" sizes=\"auto, (max-width: 1160px) 100vw, 1160px\" \/><\/a><\/figure><div class=\"wp-block-media-text__content\">\n<p class=\"is-style-tag has-theme-100-color has-theme-700-background-color has-text-color has-background has-link-color has-s-font-size wp-elements-88a58406fda720a675a267401d5f78f8\" style=\"font-style:normal;font-weight:700;text-transform:uppercase\">PREMIUM<\/p>\n\n\n\n<h3 class=\"wp-block-heading\"><a href=\"https:\/\/www.landae.fr\/mobil-home-amazonia\/\" data-type=\"page\" data-id=\"1046\">Mobilheim AMAZONIA<\/a><\/h3>\n\n\n\n<p class=\"has-s-font-size\">Eine Premium-H\u00fctte mit modernem Komfort f\u00fcr einen Urlaub in Harmonie mit der Natur im Schatten der Pinien.<\/p>\n\n\n\n<p class=\"has-s-font-size\"><img alt=\"\" decoding=\"async\" class=\"wp-image-400\" style=\"width: NaNpx;\" src=\"https:\/\/www.landae.fr\/wp-content\/uploads\/2025\/12\/people.svg\" alt=\"\"><strong>Bis zu 4 Personen<\/strong><\/p>\n\n\n\n<div class=\"wp-block-buttons is-layout-flex wp-block-buttons-is-layout-flex\">\n<div class=\"wp-block-button\"><a class=\"wp-block-button__link has-false-black-color has-false-white-background-color has-text-color has-background has-link-color wp-element-button\" href=\"https:\/\/www.landae.fr\/mobil-home-amazonia\/\">Entdecken &amp; Buchen<\/a><\/div>\n<\/div>\n<\/div><\/div>\n\n\n\n<div class=\"wp-block-media-text is-stacked-on-mobile is-style-mobile linked has-theme-100-background-color has-background\"><figure class=\"wp-block-media-text__media\"><a href=\"https:\/\/www.landae.fr\/mobil-home-landae-tribu\/\"><img alt=\"\" loading=\"lazy\" decoding=\"async\" width=\"1400\" height=\"1022\" src=\"https:\/\/www.landae.fr\/wp-content\/uploads\/2025\/12\/gande-terrasse-ivanrodeorodriguez-3-scaled-e1765984133219-1400x1022.jpg\" alt=\"\" class=\"wp-image-2130 size-full\" srcset=\"https:\/\/www.landae.fr\/wp-content\/uploads\/2025\/12\/gande-terrasse-ivanrodeorodriguez-3-scaled-e1765984133219-1400x1022.jpg 1400w, https:\/\/www.landae.fr\/wp-content\/uploads\/2025\/12\/gande-terrasse-ivanrodeorodriguez-3-scaled-e1765984133219-800x584.jpg 800w, https:\/\/www.landae.fr\/wp-content\/uploads\/2025\/12\/gande-terrasse-ivanrodeorodriguez-3-scaled-e1765984133219-300x219.jpg 300w, https:\/\/www.landae.fr\/wp-content\/uploads\/2025\/12\/gande-terrasse-ivanrodeorodriguez-3-scaled-e1765984133219-768x560.jpg 768w, https:\/\/www.landae.fr\/wp-content\/uploads\/2025\/12\/gande-terrasse-ivanrodeorodriguez-3-scaled-e1765984133219-1536x1121.jpg 1536w, https:\/\/www.landae.fr\/wp-content\/uploads\/2025\/12\/gande-terrasse-ivanrodeorodriguez-3-scaled-e1765984133219.jpg 2035w\" sizes=\"auto, (max-width: 1400px) 100vw, 1400px\" \/><\/a><\/figure><div class=\"wp-block-media-text__content\">\n<p class=\"is-style-tag has-theme-500-background-color has-background has-s-font-size\" style=\"font-style:normal;font-weight:700;text-transform:uppercase\">XXL<\/p>\n\n\n\n<h3 class=\"wp-block-heading\"><a href=\"https:\/\/www.landae.fr\/ta-maison-de-vacances\/cottage-floresta\/\" data-type=\"page\" data-id=\"185\">Mobilheim LANDAE TRIBU<\/a><\/h3>\n\n\n\n<p class=\"has-s-font-size\">Eine XXL-Unterkunft mit einer gro\u00dfen Terrasse und zwei zusammengelegten Unterk\u00fcnften f\u00fcr gro\u00dfe Familien oder Gruppen von Freunden.<\/p>\n\n\n\n<p class=\"has-s-font-size\"><img alt=\"\" decoding=\"async\" class=\"wp-image-400\" style=\"width: NaNpx;\" src=\"https:\/\/www.landae.fr\/wp-content\/uploads\/2025\/12\/people.svg\" alt=\"\"><strong>Bis zu 10 Personen<\/strong><\/p>\n\n\n\n<div class=\"wp-block-buttons is-layout-flex wp-block-buttons-is-layout-flex\">\n<div class=\"wp-block-button\"><a class=\"wp-block-button__link has-false-black-color has-false-white-background-color has-text-color has-background has-link-color wp-element-button\" href=\"https:\/\/www.landae.fr\/mobil-home-landae-tribu\/\">Entdecken &amp; Buchen<\/a><\/div>\n<\/div>\n<\/div><\/div>\n\n\n\n<div class=\"wp-block-media-text is-stacked-on-mobile is-style-mobile linked has-theme-100-background-color has-background\"><figure class=\"wp-block-media-text__media\"><a href=\"https:\/\/www.landae.fr\/mobil-home-sequoia\/\"><img alt=\"\" loading=\"lazy\" decoding=\"async\" width=\"1200\" height=\"800\" src=\"https:\/\/www.landae.fr\/wp-content\/uploads\/2025\/12\/landae-ivanrodeorodriguez-10.jpg\" alt=\"\" class=\"wp-image-1136 size-full\" srcset=\"https:\/\/www.landae.fr\/wp-content\/uploads\/2025\/12\/landae-ivanrodeorodriguez-10.jpg 1200w, https:\/\/www.landae.fr\/wp-content\/uploads\/2025\/12\/landae-ivanrodeorodriguez-10-800x533.jpg 800w, https:\/\/www.landae.fr\/wp-content\/uploads\/2025\/12\/landae-ivanrodeorodriguez-10-300x200.jpg 300w, https:\/\/www.landae.fr\/wp-content\/uploads\/2025\/12\/landae-ivanrodeorodriguez-10-768x512.jpg 768w\" sizes=\"auto, (max-width: 1200px) 100vw, 1200px\" \/><\/a><\/figure><div class=\"wp-block-media-text__content\">\n<h3 class=\"wp-block-heading\"><a href=\"https:\/\/www.landae.fr\/ta-maison-de-vacances\/cottage-floresta\/\" data-type=\"page\" data-id=\"185\">Mobilheim SEQUOIA<\/a><\/h3>\n\n\n\n<p class=\"has-s-font-size\">Eine elegante Unterkunft, in der sich Innen- und Au\u00dfenbereich treffen, um die Tage im Freien voll und ganz zu genie\u00dfen.<\/p>\n\n\n\n<p class=\"has-s-font-size\"><img alt=\"\" decoding=\"async\" class=\"wp-image-400\" style=\"width: NaNpx;\" src=\"https:\/\/www.landae.fr\/wp-content\/uploads\/2025\/12\/people.svg\" alt=\"\"><strong>Bis zu 4 Personen<\/strong><\/p>\n\n\n\n<div class=\"wp-block-buttons is-layout-flex wp-block-buttons-is-layout-flex\">\n<div class=\"wp-block-button\"><a class=\"wp-block-button__link has-false-black-color has-false-white-background-color has-text-color has-background has-link-color wp-element-button\" href=\"https:\/\/www.landae.fr\/mobil-home-sequoia\/\">Entdecken &amp; Buchen<\/a><\/div>\n<\/div>\n<\/div><\/div>\n\n\n\n<div class=\"wp-block-media-text is-stacked-on-mobile is-style-mobile linked has-theme-100-background-color has-background\"><figure class=\"wp-block-media-text__media\"><a href=\"https:\/\/www.landae.fr\/de\/unterkunfte-landae\/ungewohnliches-landae\/ungewohnlich-sylodge\/\"><img alt=\"H\u00e9bergement insolite Sylodge LANDAE ensemble\" loading=\"lazy\" decoding=\"async\" width=\"1400\" height=\"934\" src=\"https:\/\/www.landae.fr\/wp-content\/uploads\/2025\/12\/landae-ivanrodeorodriguez-83-1-1400x934.jpg\" alt=\"\" class=\"wp-image-2331 size-full\" srcset=\"https:\/\/www.landae.fr\/wp-content\/uploads\/2025\/12\/landae-ivanrodeorodriguez-83-1-1400x934.jpg 1400w, https:\/\/www.landae.fr\/wp-content\/uploads\/2025\/12\/landae-ivanrodeorodriguez-83-1-800x533.jpg 800w, https:\/\/www.landae.fr\/wp-content\/uploads\/2025\/12\/landae-ivanrodeorodriguez-83-1-300x200.jpg 300w, https:\/\/www.landae.fr\/wp-content\/uploads\/2025\/12\/landae-ivanrodeorodriguez-83-1-768x512.jpg 768w, https:\/\/www.landae.fr\/wp-content\/uploads\/2025\/12\/landae-ivanrodeorodriguez-83-1-1536x1024.jpg 1536w, https:\/\/www.landae.fr\/wp-content\/uploads\/2025\/12\/landae-ivanrodeorodriguez-83-1-2048x1366.jpg 2048w\" sizes=\"auto, (max-width: 1400px) 100vw, 1400px\" \/><\/a><\/figure><div class=\"wp-block-media-text__content\">\n<p class=\"is-style-tag has-theme-100-background-color has-background has-s-font-size\" style=\"font-style:normal;font-weight:700;text-transform:uppercase\">INSOLITE<\/p>\n\n\n\n<h3 class=\"wp-block-heading\"><a href=\"https:\/\/www.landae.fr\/de\/unterkunfte-landae\/ungewohnliches-landae\/ungewohnlich-sylodge\/\" data-type=\"page\" data-id=\"2027\">Ungew\u00f6hnlich SYLODGE<\/a><\/h3>\n\n\n\n<p class=\"has-s-font-size\">Eine Unterkunft mit Dachplane und allem Komfort, der f\u00fcr ein erholsames Erlebnis im Freien notwendig ist.<\/p>\n\n\n\n<p class=\"has-s-font-size\"><img alt=\"\" decoding=\"async\" class=\"wp-image-400\" style=\"width: NaNpx;\" src=\"https:\/\/www.landae.fr\/wp-content\/uploads\/2025\/12\/people.svg\" alt=\"\"><strong>Bis zu 5 Personen<\/strong><\/p>\n\n\n\n<div class=\"wp-block-buttons is-layout-flex wp-block-buttons-is-layout-flex\">\n<div class=\"wp-block-button\"><a class=\"wp-block-button__link has-false-black-color has-false-white-background-color has-text-color has-background has-link-color wp-element-button\" href=\"https:\/\/www.landae.fr\/de\/unterkunfte-landae\/ungewohnliches-landae\/ungewohnlich-sylodge\/\">Entdecken &amp; Buchen<\/a><\/div>\n<\/div>\n<\/div><\/div>\n\n\n\n<div class=\"wp-block-media-text is-stacked-on-mobile is-style-mobile linked has-theme-100-background-color has-background\"><figure class=\"wp-block-media-text__media\"><a href=\"https:\/\/www.landae.fr\/hebergements-landae\/mobil-home-taiga\/\"><img loading=\"lazy\" decoding=\"async\" width=\"1400\" height=\"933\" src=\"https:\/\/www.landae.fr\/wp-content\/uploads\/2025\/12\/landae-ivanrodeorodriguez-35-1400x933.jpg\" alt=\"Mobilheim TAIGA\" class=\"wp-image-1320 size-full\" srcset=\"https:\/\/www.landae.fr\/wp-content\/uploads\/2025\/12\/landae-ivanrodeorodriguez-35-1400x933.jpg 1400w, https:\/\/www.landae.fr\/wp-content\/uploads\/2025\/12\/landae-ivanrodeorodriguez-35-800x533.jpg 800w, https:\/\/www.landae.fr\/wp-content\/uploads\/2025\/12\/landae-ivanrodeorodriguez-35-300x200.jpg 300w, https:\/\/www.landae.fr\/wp-content\/uploads\/2025\/12\/landae-ivanrodeorodriguez-35-768x512.jpg 768w, https:\/\/www.landae.fr\/wp-content\/uploads\/2025\/12\/landae-ivanrodeorodriguez-35-1536x1024.jpg 1536w, https:\/\/www.landae.fr\/wp-content\/uploads\/2025\/12\/landae-ivanrodeorodriguez-35-2048x1365.jpg 2048w\" sizes=\"auto, (max-width: 1400px) 100vw, 1400px\" \/><\/a><\/figure><div class=\"wp-block-media-text__content\">\n<h3 class=\"wp-block-heading\"><a href=\"https:\/\/www.landae.fr\/ta-maison-de-vacances\/mobil-home-taiga\/\" data-type=\"page\" data-id=\"185\">Mobilheim<\/a><br><a href=\"https:\/\/www.landae.fr\/ta-maison-de-vacances\/mobil-home-taiga\/\" data-type=\"page\" data-id=\"185\">TAIGA<\/a><\/h3>\n\n\n\n<p class=\"has-s-font-size\"><a href=\"https:\/\/www.landae.fr\/hebergements-landae\/mobil-home-taiga\/\">Eine Familienunterkunft mit modernem Komfort f\u00fcr einen Urlaub in Harmonie mit der Natur, im Schatten der Pinien.<\/a><\/p>\n\n\n\n<p><img alt=\"\" decoding=\"async\" class=\"wp-image-400\" style=\"width: NaNpx;\" src=\"https:\/\/www.landae.fr\/wp-content\/uploads\/2025\/12\/people.svg\" alt=\"\"><strong>Bis zu 6 Personen<\/strong><\/p>\n\n\n\n<div class=\"wp-block-buttons is-layout-flex wp-block-buttons-is-layout-flex\">\n<div class=\"wp-block-button\"><a class=\"wp-block-button__link has-false-black-color has-false-white-background-color has-text-color has-background has-link-color wp-element-button\" href=\"https:\/\/www.landae.fr\/hebergements-landae\/mobil-home-taiga\/\">Entdecken &amp; Buchen<\/a><\/div>\n<\/div>\n<\/div><\/div>\n\n\n\n<div class=\"wp-block-media-text is-stacked-on-mobile is-style-mobile linked has-theme-100-background-color has-background\"><figure class=\"wp-block-media-text__media\"><a href=\"https:\/\/www.landae.fr\/emplacements-landae\/\"><img alt=\"\" loading=\"lazy\" decoding=\"async\" width=\"1400\" height=\"1392\" src=\"https:\/\/www.landae.fr\/wp-content\/uploads\/2025\/12\/jeune-mand-cueillant-des-branches-et-les-assemblant-il-prepare-un-tas-de-bois-de-chauffage-pour-le-feu-de-camp-la-nuit-et-une-jolie-amie-assise-devant-la-tente-de-camping-1400x1392.jpg\" alt=\"\" class=\"wp-image-1812 size-full\" srcset=\"https:\/\/www.landae.fr\/wp-content\/uploads\/2025\/12\/jeune-mand-cueillant-des-branches-et-les-assemblant-il-prepare-un-tas-de-bois-de-chauffage-pour-le-feu-de-camp-la-nuit-et-une-jolie-amie-assise-devant-la-tente-de-camping-1400x1392.jpg 1400w, https:\/\/www.landae.fr\/wp-content\/uploads\/2025\/12\/jeune-mand-cueillant-des-branches-et-les-assemblant-il-prepare-un-tas-de-bois-de-chauffage-pour-le-feu-de-camp-la-nuit-et-une-jolie-amie-assise-devant-la-tente-de-camping-603x600.jpg 603w, https:\/\/www.landae.fr\/wp-content\/uploads\/2025\/12\/jeune-mand-cueillant-des-branches-et-les-assemblant-il-prepare-un-tas-de-bois-de-chauffage-pour-le-feu-de-camp-la-nuit-et-une-jolie-amie-assise-devant-la-tente-de-camping-300x298.jpg 300w, https:\/\/www.landae.fr\/wp-content\/uploads\/2025\/12\/jeune-mand-cueillant-des-branches-et-les-assemblant-il-prepare-un-tas-de-bois-de-chauffage-pour-le-feu-de-camp-la-nuit-et-une-jolie-amie-assise-devant-la-tente-de-camping-768x764.jpg 768w, https:\/\/www.landae.fr\/wp-content\/uploads\/2025\/12\/jeune-mand-cueillant-des-branches-et-les-assemblant-il-prepare-un-tas-de-bois-de-chauffage-pour-le-feu-de-camp-la-nuit-et-une-jolie-amie-assise-devant-la-tente-de-camping-1536x1528.jpg 1536w, https:\/\/www.landae.fr\/wp-content\/uploads\/2025\/12\/jeune-mand-cueillant-des-branches-et-les-assemblant-il-prepare-un-tas-de-bois-de-chauffage-pour-le-feu-de-camp-la-nuit-et-une-jolie-amie-assise-devant-la-tente-de-camping-2048x2037.jpg 2048w\" sizes=\"auto, (max-width: 1400px) 100vw, 1400px\" \/><\/a><\/figure><div class=\"wp-block-media-text__content\">\n<h3 class=\"wp-block-heading\"><a href=\"https:\/\/www.landae.fr\/emplacements-landae\/\" data-type=\"page\" data-id=\"185\">Die Stellpl\u00e4tze<\/a><\/h3>\n\n\n\n<p class=\"has-s-font-size\">W\u00e4hlen Sie im Schatten der Pinien die Freiheit im Freien, in der klassischen Version oder in der Premium-Version f\u00fcr noch mehr Komfort.<\/p>\n\n\n\n<p><img alt=\"\" decoding=\"async\" class=\"wp-image-400\" style=\"width: NaNpx;\" src=\"https:\/\/www.landae.fr\/wp-content\/uploads\/2025\/12\/people.svg\" alt=\"\"><strong>Bis zu 4 Personen<\/strong><\/p>\n\n\n\n<div class=\"wp-block-buttons is-layout-flex wp-block-buttons-is-layout-flex\">\n<div class=\"wp-block-button\"><a class=\"wp-block-button__link has-false-black-color has-false-white-background-color has-text-color has-background has-link-color wp-element-button\" href=\"https:\/\/www.landae.fr\/emplacements-landae\/\">Entdecken &amp; Buchen<\/a><\/div>\n<\/div>\n<\/div><\/div>\n\n\n\n<div class=\"wp-block-media-text is-stacked-on-mobile is-style-mobile linked has-theme-100-background-color has-background wp-container-content-2155ee95\"><figure class=\"wp-block-media-text__media\"><a href=\"https:\/\/www.landae.fr\/mobil-home-caledonia\/\"><img loading=\"lazy\" decoding=\"async\" width=\"1400\" height=\"933\" src=\"https:\/\/www.landae.fr\/wp-content\/uploads\/2025\/12\/landae-ivanrodeorodriguez-41-1400x933.jpg\" alt=\"LANDAE mobilheim caledonia\" class=\"wp-image-1378 size-large\" srcset=\"https:\/\/www.landae.fr\/wp-content\/uploads\/2025\/12\/landae-ivanrodeorodriguez-41-1400x933.jpg 1400w, https:\/\/www.landae.fr\/wp-content\/uploads\/2025\/12\/landae-ivanrodeorodriguez-41-800x533.jpg 800w, https:\/\/www.landae.fr\/wp-content\/uploads\/2025\/12\/landae-ivanrodeorodriguez-41-300x200.jpg 300w, https:\/\/www.landae.fr\/wp-content\/uploads\/2025\/12\/landae-ivanrodeorodriguez-41-768x512.jpg 768w, https:\/\/www.landae.fr\/wp-content\/uploads\/2025\/12\/landae-ivanrodeorodriguez-41-1536x1024.jpg 1536w, https:\/\/www.landae.fr\/wp-content\/uploads\/2025\/12\/landae-ivanrodeorodriguez-41-2048x1365.jpg 2048w\" sizes=\"auto, (max-width: 1400px) 100vw, 1400px\" \/><\/a><\/figure><div class=\"wp-block-media-text__content\">\n<h3 class=\"wp-block-heading\"><a href=\"https:\/\/www.landae.fr\/mobil-home-caledonia\/\" data-type=\"page\" data-id=\"185\">Mobilheim CALEDONIA<\/a><\/h3>\n\n\n\n<p class=\"has-s-font-size\">Ein Innenbereich, der sich zu einer schattigen Terrasse hin \u00f6ffnet, f\u00fcr einen komfortablen Aufenthalt in der N\u00e4he des Ozeans.<\/p>\n\n\n\n<p><img alt=\"\" decoding=\"async\" class=\"wp-image-400\" style=\"width: NaNpx;\" src=\"https:\/\/www.landae.fr\/wp-content\/uploads\/2025\/12\/people.svg\" alt=\"\"><strong>Bis zu 4 Personen<\/strong><\/p>\n\n\n\n<div class=\"wp-block-buttons is-layout-flex wp-block-buttons-is-layout-flex\">\n<div class=\"wp-block-button\"><a class=\"wp-block-button__link has-false-black-color has-false-white-background-color has-text-color has-background has-link-color wp-element-button\" href=\"https:\/\/www.landae.fr\/mobil-home-caledonia\/\">Entdecken &amp; Buchen<\/a><\/div>\n<\/div>\n<\/div><\/div>\n\n\n\n<div class=\"wp-block-media-text is-stacked-on-mobile is-style-mobile linked has-theme-100-background-color has-background\"><figure class=\"wp-block-media-text__media\"><a href=\"https:\/\/www.landae.fr\/mobil-home-cedria\/\"><img alt=\"\" loading=\"lazy\" decoding=\"async\" width=\"1400\" height=\"933\" src=\"https:\/\/www.landae.fr\/wp-content\/uploads\/2025\/12\/landae-ivanrodeorodriguez-25-1400x933.jpg\" alt=\"\" class=\"wp-image-1179 size-full\" srcset=\"https:\/\/www.landae.fr\/wp-content\/uploads\/2025\/12\/landae-ivanrodeorodriguez-25-1400x933.jpg 1400w, https:\/\/www.landae.fr\/wp-content\/uploads\/2025\/12\/landae-ivanrodeorodriguez-25-800x533.jpg 800w, https:\/\/www.landae.fr\/wp-content\/uploads\/2025\/12\/landae-ivanrodeorodriguez-25-300x200.jpg 300w, https:\/\/www.landae.fr\/wp-content\/uploads\/2025\/12\/landae-ivanrodeorodriguez-25-768x512.jpg 768w, https:\/\/www.landae.fr\/wp-content\/uploads\/2025\/12\/landae-ivanrodeorodriguez-25-1536x1024.jpg 1536w, https:\/\/www.landae.fr\/wp-content\/uploads\/2025\/12\/landae-ivanrodeorodriguez-25-2048x1365.jpg 2048w\" sizes=\"auto, (max-width: 1400px) 100vw, 1400px\" \/><\/a><\/figure><div class=\"wp-block-media-text__content\">\n<h3 class=\"wp-block-heading\"><a href=\"https:\/\/www.landae.fr\/mobil-home-cedria\/\" data-type=\"page\" data-id=\"185\">Mobilheim CEDRIA<\/a><\/h3>\n\n\n\n<p class=\"has-s-font-size\">Eine moderne Oase der Ruhe, eingebettet in den Pinienwald, ideal f\u00fcr einen komfortablen Aufenthalt mit der Familie oder mit Freunden.<\/p>\n\n\n\n<p><img alt=\"\" decoding=\"async\" class=\"wp-image-400\" style=\"width: NaNpx;\" src=\"https:\/\/www.landae.fr\/wp-content\/uploads\/2025\/12\/people.svg\" alt=\"\"><strong>Bis zu 4 Personen<\/strong><\/p>\n\n\n\n<div class=\"wp-block-buttons is-layout-flex wp-block-buttons-is-layout-flex\">\n<div class=\"wp-block-button\"><a class=\"wp-block-button__link has-false-black-color has-false-white-background-color has-text-color has-background has-link-color wp-element-button\" href=\"https:\/\/www.landae.fr\/mobil-home-cedria\/\">Entdecken &amp; Buchen<\/a><\/div>\n<\/div>\n<\/div><\/div>\n\n\n\n<div class=\"wp-block-media-text is-stacked-on-mobile is-style-mobile linked has-theme-100-background-color has-background\"><figure class=\"wp-block-media-text__media\"><a href=\"https:\/\/www.landae.fr\/de\/unterkunfte-landae\/chalets-landae\/\"><img loading=\"lazy\" decoding=\"async\" width=\"1400\" height=\"1027\" src=\"https:\/\/www.landae.fr\/wp-content\/uploads\/2025\/12\/chalet-dune-landae-1400x1027.jpg\" alt=\"chalet dune landae\" class=\"wp-image-1888 size-full\" srcset=\"https:\/\/www.landae.fr\/wp-content\/uploads\/2025\/12\/chalet-dune-landae-1400x1027.jpg 1400w, https:\/\/www.landae.fr\/wp-content\/uploads\/2025\/12\/chalet-dune-landae-800x587.jpg 800w, https:\/\/www.landae.fr\/wp-content\/uploads\/2025\/12\/chalet-dune-landae-300x220.jpg 300w, https:\/\/www.landae.fr\/wp-content\/uploads\/2025\/12\/chalet-dune-landae-768x564.jpg 768w, https:\/\/www.landae.fr\/wp-content\/uploads\/2025\/12\/chalet-dune-landae-1536x1127.jpg 1536w, https:\/\/www.landae.fr\/wp-content\/uploads\/2025\/12\/chalet-dune-landae-2048x1503.jpg 2048w\" sizes=\"auto, (max-width: 1400px) 100vw, 1400px\" \/><\/a><\/figure><div class=\"wp-block-media-text__content\">\n<h3 class=\"wp-block-heading\"><a href=\"https:\/\/www.landae.fr\/de\/unterkunfte-landae\/chalets-landae\/\" data-type=\"page\" data-id=\"185\">Die Chalets<\/a><\/h3>\n\n\n\n<p class=\"has-s-font-size\">Ein echtes Zuhause, warm und funktionell, perfekt um jeden Moment Ihres Urlaubs zu genie\u00dfen.<\/p>\n\n\n\n<p class=\"has-s-font-size\"><img alt=\"\" decoding=\"async\" class=\"wp-image-400\" style=\"width: NaNpx;\" src=\"https:\/\/www.landae.fr\/wp-content\/uploads\/2025\/12\/people.svg\" alt=\"\"><strong>Bis zu 5 Personen<\/strong><\/p>\n\n\n\n<div class=\"wp-block-buttons is-layout-flex wp-block-buttons-is-layout-flex\">\n<div class=\"wp-block-button\"><a class=\"wp-block-button__link has-false-black-color has-false-white-background-color has-text-color has-background has-link-color wp-element-button\">Entdecken &amp; Buchen<\/a><\/div>\n<\/div>\n<\/div><\/div>\n\n\n\n<div class=\"wp-block-media-text is-stacked-on-mobile is-style-mobile linked has-theme-100-background-color has-background\"><figure class=\"wp-block-media-text__media\"><a href=\"https:\/\/www.landae.fr\/mobil-home-valoria-pmr\/\"><img alt=\"\" loading=\"lazy\" decoding=\"async\" width=\"976\" height=\"654\" src=\"https:\/\/www.landae.fr\/wp-content\/uploads\/2025\/12\/Extlife9178copie.jpg-1200px-e1766054246423.jpg\" alt=\"\" class=\"wp-image-2248 size-full\" srcset=\"https:\/\/www.landae.fr\/wp-content\/uploads\/2025\/12\/Extlife9178copie.jpg-1200px-e1766054246423.jpg 976w, https:\/\/www.landae.fr\/wp-content\/uploads\/2025\/12\/Extlife9178copie.jpg-1200px-e1766054246423-800x536.jpg 800w, https:\/\/www.landae.fr\/wp-content\/uploads\/2025\/12\/Extlife9178copie.jpg-1200px-e1766054246423-300x201.jpg 300w, https:\/\/www.landae.fr\/wp-content\/uploads\/2025\/12\/Extlife9178copie.jpg-1200px-e1766054246423-768x515.jpg 768w\" sizes=\"auto, (max-width: 976px) 100vw, 976px\" \/><\/a><\/figure><div class=\"wp-block-media-text__content\">\n<p class=\"is-style-tag has-theme-300-background-color has-background has-s-font-size\" style=\"font-style:normal;font-weight:700;text-transform:uppercase\"><img alt=\"\" decoding=\"async\" class=\"wp-image-2751\" style=\"width: NaNpx;\" src=\"https:\/\/www.landae.fr\/wp-content\/uploads\/2025\/12\/PMR-noir.svg\" alt=\"\">PMR<\/p>\n\n\n\n<h3 class=\"wp-block-heading\"><a href=\"https:\/\/www.landae.fr\/mobil-home-valoria-pmr\/\">Mobilheim VALORIA PMR<\/a><\/h3>\n\n\n\n<p class=\"has-s-font-size\">Eine Unterkunft, die f\u00fcr Personen mit eingeschr\u00e4nkter Mobilit\u00e4t geeignet ist, damit Sie die Natur in einem komfortablen und ruhigen Raum genie\u00dfen k\u00f6nnen.<\/p>\n\n\n\n<p><img alt=\"\" decoding=\"async\" class=\"wp-image-400\" style=\"width: NaNpx;\" src=\"https:\/\/www.landae.fr\/wp-content\/uploads\/2025\/12\/people.svg\" alt=\"\"><strong>Bis zu 4 Personen<\/strong><\/p>\n\n\n\n<div class=\"wp-block-buttons is-layout-flex wp-block-buttons-is-layout-flex\">\n<div class=\"wp-block-button\"><a class=\"wp-block-button__link has-false-black-color has-false-white-background-color has-text-color has-background has-link-color wp-element-button\" href=\"https:\/\/www.landae.fr\/mobil-home-valoria-pmr\/\">Entdecken &amp; Buchen<\/a><\/div>\n<\/div>\n<\/div><\/div>\n<\/div>\n<\/div>\n","protected":false},"excerpt":{"rendered":"<p>Ein unvergesslicher Urlaub f\u00fcr alle Zwischen dem Schwimmbad des Campingplatzes, den vor Ort angebotenen Aktivit\u00e4ten, der Zirkusschule und dem nahe gelegenen Strand Ondres-Oc\u00e9an gibt es an jedem Tag etwas zu entdecken. Ob Sie sich nun entspannen, bewegen oder neue Erfahrungen sammeln m\u00f6chten, alles ist vorhanden, um einen Urlaub voller guter Laune zu erleben. Beheizter Swimmingpool [&hellip;]<\/p>\n","protected":false},"author":1,"featured_media":1384,"parent":0,"menu_order":0,"comment_status":"closed","ping_status":"closed","template":"","meta":{"_acf_changed":false,"_seopress_robots_primary_cat":"","_seopress_titles_title":"Vielf\u00e4ltige Aktivit\u00e4ten auf dem Campingplatz LANDAE in Ondres-oc\u00e9an","_seopress_titles_desc":"Beheiztes Schwimmbad, ein Tag am Strand von Ondres-Ocean, Zirkusk\u00fcnste, der Urlaub auf dem Campingplatz LANDAE verspricht unvergessliche Momente mit der Familie.","_seopress_robots_index":"","footnotes":""},"class_list":["post-2586","page","type-page","status-publish","has-post-thumbnail"],"acf":[],"_links":{"self":[{"href":"https:\/\/www.landae.fr\/de\/wp-json\/wp\/v2\/pages\/2586","targetHints":{"allow":["GET"]}}],"collection":[{"href":"https:\/\/www.landae.fr\/de\/wp-json\/wp\/v2\/pages"}],"about":[{"href":"https:\/\/www.landae.fr\/de\/wp-json\/wp\/v2\/types\/page"}],"author":[{"embeddable":true,"href":"https:\/\/www.landae.fr\/de\/wp-json\/wp\/v2\/users\/1"}],"replies":[{"embeddable":true,"href":"https:\/\/www.landae.fr\/de\/wp-json\/wp\/v2\/comments?post=2586"}],"version-history":[{"count":0,"href":"https:\/\/www.landae.fr\/de\/wp-json\/wp\/v2\/pages\/2586\/revisions"}],"wp:featuredmedia":[{"embeddable":true,"href":"https:\/\/www.landae.fr\/de\/wp-json\/wp\/v2\/media\/1384"}],"wp:attachment":[{"href":"https:\/\/www.landae.fr\/de\/wp-json\/wp\/v2\/media?parent=2586"}],"curies":[{"name":"wp","href":"https:\/\/api.w.org\/{rel}","templated":true}]}}